{"id":1859,"date":"2022-04-14T10:40:49","date_gmt":"2022-04-14T10:40:49","guid":{"rendered":"http:\/\/crospot.club\/gorskikotar.hr\/?page_id=1859"},"modified":"2022-11-14T11:36:50","modified_gmt":"2022-11-14T11:36:50","slug":"vidikovci","status":"publish","type":"page","link":"https:\/\/gorskikotar.hr\/fr\/vidikovci\/","title":{"rendered":"Vidikovci"},"content":{"rendered":"<div data-elementor-type=\"wp-page\" data-elementor-id=\"1859\" class=\"elementor elementor-1859\" data-elementor-post-type=\"page\">\n\t\t\t\t\t\t<section class=\"has_eae_slider elementor-section elementor-top-section elementor-element elementor-element-180d293 elementor-section-full_width elementor-section-height-min-height elementor-section-height-default elementor-section-items-middle\" data-eae-slider=\"85732\" data-id=\"180d293\" data-element_type=\"section\" data-settings=\"{&quot;background_background&quot;:&quot;classic&quot;,&quot;shape_divider_bottom&quot;:&quot;tilt&quot;}\">\n\t\t\t\t\t<div class=\"elementor-shape elementor-shape-bottom\" aria-hidden=\"true\" data-negative=\"false\">\n\t\t\t<svg xmlns=\"http:\/\/www.w3.org\/2000\/svg\" viewbox=\"0 0 1000 100\" preserveaspectratio=\"none\">\n\t<path class=\"elementor-shape-fill\" d=\"M0,6V0h1000v100L0,6z\"\/>\n<\/svg>\t\t<\/div>\n\t\t\t\t\t<div class=\"elementor-container elementor-column-gap-default\">\n\t\t\t\t\t<div class=\"has_eae_slider elementor-column elementor-col-100 elementor-top-column elementor-element elementor-element-c3f3c8a\" data-eae-slider=\"87037\" data-id=\"c3f3c8a\" data-element_type=\"column\">\n\t\t\t<div class=\"elementor-widget-wrap elementor-element-populated\">\n\t\t\t\t\t\t<div class=\"elementor-element elementor-element-e2e15d2 elementor-widget__width-inherit elementor-widget elementor-widget-image\" data-id=\"e2e15d2\" data-element_type=\"widget\" data-widget_type=\"image.default\">\n\t\t\t\t<div class=\"elementor-widget-container\">\n\t\t\t\t\t\t\t\t\t\t\t\t\t\t\t<img fetchpriority=\"high\" decoding=\"async\" width=\"491\" height=\"491\" src=\"https:\/\/gorskikotar.hr\/wp-content\/uploads\/2022\/04\/Piktogrami_GK_final_Smjestaj.png\" class=\"attachment-large size-large wp-image-4172\" alt=\"Smjestaj Gorski kotar\" srcset=\"https:\/\/gorskikotar.hr\/wp-content\/uploads\/2022\/04\/Piktogrami_GK_final_Smjestaj.png 491w, https:\/\/gorskikotar.hr\/wp-content\/uploads\/2022\/04\/Piktogrami_GK_final_Smjestaj-300x300.png 300w, https:\/\/gorskikotar.hr\/wp-content\/uploads\/2022\/04\/Piktogrami_GK_final_Smjestaj-150x150.png 150w\" sizes=\"(max-width: 491px) 100vw, 491px\" \/>\t\t\t\t\t\t\t\t\t\t\t\t\t\t\t<\/div>\n\t\t\t\t<\/div>\n\t\t\t\t\t<\/div>\n\t\t<\/div>\n\t\t\t\t\t<\/div>\n\t\t<\/section>\n\t\t\t\t<section class=\"has_eae_slider elementor-section elementor-top-section elementor-element elementor-element-4de38be elementor-section-boxed elementor-section-height-default elementor-section-height-default\" data-eae-slider=\"31935\" data-id=\"4de38be\" data-element_type=\"section\">\n\t\t\t\t\t\t<div class=\"elementor-container elementor-column-gap-default\">\n\t\t\t\t\t<div class=\"has_eae_slider elementor-column elementor-col-16 elementor-top-column elementor-element elementor-element-c53aaa6\" data-eae-slider=\"48343\" data-id=\"c53aaa6\" data-element_type=\"column\">\n\t\t\t<div class=\"elementor-widget-wrap\">\n\t\t\t\t\t\t\t<\/div>\n\t\t<\/div>\n\t\t\t\t<div class=\"has_eae_slider elementor-column elementor-col-66 elementor-top-column elementor-element elementor-element-ef86a8c\" data-eae-slider=\"75277\" data-id=\"ef86a8c\" data-element_type=\"column\">\n\t\t\t<div class=\"elementor-widget-wrap elementor-element-populated\">\n\t\t\t\t\t\t<div class=\"elementor-element elementor-element-5add6ae elementor-blockquote--skin-border elementor-widget elementor-widget-blockquote\" data-id=\"5add6ae\" data-element_type=\"widget\" data-widget_type=\"blockquote.default\">\n\t\t\t\t<div class=\"elementor-widget-container\">\n\t\t\t\t\t\t\t<blockquote class=\"elementor-blockquote\">\n\t\t\t<p class=\"elementor-blockquote__content\">\n\t\t\t\tPosjet vidikovcima Gorskog kotara nagradit \u0107e vas prekrasnim pogledom i \u010distim planinskim zrakom. Ljubiteljima fotografije veli\u010danstveni prizori s vidikovaca Gorskog kotara bit \u0107e nepresu\u0161ni izvor nadahnu\u0107a.\t\t\t<\/p>\n\t\t\t\t\t<\/blockquote>\n\t\t\t\t\t\t<\/div>\n\t\t\t\t<\/div>\n\t\t\t\t\t<\/div>\n\t\t<\/div>\n\t\t\t\t<div class=\"has_eae_slider elementor-column elementor-col-16 elementor-top-column elementor-element elementor-element-e97e60b\" data-eae-slider=\"38913\" data-id=\"e97e60b\" data-element_type=\"column\">\n\t\t\t<div class=\"elementor-widget-wrap\">\n\t\t\t\t\t\t\t<\/div>\n\t\t<\/div>\n\t\t\t\t\t<\/div>\n\t\t<\/section>\n\t\t\t\t<section class=\"has_eae_slider elementor-section elementor-top-section elementor-element elementor-element-6a7f2c9 elementor-section-boxed elementor-section-height-default elementor-section-height-default\" data-eae-slider=\"99420\" data-id=\"6a7f2c9\" data-element_type=\"section\" data-settings=\"{&quot;shape_divider_bottom&quot;:&quot;tilt&quot;,&quot;background_background&quot;:&quot;gradient&quot;,&quot;shape_divider_top&quot;:&quot;tilt&quot;}\">\n\t\t\t\t\t<div class=\"elementor-shape elementor-shape-top\" aria-hidden=\"true\" data-negative=\"false\">\n\t\t\t<svg xmlns=\"http:\/\/www.w3.org\/2000\/svg\" viewbox=\"0 0 1000 100\" preserveaspectratio=\"none\">\n\t<path class=\"elementor-shape-fill\" d=\"M0,6V0h1000v100L0,6z\"\/>\n<\/svg>\t\t<\/div>\n\t\t\t\t<div class=\"elementor-shape elementor-shape-bottom\" aria-hidden=\"true\" data-negative=\"false\">\n\t\t\t<svg xmlns=\"http:\/\/www.w3.org\/2000\/svg\" viewbox=\"0 0 1000 100\" preserveaspectratio=\"none\">\n\t<path class=\"elementor-shape-fill\" d=\"M0,6V0h1000v100L0,6z\"\/>\n<\/svg>\t\t<\/div>\n\t\t\t\t\t<div class=\"elementor-container elementor-column-gap-default\">\n\t\t\t\t\t<div class=\"has_eae_slider elementor-column elementor-col-50 elementor-top-column elementor-element elementor-element-1de30cf\" data-eae-slider=\"10480\" data-id=\"1de30cf\" data-element_type=\"column\">\n\t\t\t<div class=\"elementor-widget-wrap elementor-element-populated\">\n\t\t\t\t\t\t<div class=\"elementor-element elementor-element-d150934 elementor-widget elementor-widget-heading\" data-id=\"d150934\" data-element_type=\"widget\" data-widget_type=\"heading.default\">\n\t\t\t\t<div class=\"elementor-widget-container\">\n\t\t\t\t\t<h2 class=\"elementor-heading-title elementor-size-default\">Brod Moravice<\/h2>\t\t\t\t<\/div>\n\t\t\t\t<\/div>\n\t\t\t\t<div class=\"elementor-element elementor-element-c1408c1 elementor-widget elementor-widget-text-editor\" data-id=\"c1408c1\" data-element_type=\"widget\" data-widget_type=\"text-editor.default\">\n\t\t\t\t<div class=\"elementor-widget-container\">\n\t\t\t\t\t\t\t\t\t<p>Vidikovci Parag 705 m, \u0160pi\u010dasti vrh 702 m, Medveja stena 550 m i Kavranova stijena (\u201eKavranca\u201c) 520 m smje\u0161teni na podru\u010dju op\u0107ine Brod Moravice umre\u017eeni su jedinstvenom planinarskom stazom. Planinarska staza \u201eVidikovci\u201c vodi iz Brod Moravica na brdo Parag te preko Moravi\u010dkih Sela \u0161umskom stazom do \u0160pi\u010dastog vrha. Sa \u0160pi\u010dastog vrha, staza se spu\u0161ta do Medveje stene i prolazi proplankom Tisovac. Nakon Medveje stene, put vodi nizbrdo prema vidikovcu Kavranca. S vidikovaca se pru\u017ea prekrasan pogled na Kupsku dolinu i susjednu Sloveniju. Staza je markirana i ozna\u010dena putokazima.<\/p>\t\t\t\t\t\t\t\t<\/div>\n\t\t\t\t<\/div>\n\t\t\t\t\t<\/div>\n\t\t<\/div>\n\t\t\t\t<div class=\"has_eae_slider elementor-column elementor-col-50 elementor-top-column elementor-element elementor-element-c9107ab\" data-eae-slider=\"62316\" data-id=\"c9107ab\" data-element_type=\"column\">\n\t\t\t<div class=\"elementor-widget-wrap elementor-element-populated\">\n\t\t\t\t\t\t<div class=\"elementor-element elementor-element-30a31ff elementor-widget elementor-widget-image\" data-id=\"30a31ff\" data-element_type=\"widget\" data-widget_type=\"image.default\">\n\t\t\t\t<div class=\"elementor-widget-container\">\n\t\t\t\t\t\t\t\t\t\t\t\t\t\t\t<img decoding=\"async\" width=\"800\" height=\"534\" src=\"https:\/\/gorskikotar.hr\/wp-content\/uploads\/2022\/04\/gorski-kotar-kavranova-1024x683.jpg\" class=\"attachment-large size-large wp-image-2094\" alt=\"gorski-kotar-kavranova\" srcset=\"https:\/\/gorskikotar.hr\/wp-content\/uploads\/2022\/04\/gorski-kotar-kavranova-1024x683.jpg 1024w, https:\/\/gorskikotar.hr\/wp-content\/uploads\/2022\/04\/gorski-kotar-kavranova-300x200.jpg 300w, https:\/\/gorskikotar.hr\/wp-content\/uploads\/2022\/04\/gorski-kotar-kavranova-768x512.jpg 768w, https:\/\/gorskikotar.hr\/wp-content\/uploads\/2022\/04\/gorski-kotar-kavranova-1536x1024.jpg 1536w, https:\/\/gorskikotar.hr\/wp-content\/uploads\/2022\/04\/gorski-kotar-kavranova.jpg 1920w\" sizes=\"(max-width: 800px) 100vw, 800px\" \/>\t\t\t\t\t\t\t\t\t\t\t\t\t\t\t<\/div>\n\t\t\t\t<\/div>\n\t\t\t\t\t<\/div>\n\t\t<\/div>\n\t\t\t\t\t<\/div>\n\t\t<\/section>\n\t\t\t\t<section class=\"has_eae_slider elementor-section elementor-top-section elementor-element elementor-element-fbf6ded elementor-section-boxed elementor-section-height-default elementor-section-height-default\" data-eae-slider=\"85555\" data-id=\"fbf6ded\" data-element_type=\"section\" data-settings=\"{&quot;shape_divider_bottom&quot;:&quot;tilt&quot;,&quot;background_background&quot;:&quot;classic&quot;,&quot;shape_divider_top&quot;:&quot;tilt&quot;}\">\n\t\t\t\t\t<div class=\"elementor-shape elementor-shape-top\" aria-hidden=\"true\" data-negative=\"false\">\n\t\t\t<svg xmlns=\"http:\/\/www.w3.org\/2000\/svg\" viewbox=\"0 0 1000 100\" preserveaspectratio=\"none\">\n\t<path class=\"elementor-shape-fill\" d=\"M0,6V0h1000v100L0,6z\"\/>\n<\/svg>\t\t<\/div>\n\t\t\t\t<div class=\"elementor-shape elementor-shape-bottom\" aria-hidden=\"true\" data-negative=\"false\">\n\t\t\t<svg xmlns=\"http:\/\/www.w3.org\/2000\/svg\" viewbox=\"0 0 1000 100\" preserveaspectratio=\"none\">\n\t<path class=\"elementor-shape-fill\" d=\"M0,6V0h1000v100L0,6z\"\/>\n<\/svg>\t\t<\/div>\n\t\t\t\t\t<div class=\"elementor-container elementor-column-gap-default\">\n\t\t\t\t\t<div class=\"has_eae_slider elementor-column elementor-col-50 elementor-top-column elementor-element elementor-element-b0e8f41\" data-eae-slider=\"77431\" data-id=\"b0e8f41\" data-element_type=\"column\">\n\t\t\t<div class=\"elementor-widget-wrap elementor-element-populated\">\n\t\t\t\t\t\t<div class=\"elementor-element elementor-element-9d22d5a elementor-widget elementor-widget-heading\" data-id=\"9d22d5a\" data-element_type=\"widget\" data-widget_type=\"heading.default\">\n\t\t\t\t<div class=\"elementor-widget-container\">\n\t\t\t\t\t<h2 class=\"elementor-heading-title elementor-size-default\">Fu\u017eine<\/h2>\t\t\t\t<\/div>\n\t\t\t\t<\/div>\n\t\t\t\t<div class=\"elementor-element elementor-element-1f7c4e6 elementor-widget elementor-widget-text-editor\" data-id=\"1f7c4e6\" data-element_type=\"widget\" data-widget_type=\"text-editor.default\">\n\t\t\t\t<div class=\"elementor-widget-container\">\n\t\t\t\t\t\t\t\t\t<p>Preradovi\u0107ev vrh 892 m ponad Fu\u017eina pru\u017ea jedinstven prizor na fu\u017einarski krajolik, okolna jezera, planine i prostrano Li\u010dko polje. Pou\u010dna staza Preradovi\u0107 po\u010dinje u sredi\u0161tu Fu\u017eina (parkirali\u0161te), odakle asfaltnom cestom dolazite do jezera Bajer. \u0160etnicom (betoniranom) uz lijevu obalu jezera dolazite do ribarske ku\u0107ice i lijepog kafi\u0107a. Ondje ponovo kre\u0107ete na asfalt i poslije 100 metara skre\u0107ete desno na makadamski put. Uspinjete se i pratite oznake za Preradovi\u0107. Uspon je u prvom dijelu zahtjevan, potom ulazi u \u0161umu i kru\u017enom stazom dolazite na 892 metra visoki vidikovac.<\/p>\t\t\t\t\t\t\t\t<\/div>\n\t\t\t\t<\/div>\n\t\t\t\t\t<\/div>\n\t\t<\/div>\n\t\t\t\t<div class=\"has_eae_slider elementor-column elementor-col-50 elementor-top-column elementor-element elementor-element-ceb6c89\" data-eae-slider=\"87510\" data-id=\"ceb6c89\" data-element_type=\"column\">\n\t\t\t<div class=\"elementor-widget-wrap elementor-element-populated\">\n\t\t\t\t\t\t<div class=\"elementor-element elementor-element-b3bd56c elementor-widget elementor-widget-image\" data-id=\"b3bd56c\" data-element_type=\"widget\" data-widget_type=\"image.default\">\n\t\t\t\t<div class=\"elementor-widget-container\">\n\t\t\t\t\t\t\t\t\t\t\t\t\t\t\t<img decoding=\"async\" width=\"800\" height=\"534\" src=\"https:\/\/gorskikotar.hr\/wp-content\/uploads\/2022\/04\/gorski-kotar-kavranova-1024x683.jpg\" class=\"attachment-large size-large wp-image-2094\" alt=\"gorski-kotar-kavranova\" srcset=\"https:\/\/gorskikotar.hr\/wp-content\/uploads\/2022\/04\/gorski-kotar-kavranova-1024x683.jpg 1024w, https:\/\/gorskikotar.hr\/wp-content\/uploads\/2022\/04\/gorski-kotar-kavranova-300x200.jpg 300w, https:\/\/gorskikotar.hr\/wp-content\/uploads\/2022\/04\/gorski-kotar-kavranova-768x512.jpg 768w, https:\/\/gorskikotar.hr\/wp-content\/uploads\/2022\/04\/gorski-kotar-kavranova-1536x1024.jpg 1536w, https:\/\/gorskikotar.hr\/wp-content\/uploads\/2022\/04\/gorski-kotar-kavranova.jpg 1920w\" sizes=\"(max-width: 800px) 100vw, 800px\" \/>\t\t\t\t\t\t\t\t\t\t\t\t\t\t\t<\/div>\n\t\t\t\t<\/div>\n\t\t\t\t\t<\/div>\n\t\t<\/div>\n\t\t\t\t\t<\/div>\n\t\t<\/section>\n\t\t\t\t<section class=\"has_eae_slider elementor-section elementor-top-section elementor-element elementor-element-99f86ef elementor-section-boxed elementor-section-height-default elementor-section-height-default\" data-eae-slider=\"11688\" data-id=\"99f86ef\" data-element_type=\"section\" data-settings=\"{&quot;shape_divider_bottom&quot;:&quot;tilt&quot;,&quot;background_background&quot;:&quot;gradient&quot;,&quot;shape_divider_top&quot;:&quot;tilt&quot;}\">\n\t\t\t\t\t<div class=\"elementor-shape elementor-shape-top\" aria-hidden=\"true\" data-negative=\"false\">\n\t\t\t<svg xmlns=\"http:\/\/www.w3.org\/2000\/svg\" viewbox=\"0 0 1000 100\" preserveaspectratio=\"none\">\n\t<path class=\"elementor-shape-fill\" d=\"M0,6V0h1000v100L0,6z\"\/>\n<\/svg>\t\t<\/div>\n\t\t\t\t<div class=\"elementor-shape elementor-shape-bottom\" aria-hidden=\"true\" data-negative=\"false\">\n\t\t\t<svg xmlns=\"http:\/\/www.w3.org\/2000\/svg\" viewbox=\"0 0 1000 100\" preserveaspectratio=\"none\">\n\t<path class=\"elementor-shape-fill\" d=\"M0,6V0h1000v100L0,6z\"\/>\n<\/svg>\t\t<\/div>\n\t\t\t\t\t<div class=\"elementor-container elementor-column-gap-default\">\n\t\t\t\t\t<div class=\"has_eae_slider elementor-column elementor-col-50 elementor-top-column elementor-element elementor-element-0205db1\" data-eae-slider=\"52172\" data-id=\"0205db1\" data-element_type=\"column\">\n\t\t\t<div class=\"elementor-widget-wrap elementor-element-populated\">\n\t\t\t\t\t\t<div class=\"elementor-element elementor-element-d80b208 elementor-widget elementor-widget-heading\" data-id=\"d80b208\" data-element_type=\"widget\" data-widget_type=\"heading.default\">\n\t\t\t\t<div class=\"elementor-widget-container\">\n\t\t\t\t\t<h2 class=\"elementor-heading-title elementor-size-default\">Skrad<\/h2>\t\t\t\t<\/div>\n\t\t\t\t<\/div>\n\t\t\t\t<div class=\"elementor-element elementor-element-9b92fa8 elementor-widget elementor-widget-text-editor\" data-id=\"9b92fa8\" data-element_type=\"widget\" data-widget_type=\"text-editor.default\">\n\t\t\t\t<div class=\"elementor-widget-container\">\n\t\t\t\t\t\t\t\t\t<p>Vidikovci Skradski vrh 1044 m, Peri\u0107 i Kavranova stijena smje\u0161teni su u Op\u0107ini Skrad. \u0160etnja stazom triju vidikovaca zapo\u010dinje od \u017eeljezni\u010dke postaje u Skradu i prolazi sredi\u0161tem naselja, oko crkve sv. Antuna Padovanskog prema Skradskoj dragi, gdje se neposredno prije nje nalazi prvi vidikovac, Kavranova stijena. Cestom se dalje prolazi uz nogometno igrali\u0161te i dolazi na drugi vidikovac, Peri\u0107, odakle po\u010dinje uspon na najvi\u0161u to\u010dku \u2013 Skradski vrh. S vidikovaca se otvara pogled preko Skrada, kanjona Zeleni vir i Vra\u017eji prolaz, Kupske doline pa sve do Risnjaka, slovenskog Sne\u017enika i alpskog masiva. To je ujedno trasa dionice tzv. Goranske planinarske transverzale kao i Pou\u010dne botani\u010dke staze \u0160iljar koja obra\u0111uje biljnu vegetaciju na ve\u0107im visinama. Izletnici i planinari \u010desto kombiniraju uspon na Skradski vrh od najni\u017ee to\u010dke, Zelenog vira.<\/p>\t\t\t\t\t\t\t\t<\/div>\n\t\t\t\t<\/div>\n\t\t\t\t\t<\/div>\n\t\t<\/div>\n\t\t\t\t<div class=\"has_eae_slider elementor-column elementor-col-50 elementor-top-column elementor-element elementor-element-9c78abb\" data-eae-slider=\"28864\" data-id=\"9c78abb\" data-element_type=\"column\">\n\t\t\t<div class=\"elementor-widget-wrap elementor-element-populated\">\n\t\t\t\t\t\t<div class=\"elementor-element elementor-element-282d805 elementor-widget elementor-widget-image\" data-id=\"282d805\" data-element_type=\"widget\" data-widget_type=\"image.default\">\n\t\t\t\t<div class=\"elementor-widget-container\">\n\t\t\t\t\t\t\t\t\t\t\t\t\t\t\t<img decoding=\"async\" width=\"800\" height=\"532\" src=\"https:\/\/gorskikotar.hr\/wp-content\/uploads\/2022\/04\/gorski-kotar-vidikovac-peric-1024x681.jpg\" class=\"attachment-large size-large wp-image-2092\" alt=\"gorski-kotar-vidikovac-peric\" srcset=\"https:\/\/gorskikotar.hr\/wp-content\/uploads\/2022\/04\/gorski-kotar-vidikovac-peric-1024x681.jpg 1024w, https:\/\/gorskikotar.hr\/wp-content\/uploads\/2022\/04\/gorski-kotar-vidikovac-peric-300x200.jpg 300w, https:\/\/gorskikotar.hr\/wp-content\/uploads\/2022\/04\/gorski-kotar-vidikovac-peric-768x511.jpg 768w, https:\/\/gorskikotar.hr\/wp-content\/uploads\/2022\/04\/gorski-kotar-vidikovac-peric-1536x1022.jpg 1536w, https:\/\/gorskikotar.hr\/wp-content\/uploads\/2022\/04\/gorski-kotar-vidikovac-peric.jpg 1920w\" sizes=\"(max-width: 800px) 100vw, 800px\" \/>\t\t\t\t\t\t\t\t\t\t\t\t\t\t\t<\/div>\n\t\t\t\t<\/div>\n\t\t\t\t\t<\/div>\n\t\t<\/div>\n\t\t\t\t\t<\/div>\n\t\t<\/section>\n\t\t\t\t<section class=\"has_eae_slider elementor-section elementor-top-section elementor-element elementor-element-24b49f5 elementor-section-full_width elementor-section-height-min-height elementor-section-height-default elementor-section-items-middle\" data-eae-slider=\"6227\" data-id=\"24b49f5\" data-element_type=\"section\" data-settings=\"{&quot;background_background&quot;:&quot;classic&quot;,&quot;shape_divider_top&quot;:&quot;tilt&quot;}\">\n\t\t\t\t\t<div class=\"elementor-shape elementor-shape-top\" aria-hidden=\"true\" data-negative=\"false\">\n\t\t\t<svg xmlns=\"http:\/\/www.w3.org\/2000\/svg\" viewbox=\"0 0 1000 100\" preserveaspectratio=\"none\">\n\t<path class=\"elementor-shape-fill\" d=\"M0,6V0h1000v100L0,6z\"\/>\n<\/svg>\t\t<\/div>\n\t\t\t\t\t<div class=\"elementor-container elementor-column-gap-default\">\n\t\t\t\t\t<div class=\"has_eae_slider elementor-column elementor-col-100 elementor-top-column elementor-element elementor-element-227d1dd\" data-eae-slider=\"98854\" data-id=\"227d1dd\" data-element_type=\"column\">\n\t\t\t<div class=\"elementor-widget-wrap elementor-element-populated\">\n\t\t\t\t\t\t<div class=\"elementor-element elementor-element-b972357 elementor-widget__width-inherit elementor-widget elementor-widget-image\" data-id=\"b972357\" data-element_type=\"widget\" data-widget_type=\"image.default\">\n\t\t\t\t<div class=\"elementor-widget-container\">\n\t\t\t\t\t\t\t\t\t\t\t\t\t\t\t<img loading=\"lazy\" decoding=\"async\" width=\"477\" height=\"554\" src=\"https:\/\/gorskikotar.hr\/wp-content\/uploads\/2022\/05\/gorski-kotar-logo-ljeto.png\" class=\"attachment-large size-large wp-image-7501\" alt=\"Gorski kotar logo ljeto\" srcset=\"https:\/\/gorskikotar.hr\/wp-content\/uploads\/2022\/05\/gorski-kotar-logo-ljeto.png 477w, https:\/\/gorskikotar.hr\/wp-content\/uploads\/2022\/05\/gorski-kotar-logo-ljeto-258x300.png 258w, https:\/\/gorskikotar.hr\/wp-content\/uploads\/2022\/05\/gorski-kotar-logo-ljeto-21x24.png 21w, https:\/\/gorskikotar.hr\/wp-content\/uploads\/2022\/05\/gorski-kotar-logo-ljeto-31x36.png 31w, https:\/\/gorskikotar.hr\/wp-content\/uploads\/2022\/05\/gorski-kotar-logo-ljeto-41x48.png 41w\" sizes=\"(max-width: 477px) 100vw, 477px\" \/>\t\t\t\t\t\t\t\t\t\t\t\t\t\t\t<\/div>\n\t\t\t\t<\/div>\n\t\t\t\t<div class=\"elementor-element elementor-element-e97d44e elementor-widget elementor-widget-heading\" data-id=\"e97d44e\" data-element_type=\"widget\" data-widget_type=\"heading.default\">\n\t\t\t\t<div class=\"elementor-widget-container\">\n\t\t\t\t\t<h1 class=\"elementor-heading-title elementor-size-large\">Le Gorski kotar<\/h1>\t\t\t\t<\/div>\n\t\t\t\t<\/div>\n\t\t\t\t<div class=\"elementor-element elementor-element-bd2a8dd elementor-widget elementor-widget-heading\" data-id=\"bd2a8dd\" data-element_type=\"widget\" data-widget_type=\"heading.default\">\n\t\t\t\t<div class=\"elementor-widget-container\">\n\t\t\t\t\t<h3 class=\"elementor-heading-title elementor-size-xl\">Irr\u00e9sistible<\/h3>\t\t\t\t<\/div>\n\t\t\t\t<\/div>\n\t\t\t\t\t<\/div>\n\t\t<\/div>\n\t\t\t\t\t<\/div>\n\t\t<\/section>\n\t\t\t\t<\/div>","protected":false},"excerpt":{"rendered":"<p>Posjet vidikovcima Gorskog kotara nagradit \u0107e vas prekrasnim pogledom i \u010distim planinskim zrakom. Ljubiteljima fotografije veli\u010danstveni prizori s vidikovaca Gorskog kotara bit \u0107e nepresu\u0161ni izvor nadahnu\u0107a. Brod Moravice Vidikovci Parag 705 m, \u0160pi\u010dasti vrh 702 m, Medveja stena 550 m i Kavranova stijena (\u201eKavranca\u201c) 520 m smje\u0161teni na podru\u010dju op\u0107ine Brod Moravice umre\u017eeni su jedinstvenom [&hellip;]<\/p>","protected":false},"author":1,"featured_media":0,"parent":0,"menu_order":0,"comment_status":"closed","ping_status":"closed","template":"elementor_header_footer","meta":{"_acf_changed":false,"footnotes":""},"class_list":["post-1859","page","type-page","status-publish","hentry"],"acf":[],"_links":{"self":[{"href":"https:\/\/gorskikotar.hr\/fr\/wp-json\/wp\/v2\/pages\/1859","targetHints":{"allow":["GET"]}}],"collection":[{"href":"https:\/\/gorskikotar.hr\/fr\/wp-json\/wp\/v2\/pages"}],"about":[{"href":"https:\/\/gorskikotar.hr\/fr\/wp-json\/wp\/v2\/types\/page"}],"author":[{"embeddable":true,"href":"https:\/\/gorskikotar.hr\/fr\/wp-json\/wp\/v2\/users\/1"}],"replies":[{"embeddable":true,"href":"https:\/\/gorskikotar.hr\/fr\/wp-json\/wp\/v2\/comments?post=1859"}],"version-history":[{"count":31,"href":"https:\/\/gorskikotar.hr\/fr\/wp-json\/wp\/v2\/pages\/1859\/revisions"}],"predecessor-version":[{"id":14876,"href":"https:\/\/gorskikotar.hr\/fr\/wp-json\/wp\/v2\/pages\/1859\/revisions\/14876"}],"wp:attachment":[{"href":"https:\/\/gorskikotar.hr\/fr\/wp-json\/wp\/v2\/media?parent=1859"}],"curies":[{"name":"wp","href":"https:\/\/api.w.org\/{rel}","templated":true}]}}