{"id":23725,"date":"2024-11-13T10:23:48","date_gmt":"2024-11-13T10:23:48","guid":{"rendered":"https:\/\/gorskikotar.hr\/?page_id=23725"},"modified":"2025-06-13T08:18:08","modified_gmt":"2025-06-13T08:18:08","slug":"camino-gorski-kotar","status":"publish","type":"page","link":"https:\/\/gorskikotar.hr\/nl\/camino-gorski-kotar\/","title":{"rendered":"Camino Gorski kotar"},"content":{"rendered":"<div data-elementor-type=\"wp-page\" data-elementor-id=\"23725\" class=\"elementor elementor-23725\" data-elementor-post-type=\"page\">\n\t\t\t\t\t\t<section class=\"has_eae_slider elementor-section elementor-top-section elementor-element elementor-element-52d75a2 elementor-section-full_width elementor-section-height-full elementor-section-items-top elementor-section-height-default\" data-eae-slider=\"43790\" data-id=\"52d75a2\" data-element_type=\"section\" data-settings=\"{&quot;background_background&quot;:&quot;classic&quot;,&quot;shape_divider_bottom&quot;:&quot;tilt&quot;}\">\n\t\t\t\t\t\t\t<div class=\"elementor-background-overlay\"><\/div>\n\t\t\t\t\t\t<div class=\"elementor-shape elementor-shape-bottom\" aria-hidden=\"true\" data-negative=\"false\">\n\t\t\t<svg xmlns=\"http:\/\/www.w3.org\/2000\/svg\" viewbox=\"0 0 1000 100\" preserveaspectratio=\"none\">\n\t<path class=\"elementor-shape-fill\" d=\"M0,6V0h1000v100L0,6z\"\/>\n<\/svg>\t\t<\/div>\n\t\t\t\t\t<div class=\"elementor-container elementor-column-gap-default\">\n\t\t\t\t\t<div class=\"has_eae_slider elementor-column elementor-col-100 elementor-top-column elementor-element elementor-element-66d7679\" data-eae-slider=\"67236\" data-id=\"66d7679\" data-element_type=\"column\">\n\t\t\t<div class=\"elementor-widget-wrap elementor-element-populated\">\n\t\t\t\t\t\t<div class=\"elementor-element elementor-element-ba68871 elementor-nav-menu__align-end elementor-nav-menu--dropdown-none elementor-widget elementor-widget-nav-menu\" data-id=\"ba68871\" data-element_type=\"widget\" data-settings=\"{&quot;layout&quot;:&quot;horizontal&quot;,&quot;submenu_icon&quot;:{&quot;value&quot;:&quot;&lt;i class=\\&quot;fas fa-caret-down\\&quot; aria-hidden=\\&quot;true\\&quot;&gt;&lt;\\\/i&gt;&quot;,&quot;library&quot;:&quot;fa-solid&quot;}}\" data-widget_type=\"nav-menu.default\">\n\t\t\t\t<div class=\"elementor-widget-container\">\n\t\t\t\t\t\t\t\t<nav aria-label=\"Menu\" class=\"elementor-nav-menu--main elementor-nav-menu__container elementor-nav-menu--layout-horizontal e--pointer-underline e--animation-fade\">\n\t\t\t\t<ul id=\"menu-1-ba68871\" class=\"elementor-nav-menu\"><li class=\"trp-language-switcher-container menu-item menu-item-type-post_type menu-item-object-language_switcher current-language-menu-item menu-item-19493\"><a href=\"https:\/\/gorskikotar.hr\/nl\/wp-json\/wp\/v2\/pages\/23725\" class=\"elementor-item elementor-item-anchor\"><span data-no-translation><img decoding=\"async\" class=\"trp-flag-image\" src=\"https:\/\/gorskikotar.hr\/wp-content\/plugins\/translatepress-multilingual\/assets\/images\/flags\/hr.png\" width=\"18\" height=\"12\" alt=\"hr\" title=\"Hrvatski\"><\/span><\/a><\/li>\n<li class=\"trp-language-switcher-container menu-item menu-item-type-post_type menu-item-object-language_switcher current-language-menu-item menu-item-19509\"><a href=\"https:\/\/gorskikotar.hr\/nl\/wp-json\/wp\/v2\/pages\/23725\" class=\"elementor-item elementor-item-anchor\"><span data-no-translation><img decoding=\"async\" class=\"trp-flag-image\" src=\"https:\/\/gorskikotar.hr\/wp-content\/plugins\/translatepress-multilingual\/assets\/images\/flags\/en_US.png\" width=\"18\" height=\"12\" alt=\"en_US\" title=\"English\"><\/span><\/a><\/li>\n<li class=\"trp-language-switcher-container menu-item menu-item-type-post_type menu-item-object-language_switcher current-language-menu-item menu-item-19491\"><a href=\"https:\/\/gorskikotar.hr\/nl\/wp-json\/wp\/v2\/pages\/23725\" class=\"elementor-item elementor-item-anchor\"><span data-no-translation><img decoding=\"async\" class=\"trp-flag-image\" src=\"https:\/\/gorskikotar.hr\/wp-content\/plugins\/translatepress-multilingual\/assets\/images\/flags\/de_DE.png\" width=\"18\" height=\"12\" alt=\"de_DE\" title=\"Deutsch\"><\/span><\/a><\/li>\n<li class=\"trp-language-switcher-container menu-item menu-item-type-post_type menu-item-object-language_switcher current-language-menu-item menu-item-19490\"><a href=\"https:\/\/gorskikotar.hr\/nl\/wp-json\/wp\/v2\/pages\/23725\" class=\"elementor-item elementor-item-anchor\"><span data-no-translation><img loading=\"lazy\" decoding=\"async\" class=\"trp-flag-image\" src=\"https:\/\/gorskikotar.hr\/wp-content\/plugins\/translatepress-multilingual\/assets\/images\/flags\/it_IT.png\" width=\"18\" height=\"12\" alt=\"it_IT\" title=\"Italiano\"><\/span><\/a><\/li>\n<li class=\"trp-language-switcher-container menu-item menu-item-type-post_type menu-item-object-language_switcher current-language-menu-item menu-item-19489\"><a href=\"https:\/\/gorskikotar.hr\/nl\/wp-json\/wp\/v2\/pages\/23725\" class=\"elementor-item elementor-item-anchor\"><span data-no-translation><img loading=\"lazy\" decoding=\"async\" class=\"trp-flag-image\" src=\"https:\/\/gorskikotar.hr\/wp-content\/plugins\/translatepress-multilingual\/assets\/images\/flags\/nl_NL.png\" width=\"18\" height=\"12\" alt=\"nl_NL\" title=\"Nederlands\"><\/span><\/a><\/li>\n<li class=\"trp-language-switcher-container menu-item menu-item-type-post_type menu-item-object-language_switcher current-language-menu-item menu-item-19488\"><a href=\"https:\/\/gorskikotar.hr\/nl\/wp-json\/wp\/v2\/pages\/23725\" class=\"elementor-item elementor-item-anchor\"><span data-no-translation><img loading=\"lazy\" decoding=\"async\" class=\"trp-flag-image\" src=\"https:\/\/gorskikotar.hr\/wp-content\/plugins\/translatepress-multilingual\/assets\/images\/flags\/fr_FR.png\" width=\"18\" height=\"12\" alt=\"fr_FR\" title=\"Fran\u00e7ais\"><\/span><\/a><\/li>\n<li class=\"trp-language-switcher-container menu-item menu-item-type-post_type menu-item-object-language_switcher current-language-menu-item menu-item-19487\"><a href=\"https:\/\/gorskikotar.hr\/nl\/wp-json\/wp\/v2\/pages\/23725\" class=\"elementor-item elementor-item-anchor\"><span data-no-translation><img loading=\"lazy\" decoding=\"async\" class=\"trp-flag-image\" src=\"https:\/\/gorskikotar.hr\/wp-content\/plugins\/translatepress-multilingual\/assets\/images\/flags\/pl_PL.png\" width=\"18\" height=\"12\" alt=\"pl_PL\" title=\"Polski\"><\/span><\/a><\/li>\n<li class=\"trp-language-switcher-container menu-item menu-item-type-post_type menu-item-object-language_switcher current-language-menu-item menu-item-21435\"><a href=\"https:\/\/gorskikotar.hr\/nl\/wp-json\/wp\/v2\/pages\/23725\" class=\"elementor-item elementor-item-anchor\"><span data-no-translation><img loading=\"lazy\" decoding=\"async\" class=\"trp-flag-image\" src=\"https:\/\/gorskikotar.hr\/wp-content\/plugins\/translatepress-multilingual\/assets\/images\/flags\/sl_SI.png\" width=\"18\" height=\"12\" alt=\"sl_SI\" title=\"Sloven\u0161\u010dina\"><\/span><\/a><\/li>\n<\/ul>\t\t\t<\/nav>\n\t\t\t\t\t\t<nav class=\"elementor-nav-menu--dropdown elementor-nav-menu__container\" aria-hidden=\"true\">\n\t\t\t\t<ul id=\"menu-2-ba68871\" class=\"elementor-nav-menu\"><li class=\"trp-language-switcher-container menu-item menu-item-type-post_type menu-item-object-language_switcher current-language-menu-item menu-item-19493\"><a href=\"https:\/\/gorskikotar.hr\/nl\/wp-json\/wp\/v2\/pages\/23725\" class=\"elementor-item elementor-item-anchor\" tabindex=\"-1\"><span data-no-translation><img decoding=\"async\" class=\"trp-flag-image\" src=\"https:\/\/gorskikotar.hr\/wp-content\/plugins\/translatepress-multilingual\/assets\/images\/flags\/hr.png\" width=\"18\" height=\"12\" alt=\"hr\" title=\"Hrvatski\"><\/span><\/a><\/li>\n<li class=\"trp-language-switcher-container menu-item menu-item-type-post_type menu-item-object-language_switcher current-language-menu-item menu-item-19509\"><a href=\"https:\/\/gorskikotar.hr\/nl\/wp-json\/wp\/v2\/pages\/23725\" class=\"elementor-item elementor-item-anchor\" tabindex=\"-1\"><span data-no-translation><img decoding=\"async\" class=\"trp-flag-image\" src=\"https:\/\/gorskikotar.hr\/wp-content\/plugins\/translatepress-multilingual\/assets\/images\/flags\/en_US.png\" width=\"18\" height=\"12\" alt=\"en_US\" title=\"English\"><\/span><\/a><\/li>\n<li class=\"trp-language-switcher-container menu-item menu-item-type-post_type menu-item-object-language_switcher current-language-menu-item menu-item-19491\"><a href=\"https:\/\/gorskikotar.hr\/nl\/wp-json\/wp\/v2\/pages\/23725\" class=\"elementor-item elementor-item-anchor\" tabindex=\"-1\"><span data-no-translation><img decoding=\"async\" class=\"trp-flag-image\" src=\"https:\/\/gorskikotar.hr\/wp-content\/plugins\/translatepress-multilingual\/assets\/images\/flags\/de_DE.png\" width=\"18\" height=\"12\" alt=\"de_DE\" title=\"Deutsch\"><\/span><\/a><\/li>\n<li class=\"trp-language-switcher-container menu-item menu-item-type-post_type menu-item-object-language_switcher current-language-menu-item menu-item-19490\"><a href=\"https:\/\/gorskikotar.hr\/nl\/wp-json\/wp\/v2\/pages\/23725\" class=\"elementor-item elementor-item-anchor\" tabindex=\"-1\"><span data-no-translation><img loading=\"lazy\" decoding=\"async\" class=\"trp-flag-image\" src=\"https:\/\/gorskikotar.hr\/wp-content\/plugins\/translatepress-multilingual\/assets\/images\/flags\/it_IT.png\" width=\"18\" height=\"12\" alt=\"it_IT\" title=\"Italiano\"><\/span><\/a><\/li>\n<li class=\"trp-language-switcher-container menu-item menu-item-type-post_type menu-item-object-language_switcher current-language-menu-item menu-item-19489\"><a href=\"https:\/\/gorskikotar.hr\/nl\/wp-json\/wp\/v2\/pages\/23725\" class=\"elementor-item elementor-item-anchor\" tabindex=\"-1\"><span data-no-translation><img loading=\"lazy\" decoding=\"async\" class=\"trp-flag-image\" src=\"https:\/\/gorskikotar.hr\/wp-content\/plugins\/translatepress-multilingual\/assets\/images\/flags\/nl_NL.png\" width=\"18\" height=\"12\" alt=\"nl_NL\" title=\"Nederlands\"><\/span><\/a><\/li>\n<li class=\"trp-language-switcher-container menu-item menu-item-type-post_type menu-item-object-language_switcher current-language-menu-item menu-item-19488\"><a href=\"https:\/\/gorskikotar.hr\/nl\/wp-json\/wp\/v2\/pages\/23725\" class=\"elementor-item elementor-item-anchor\" tabindex=\"-1\"><span data-no-translation><img loading=\"lazy\" decoding=\"async\" class=\"trp-flag-image\" src=\"https:\/\/gorskikotar.hr\/wp-content\/plugins\/translatepress-multilingual\/assets\/images\/flags\/fr_FR.png\" width=\"18\" height=\"12\" alt=\"fr_FR\" title=\"Fran\u00e7ais\"><\/span><\/a><\/li>\n<li class=\"trp-language-switcher-container menu-item menu-item-type-post_type menu-item-object-language_switcher current-language-menu-item menu-item-19487\"><a href=\"https:\/\/gorskikotar.hr\/nl\/wp-json\/wp\/v2\/pages\/23725\" class=\"elementor-item elementor-item-anchor\" tabindex=\"-1\"><span data-no-translation><img loading=\"lazy\" decoding=\"async\" class=\"trp-flag-image\" src=\"https:\/\/gorskikotar.hr\/wp-content\/plugins\/translatepress-multilingual\/assets\/images\/flags\/pl_PL.png\" width=\"18\" height=\"12\" alt=\"pl_PL\" title=\"Polski\"><\/span><\/a><\/li>\n<li class=\"trp-language-switcher-container menu-item menu-item-type-post_type menu-item-object-language_switcher current-language-menu-item menu-item-21435\"><a href=\"https:\/\/gorskikotar.hr\/nl\/wp-json\/wp\/v2\/pages\/23725\" class=\"elementor-item elementor-item-anchor\" tabindex=\"-1\"><span data-no-translation><img loading=\"lazy\" decoding=\"async\" class=\"trp-flag-image\" src=\"https:\/\/gorskikotar.hr\/wp-content\/plugins\/translatepress-multilingual\/assets\/images\/flags\/sl_SI.png\" width=\"18\" height=\"12\" alt=\"sl_SI\" title=\"Sloven\u0161\u010dina\"><\/span><\/a><\/li>\n<\/ul>\t\t\t<\/nav>\n\t\t\t\t\t\t<\/div>\n\t\t\t\t<\/div>\n\t\t\t\t<div class=\"elementor-element elementor-element-828c2ab elementor-widget elementor-widget-image\" data-id=\"828c2ab\" data-element_type=\"widget\" data-widget_type=\"image.default\">\n\t\t\t\t<div class=\"elementor-widget-container\">\n\t\t\t\t\t\t\t\t\t\t\t\t\t\t\t\t<a href=\"https:\/\/gorskikotar.hr\/nl\/\">\n\t\t\t\t\t\t\t<img loading=\"lazy\" decoding=\"async\" width=\"800\" height=\"404\" src=\"https:\/\/gorskikotar.hr\/wp-content\/uploads\/2026\/04\/gorski-kotar-logo-bar-en.png\" class=\"attachment-large size-large wp-image-21821\" alt=\"\" srcset=\"https:\/\/gorskikotar.hr\/wp-content\/uploads\/2026\/04\/gorski-kotar-logo-bar-en.png 1751w, https:\/\/gorskikotar.hr\/wp-content\/uploads\/2026\/04\/gorski-kotar-logo-bar-en-300x151.png 300w, https:\/\/gorskikotar.hr\/wp-content\/uploads\/2026\/04\/gorski-kotar-logo-bar-en-1024x517.png 1024w, https:\/\/gorskikotar.hr\/wp-content\/uploads\/2026\/04\/gorski-kotar-logo-bar-en-768x388.png 768w, https:\/\/gorskikotar.hr\/wp-content\/uploads\/2026\/04\/gorski-kotar-logo-bar-en-1536x775.png 1536w, https:\/\/gorskikotar.hr\/wp-content\/uploads\/2026\/04\/gorski-kotar-logo-bar-en-18x9.png 18w, https:\/\/gorskikotar.hr\/wp-content\/uploads\/2026\/04\/gorski-kotar-logo-bar-en-24x12.png 24w, https:\/\/gorskikotar.hr\/wp-content\/uploads\/2026\/04\/gorski-kotar-logo-bar-en-36x18.png 36w, https:\/\/gorskikotar.hr\/wp-content\/uploads\/2026\/04\/gorski-kotar-logo-bar-en-48x24.png 48w\" sizes=\"(max-width: 800px) 100vw, 800px\" \/>\t\t\t\t\t\t\t\t<\/a>\n\t\t\t\t\t\t\t\t\t\t\t\t\t\t\t<\/div>\n\t\t\t\t<\/div>\n\t\t\t\t<div class=\"elementor-element elementor-element-59f64cc elementor-nav-menu__align-center elementor-nav-menu--dropdown-tablet elementor-nav-menu__text-align-aside elementor-nav-menu--toggle elementor-nav-menu--burger elementor-invisible elementor-widget elementor-widget-nav-menu\" data-id=\"59f64cc\" data-element_type=\"widget\" data-settings=\"{&quot;submenu_icon&quot;:{&quot;value&quot;:&quot;&lt;i class=\\&quot;fas fa-angle-down\\&quot; aria-hidden=\\&quot;true\\&quot;&gt;&lt;\\\/i&gt;&quot;,&quot;library&quot;:&quot;fa-solid&quot;},&quot;sticky&quot;:&quot;top&quot;,&quot;_animation&quot;:&quot;fadeIn&quot;,&quot;layout&quot;:&quot;horizontal&quot;,&quot;toggle&quot;:&quot;burger&quot;,&quot;sticky_on&quot;:[&quot;desktop&quot;,&quot;tablet&quot;,&quot;mobile&quot;],&quot;sticky_offset&quot;:0,&quot;sticky_effects_offset&quot;:0,&quot;sticky_anchor_link_offset&quot;:0}\" data-widget_type=\"nav-menu.default\">\n\t\t\t\t<div class=\"elementor-widget-container\">\n\t\t\t\t\t\t\t\t<nav aria-label=\"Menu\" class=\"elementor-nav-menu--main elementor-nav-menu__container elementor-nav-menu--layout-horizontal e--pointer-none\">\n\t\t\t\t<ul id=\"menu-1-59f64cc\" class=\"elementor-nav-menu\"><li class=\"menu-item menu-item-type-custom menu-item-object-custom menu-item-has-children menu-item-6190\"><a class=\"elementor-item\">Accommodatie<\/a>\n<ul class=\"sub-menu elementor-nav-menu--dropdown\">\n\t<li class=\"menu-item menu-item-type-taxonomy menu-item-object-category menu-item-6128\"><a href=\"https:\/\/gorskikotar.hr\/nl\/category\/smjestaj\/hoteli\/\" class=\"elementor-sub-item\">Hotels<\/a><\/li>\n\t<li class=\"menu-item menu-item-type-taxonomy menu-item-object-category menu-item-6138\"><a href=\"https:\/\/gorskikotar.hr\/nl\/category\/smjestaj\/pansioni\/\" class=\"elementor-sub-item\">Pensions<\/a><\/li>\n\t<li class=\"menu-item menu-item-type-taxonomy menu-item-object-category menu-item-6141\"><a href=\"https:\/\/gorskikotar.hr\/nl\/category\/smjestaj\/hosteli\/\" class=\"elementor-sub-item\">Hostels<\/a><\/li>\n\t<li class=\"menu-item menu-item-type-taxonomy menu-item-object-category menu-item-6136\"><a href=\"https:\/\/gorskikotar.hr\/nl\/category\/smjestaj\/kuce-za-odmor\/\" class=\"elementor-sub-item\">Vakantiehuizen<\/a><\/li>\n\t<li class=\"menu-item menu-item-type-taxonomy menu-item-object-category menu-item-6133\"><a href=\"https:\/\/gorskikotar.hr\/nl\/category\/smjestaj\/apartmani\/\" class=\"elementor-sub-item\">Appartementen<\/a><\/li>\n\t<li class=\"menu-item menu-item-type-taxonomy menu-item-object-category menu-item-6140\"><a href=\"https:\/\/gorskikotar.hr\/nl\/category\/smjestaj\/sobe\/\" class=\"elementor-sub-item\">Kamers<\/a><\/li>\n\t<li class=\"menu-item menu-item-type-taxonomy menu-item-object-category menu-item-6139\"><a href=\"https:\/\/gorskikotar.hr\/nl\/category\/smjestaj\/planinarski-domovi\/\" class=\"elementor-sub-item\">Berghutten<\/a><\/li>\n\t<li class=\"menu-item menu-item-type-taxonomy menu-item-object-category menu-item-6135\"><a href=\"https:\/\/gorskikotar.hr\/nl\/category\/smjestaj\/kampovi-ili-robinzonski-smjestaji\/\" class=\"elementor-sub-item\">Camping \/ Robinson accommodatie<\/a><\/li>\n\t<li class=\"menu-item menu-item-type-taxonomy menu-item-object-category menu-item-6137\"><a href=\"https:\/\/gorskikotar.hr\/nl\/category\/smjestaj\/lovacki-domovi\/\" class=\"elementor-sub-item\">Jachthuizen<\/a><\/li>\n<\/ul>\n<\/li>\n<li class=\"menu-item menu-item-type-post_type menu-item-object-page menu-item-has-children menu-item-2674\"><a href=\"https:\/\/gorskikotar.hr\/nl\/gastro\/\" class=\"elementor-item\">Waar te eten<\/a>\n<ul class=\"sub-menu elementor-nav-menu--dropdown\">\n\t<li class=\"menu-item menu-item-type-taxonomy menu-item-object-category menu-item-6196\"><a href=\"https:\/\/gorskikotar.hr\/nl\/category\/gdje-pojesti\/restorani-bistroi-i-gostionice\/\" class=\"elementor-sub-item\">Restaurants, Bistro's en tavernen<\/a><\/li>\n\t<li class=\"menu-item menu-item-type-taxonomy menu-item-object-category menu-item-6195\"><a href=\"https:\/\/gorskikotar.hr\/nl\/category\/gdje-pojesti\/pizzerie-i-ostala-ponuda\/\" class=\"elementor-sub-item\">Pizzeria's en ander aanbod<\/a><\/li>\n<\/ul>\n<\/li>\n<li class=\"menu-item menu-item-type-custom menu-item-object-custom menu-item-has-children menu-item-6191\"><a class=\"elementor-item\">Beleef<\/a>\n<ul class=\"sub-menu elementor-nav-menu--dropdown\">\n\t<li class=\"menu-item menu-item-type-post_type menu-item-object-page menu-item-2676\"><a href=\"https:\/\/gorskikotar.hr\/nl\/prirodne-ljepote\/\" class=\"elementor-sub-item\">Streekproducten<\/a><\/li>\n\t<li class=\"menu-item menu-item-type-post_type menu-item-object-page menu-item-2677\"><a href=\"https:\/\/gorskikotar.hr\/nl\/kulturne-znamenitosti\/\" class=\"elementor-sub-item\">Culturele bezienswaardigheden<\/a><\/li>\n\t<li class=\"menu-item menu-item-type-post_type menu-item-object-page menu-item-2678\"><a href=\"https:\/\/gorskikotar.hr\/nl\/muzeji-i-interpretacijski-centri\/\" class=\"elementor-sub-item\">Musea en interpretatiecentra<\/a><\/li>\n\t<li class=\"menu-item menu-item-type-post_type menu-item-object-page menu-item-2679\"><a href=\"https:\/\/gorskikotar.hr\/nl\/aktivan-odmor\/\" class=\"elementor-sub-item\">Actieve vakantie<\/a><\/li>\n\t<li class=\"menu-item menu-item-type-post_type menu-item-object-page menu-item-24051\"><a href=\"https:\/\/gorskikotar.hr\/nl\/last-european-wilderness\/\" class=\"elementor-sub-item\">Last European Wilderness<\/a><\/li>\n<\/ul>\n<\/li>\n<li class=\"menu-item menu-item-type-post_type menu-item-object-page menu-item-2681\"><a href=\"https:\/\/gorskikotar.hr\/nl\/domaci-proizvodi\/\" class=\"elementor-item\">Streekproducten<\/a><\/li>\n<li class=\"menu-item menu-item-type-post_type menu-item-object-page menu-item-13494\"><a href=\"https:\/\/gorskikotar.hr\/nl\/gorski-kotar-hike\/\" class=\"menu-image-title-hide menu-image-not-hovered elementor-item\"><span class=\"menu-image-title-hide menu-image-title\">Hike<\/span><img loading=\"lazy\" decoding=\"async\" width=\"36\" height=\"36\" src=\"https:\/\/gorskikotar.hr\/wp-content\/uploads\/2022\/08\/Piktogrami_GK_final_hike-copy-36x36.png\" class=\"menu-image menu-image-title-hide\" alt=\"Hike\" \/><\/a><\/li>\n<li class=\"menu-item menu-item-type-post_type menu-item-object-page menu-item-7677\"><a href=\"https:\/\/gorskikotar.hr\/nl\/gorski-kotar-bike\/\" class=\"menu-image-title-hide menu-image-not-hovered elementor-item\"><span class=\"menu-image-title-hide menu-image-title\">Gorski kotar bike<\/span><img loading=\"lazy\" decoding=\"async\" width=\"36\" height=\"36\" src=\"https:\/\/gorskikotar.hr\/wp-content\/uploads\/2022\/05\/gk-bike-logo-menu-36x36.png\" class=\"menu-image menu-image-title-hide\" alt=\"Gorski kotar Bike\" \/><\/a><\/li>\n<li class=\"menu-item menu-item-type-post_type menu-item-object-page menu-item-24582\"><a href=\"https:\/\/gorskikotar.hr\/nl\/sanjkalista-gorskog-kotara\/\" class=\"menu-image-title-hide menu-image-not-hovered elementor-item\"><span class=\"menu-image-title-hide menu-image-title\">Sanjkali\u0161ta Gorskog kotara<\/span><img loading=\"lazy\" decoding=\"async\" width=\"36\" height=\"36\" src=\"https:\/\/gorskikotar.hr\/wp-content\/uploads\/2025\/01\/Piktogrami_GK_final_sanjkanje-menu-36x36.png\" class=\"menu-image menu-image-title-hide\" alt=\"\" \/><\/a><\/li>\n<li class=\"menu-item menu-item-type-post_type menu-item-object-page menu-item-5462\"><a href=\"https:\/\/gorskikotar.hr\/nl\/turisticke-karte\/\" class=\"menu-image-title-hide menu-image-not-hovered elementor-item\"><span class=\"menu-image-title-hide menu-image-title\">TOERISTISCHE PLATTEGRONDEN<\/span><img loading=\"lazy\" decoding=\"async\" width=\"36\" height=\"36\" src=\"https:\/\/gorskikotar.hr\/wp-content\/uploads\/2022\/05\/Karta-Gorski-kotar-36x36.png\" class=\"menu-image menu-image-title-hide\" alt=\"Karta Gorski kotar\" \/><\/a><\/li>\n<li class=\"menu-item menu-item-type-post_type menu-item-object-page menu-item-23811\"><a href=\"https:\/\/gorskikotar.hr\/nl\/camino-gorski-kotar\/\" class=\"menu-image-title-hide menu-image-not-hovered elementor-item\"><span class=\"menu-image-title-hide menu-image-title\">Camino<\/span><img loading=\"lazy\" decoding=\"async\" width=\"36\" height=\"36\" src=\"https:\/\/gorskikotar.hr\/wp-content\/uploads\/2024\/11\/gk-camino-menu-icon-36x36.png\" class=\"menu-image menu-image-title-hide\" alt=\"\" \/><\/a><\/li>\n<li class=\"menu-item menu-item-type-custom menu-item-object-custom menu-item-8961\"><a href=\"https:\/\/www.gorskikotar.hr\/virtualna-setnja\/\" class=\"menu-image-title-hide menu-image-not-hovered elementor-item\"><span class=\"menu-image-title-hide menu-image-title\">360<\/span><img loading=\"lazy\" decoding=\"async\" width=\"36\" height=\"36\" src=\"https:\/\/gorskikotar.hr\/wp-content\/uploads\/2022\/05\/360-menu-36x36.png\" class=\"menu-image menu-image-title-hide\" alt=\"360-menu\" \/><\/a><\/li>\n<li class=\"menu-item menu-item-type-post_type menu-item-object-page menu-item-22789\"><a href=\"https:\/\/gorskikotar.hr\/nl\/destination-pass\/\" class=\"menu-image-title-hide menu-image-not-hovered elementor-item\"><span class=\"menu-image-title-hide menu-image-title\">Destination pass<\/span><img loading=\"lazy\" decoding=\"async\" width=\"36\" height=\"36\" src=\"https:\/\/gorskikotar.hr\/wp-content\/uploads\/2024\/08\/gk-destionation-pass-menu-2-36x36.png\" class=\"menu-image menu-image-title-hide\" alt=\"\" \/><\/a><\/li>\n<\/ul>\t\t\t<\/nav>\n\t\t\t\t\t<div class=\"elementor-menu-toggle\" role=\"button\" tabindex=\"0\" aria-label=\"Menu toggle\" aria-expanded=\"false\">\n\t\t\t<i aria-hidden=\"true\" role=\"presentation\" class=\"elementor-menu-toggle__icon--open fas fa-bars\"><\/i><i aria-hidden=\"true\" role=\"presentation\" class=\"elementor-menu-toggle__icon--close eicon-close\"><\/i>\t\t<\/div>\n\t\t\t\t\t<nav class=\"elementor-nav-menu--dropdown elementor-nav-menu__container\" aria-hidden=\"true\">\n\t\t\t\t<ul id=\"menu-2-59f64cc\" class=\"elementor-nav-menu\"><li class=\"menu-item menu-item-type-custom menu-item-object-custom menu-item-has-children menu-item-6190\"><a class=\"elementor-item\" tabindex=\"-1\">Accommodatie<\/a>\n<ul class=\"sub-menu elementor-nav-menu--dropdown\">\n\t<li class=\"menu-item menu-item-type-taxonomy menu-item-object-category menu-item-6128\"><a href=\"https:\/\/gorskikotar.hr\/nl\/category\/smjestaj\/hoteli\/\" class=\"elementor-sub-item\" tabindex=\"-1\">Hotels<\/a><\/li>\n\t<li class=\"menu-item menu-item-type-taxonomy menu-item-object-category menu-item-6138\"><a href=\"https:\/\/gorskikotar.hr\/nl\/category\/smjestaj\/pansioni\/\" class=\"elementor-sub-item\" tabindex=\"-1\">Pensions<\/a><\/li>\n\t<li class=\"menu-item menu-item-type-taxonomy menu-item-object-category menu-item-6141\"><a href=\"https:\/\/gorskikotar.hr\/nl\/category\/smjestaj\/hosteli\/\" class=\"elementor-sub-item\" tabindex=\"-1\">Hostels<\/a><\/li>\n\t<li class=\"menu-item menu-item-type-taxonomy menu-item-object-category menu-item-6136\"><a href=\"https:\/\/gorskikotar.hr\/nl\/category\/smjestaj\/kuce-za-odmor\/\" class=\"elementor-sub-item\" tabindex=\"-1\">Vakantiehuizen<\/a><\/li>\n\t<li class=\"menu-item menu-item-type-taxonomy menu-item-object-category menu-item-6133\"><a href=\"https:\/\/gorskikotar.hr\/nl\/category\/smjestaj\/apartmani\/\" class=\"elementor-sub-item\" tabindex=\"-1\">Appartementen<\/a><\/li>\n\t<li class=\"menu-item menu-item-type-taxonomy menu-item-object-category menu-item-6140\"><a href=\"https:\/\/gorskikotar.hr\/nl\/category\/smjestaj\/sobe\/\" class=\"elementor-sub-item\" tabindex=\"-1\">Kamers<\/a><\/li>\n\t<li class=\"menu-item menu-item-type-taxonomy menu-item-object-category menu-item-6139\"><a href=\"https:\/\/gorskikotar.hr\/nl\/category\/smjestaj\/planinarski-domovi\/\" class=\"elementor-sub-item\" tabindex=\"-1\">Berghutten<\/a><\/li>\n\t<li class=\"menu-item menu-item-type-taxonomy menu-item-object-category menu-item-6135\"><a href=\"https:\/\/gorskikotar.hr\/nl\/category\/smjestaj\/kampovi-ili-robinzonski-smjestaji\/\" class=\"elementor-sub-item\" tabindex=\"-1\">Camping \/ Robinson accommodatie<\/a><\/li>\n\t<li class=\"menu-item menu-item-type-taxonomy menu-item-object-category menu-item-6137\"><a href=\"https:\/\/gorskikotar.hr\/nl\/category\/smjestaj\/lovacki-domovi\/\" class=\"elementor-sub-item\" tabindex=\"-1\">Jachthuizen<\/a><\/li>\n<\/ul>\n<\/li>\n<li class=\"menu-item menu-item-type-post_type menu-item-object-page menu-item-has-children menu-item-2674\"><a href=\"https:\/\/gorskikotar.hr\/nl\/gastro\/\" class=\"elementor-item\" tabindex=\"-1\">Waar te eten<\/a>\n<ul class=\"sub-menu elementor-nav-menu--dropdown\">\n\t<li class=\"menu-item menu-item-type-taxonomy menu-item-object-category menu-item-6196\"><a href=\"https:\/\/gorskikotar.hr\/nl\/category\/gdje-pojesti\/restorani-bistroi-i-gostionice\/\" class=\"elementor-sub-item\" tabindex=\"-1\">Restaurants, Bistro's en tavernen<\/a><\/li>\n\t<li class=\"menu-item menu-item-type-taxonomy menu-item-object-category menu-item-6195\"><a href=\"https:\/\/gorskikotar.hr\/nl\/category\/gdje-pojesti\/pizzerie-i-ostala-ponuda\/\" class=\"elementor-sub-item\" tabindex=\"-1\">Pizzeria's en ander aanbod<\/a><\/li>\n<\/ul>\n<\/li>\n<li class=\"menu-item menu-item-type-custom menu-item-object-custom menu-item-has-children menu-item-6191\"><a class=\"elementor-item\" tabindex=\"-1\">Beleef<\/a>\n<ul class=\"sub-menu elementor-nav-menu--dropdown\">\n\t<li class=\"menu-item menu-item-type-post_type menu-item-object-page menu-item-2676\"><a href=\"https:\/\/gorskikotar.hr\/nl\/prirodne-ljepote\/\" class=\"elementor-sub-item\" tabindex=\"-1\">Streekproducten<\/a><\/li>\n\t<li class=\"menu-item menu-item-type-post_type menu-item-object-page menu-item-2677\"><a href=\"https:\/\/gorskikotar.hr\/nl\/kulturne-znamenitosti\/\" class=\"elementor-sub-item\" tabindex=\"-1\">Culturele bezienswaardigheden<\/a><\/li>\n\t<li class=\"menu-item menu-item-type-post_type menu-item-object-page menu-item-2678\"><a href=\"https:\/\/gorskikotar.hr\/nl\/muzeji-i-interpretacijski-centri\/\" class=\"elementor-sub-item\" tabindex=\"-1\">Musea en interpretatiecentra<\/a><\/li>\n\t<li class=\"menu-item menu-item-type-post_type menu-item-object-page menu-item-2679\"><a href=\"https:\/\/gorskikotar.hr\/nl\/aktivan-odmor\/\" class=\"elementor-sub-item\" tabindex=\"-1\">Actieve vakantie<\/a><\/li>\n\t<li class=\"menu-item menu-item-type-post_type menu-item-object-page menu-item-24051\"><a href=\"https:\/\/gorskikotar.hr\/nl\/last-european-wilderness\/\" class=\"elementor-sub-item\" tabindex=\"-1\">Last European Wilderness<\/a><\/li>\n<\/ul>\n<\/li>\n<li class=\"menu-item menu-item-type-post_type menu-item-object-page menu-item-2681\"><a href=\"https:\/\/gorskikotar.hr\/nl\/domaci-proizvodi\/\" class=\"elementor-item\" tabindex=\"-1\">Streekproducten<\/a><\/li>\n<li class=\"menu-item menu-item-type-post_type menu-item-object-page menu-item-13494\"><a href=\"https:\/\/gorskikotar.hr\/nl\/gorski-kotar-hike\/\" class=\"menu-image-title-hide menu-image-not-hovered elementor-item\" tabindex=\"-1\"><span class=\"menu-image-title-hide menu-image-title\">Hike<\/span><img loading=\"lazy\" decoding=\"async\" width=\"36\" height=\"36\" src=\"https:\/\/gorskikotar.hr\/wp-content\/uploads\/2022\/08\/Piktogrami_GK_final_hike-copy-36x36.png\" class=\"menu-image menu-image-title-hide\" alt=\"Hike\" \/><\/a><\/li>\n<li class=\"menu-item menu-item-type-post_type menu-item-object-page menu-item-7677\"><a href=\"https:\/\/gorskikotar.hr\/nl\/gorski-kotar-bike\/\" class=\"menu-image-title-hide menu-image-not-hovered elementor-item\" tabindex=\"-1\"><span class=\"menu-image-title-hide menu-image-title\">Gorski kotar bike<\/span><img loading=\"lazy\" decoding=\"async\" width=\"36\" height=\"36\" src=\"https:\/\/gorskikotar.hr\/wp-content\/uploads\/2022\/05\/gk-bike-logo-menu-36x36.png\" class=\"menu-image menu-image-title-hide\" alt=\"Gorski kotar Bike\" \/><\/a><\/li>\n<li class=\"menu-item menu-item-type-post_type menu-item-object-page menu-item-24582\"><a href=\"https:\/\/gorskikotar.hr\/nl\/sanjkalista-gorskog-kotara\/\" class=\"menu-image-title-hide menu-image-not-hovered elementor-item\" tabindex=\"-1\"><span class=\"menu-image-title-hide menu-image-title\">Sanjkali\u0161ta Gorskog kotara<\/span><img loading=\"lazy\" decoding=\"async\" width=\"36\" height=\"36\" src=\"https:\/\/gorskikotar.hr\/wp-content\/uploads\/2025\/01\/Piktogrami_GK_final_sanjkanje-menu-36x36.png\" class=\"menu-image menu-image-title-hide\" alt=\"\" \/><\/a><\/li>\n<li class=\"menu-item menu-item-type-post_type menu-item-object-page menu-item-5462\"><a href=\"https:\/\/gorskikotar.hr\/nl\/turisticke-karte\/\" class=\"menu-image-title-hide menu-image-not-hovered elementor-item\" tabindex=\"-1\"><span class=\"menu-image-title-hide menu-image-title\">TOERISTISCHE PLATTEGRONDEN<\/span><img loading=\"lazy\" decoding=\"async\" width=\"36\" height=\"36\" src=\"https:\/\/gorskikotar.hr\/wp-content\/uploads\/2022\/05\/Karta-Gorski-kotar-36x36.png\" class=\"menu-image menu-image-title-hide\" alt=\"Karta Gorski kotar\" \/><\/a><\/li>\n<li class=\"menu-item menu-item-type-post_type menu-item-object-page menu-item-23811\"><a href=\"https:\/\/gorskikotar.hr\/nl\/camino-gorski-kotar\/\" class=\"menu-image-title-hide menu-image-not-hovered elementor-item\" tabindex=\"-1\"><span class=\"menu-image-title-hide menu-image-title\">Camino<\/span><img loading=\"lazy\" decoding=\"async\" width=\"36\" height=\"36\" src=\"https:\/\/gorskikotar.hr\/wp-content\/uploads\/2024\/11\/gk-camino-menu-icon-36x36.png\" class=\"menu-image menu-image-title-hide\" alt=\"\" \/><\/a><\/li>\n<li class=\"menu-item menu-item-type-custom menu-item-object-custom menu-item-8961\"><a href=\"https:\/\/www.gorskikotar.hr\/virtualna-setnja\/\" class=\"menu-image-title-hide menu-image-not-hovered elementor-item\" tabindex=\"-1\"><span class=\"menu-image-title-hide menu-image-title\">360<\/span><img loading=\"lazy\" decoding=\"async\" width=\"36\" height=\"36\" src=\"https:\/\/gorskikotar.hr\/wp-content\/uploads\/2022\/05\/360-menu-36x36.png\" class=\"menu-image menu-image-title-hide\" alt=\"360-menu\" \/><\/a><\/li>\n<li class=\"menu-item menu-item-type-post_type menu-item-object-page menu-item-22789\"><a href=\"https:\/\/gorskikotar.hr\/nl\/destination-pass\/\" class=\"menu-image-title-hide menu-image-not-hovered elementor-item\" tabindex=\"-1\"><span class=\"menu-image-title-hide menu-image-title\">Destination pass<\/span><img loading=\"lazy\" decoding=\"async\" width=\"36\" height=\"36\" src=\"https:\/\/gorskikotar.hr\/wp-content\/uploads\/2024\/08\/gk-destionation-pass-menu-2-36x36.png\" class=\"menu-image menu-image-title-hide\" alt=\"\" \/><\/a><\/li>\n<\/ul>\t\t\t<\/nav>\n\t\t\t\t\t\t<\/div>\n\t\t\t\t<\/div>\n\t\t\t\t<div class=\"elementor-element elementor-element-e4536e7 elementor-widget__width-inherit elementor-widget elementor-widget-image\" data-id=\"e4536e7\" data-element_type=\"widget\" data-widget_type=\"image.default\">\n\t\t\t\t<div class=\"elementor-widget-container\">\n\t\t\t\t\t\t\t\t\t\t\t\t\t\t\t<img loading=\"lazy\" decoding=\"async\" width=\"491\" height=\"492\" src=\"https:\/\/gorskikotar.hr\/wp-content\/uploads\/2024\/11\/Piktogrami_camino_gorski_kotar-1.png\" class=\"attachment-large size-large wp-image-23806\" alt=\"\" srcset=\"https:\/\/gorskikotar.hr\/wp-content\/uploads\/2024\/11\/Piktogrami_camino_gorski_kotar-1.png 491w, https:\/\/gorskikotar.hr\/wp-content\/uploads\/2024\/11\/Piktogrami_camino_gorski_kotar-1-300x300.png 300w, https:\/\/gorskikotar.hr\/wp-content\/uploads\/2024\/11\/Piktogrami_camino_gorski_kotar-1-150x150.png 150w, https:\/\/gorskikotar.hr\/wp-content\/uploads\/2024\/11\/Piktogrami_camino_gorski_kotar-1-12x12.png 12w, https:\/\/gorskikotar.hr\/wp-content\/uploads\/2024\/11\/Piktogrami_camino_gorski_kotar-1-24x24.png 24w, https:\/\/gorskikotar.hr\/wp-content\/uploads\/2024\/11\/Piktogrami_camino_gorski_kotar-1-36x36.png 36w, https:\/\/gorskikotar.hr\/wp-content\/uploads\/2024\/11\/Piktogrami_camino_gorski_kotar-1-48x48.png 48w\" sizes=\"(max-width: 491px) 100vw, 491px\" \/>\t\t\t\t\t\t\t\t\t\t\t\t\t\t\t<\/div>\n\t\t\t\t<\/div>\n\t\t\t\t<div class=\"elementor-element elementor-element-e05a238 elementor-widget elementor-widget-heading\" data-id=\"e05a238\" data-element_type=\"widget\" data-widget_type=\"heading.default\">\n\t\t\t\t<div class=\"elementor-widget-container\">\n\t\t\t\t\t<h1 class=\"elementor-heading-title elementor-size-default\">Camino Gorski kotar<\/h1>\t\t\t\t<\/div>\n\t\t\t\t<\/div>\n\t\t\t\t\t<\/div>\n\t\t<\/div>\n\t\t\t\t\t<\/div>\n\t\t<\/section>\n\t\t\t\t<section class=\"has_eae_slider elementor-section elementor-top-section elementor-element elementor-element-90387c9 elementor-section-content-middle elementor-section-boxed elementor-section-height-default elementor-section-height-default\" data-eae-slider=\"16699\" data-id=\"90387c9\" data-element_type=\"section\" data-settings=\"{&quot;shape_divider_bottom&quot;:&quot;tilt&quot;}\">\n\t\t\t\t\t<div class=\"elementor-shape elementor-shape-bottom\" aria-hidden=\"true\" data-negative=\"false\">\n\t\t\t<svg xmlns=\"http:\/\/www.w3.org\/2000\/svg\" viewbox=\"0 0 1000 100\" preserveaspectratio=\"none\">\n\t<path class=\"elementor-shape-fill\" d=\"M0,6V0h1000v100L0,6z\"\/>\n<\/svg>\t\t<\/div>\n\t\t\t\t\t<div class=\"elementor-container elementor-column-gap-wider\">\n\t\t\t\t\t<div class=\"has_eae_slider elementor-column elementor-col-66 elementor-top-column elementor-element elementor-element-29f8526\" data-eae-slider=\"53975\" data-id=\"29f8526\" data-element_type=\"column\">\n\t\t\t<div class=\"elementor-widget-wrap elementor-element-populated\">\n\t\t\t\t\t\t<div class=\"elementor-element elementor-element-f235b49 elementor-widget elementor-widget-heading\" data-id=\"f235b49\" data-element_type=\"widget\" data-widget_type=\"heading.default\">\n\t\t\t\t<div class=\"elementor-widget-container\">\n\t\t\t\t\t<h6 class=\"elementor-heading-title elementor-size-default\">Camino de Santiago<\/h6>\t\t\t\t<\/div>\n\t\t\t\t<\/div>\n\t\t\t\t<div class=\"elementor-element elementor-element-3fd54f0 elementor-widget elementor-widget-text-editor\" data-id=\"3fd54f0\" data-element_type=\"widget\" data-widget_type=\"text-editor.default\">\n\t\t\t\t<div class=\"elementor-widget-container\">\n\t\t\t\t\t\t\t\t\t<p>staat voor een unieke wandelervaring, die door de eeuwen heen de levens van miljoenen heeft verrijkt en die steeds populaider wordt in deze tijd.\u00a0<\/p><p>In de Middeleeuwen liepen de mensen vanaf de drempel van hun thuis naar Santiago de Compostela en terug. Talrijke routes ontstonden door de eeuwen heen in verschillende landen.\u00a0<\/p>\t\t\t\t\t\t\t\t<\/div>\n\t\t\t\t<\/div>\n\t\t\t\t<div class=\"elementor-element elementor-element-6da75c1 elementor-widget__width-auto elementor-widget elementor-widget-image\" data-id=\"6da75c1\" data-element_type=\"widget\" data-widget_type=\"image.default\">\n\t\t\t\t<div class=\"elementor-widget-container\">\n\t\t\t\t\t\t\t\t\t\t\t\t\t\t\t<img loading=\"lazy\" decoding=\"async\" width=\"800\" height=\"794\" src=\"https:\/\/gorskikotar.hr\/wp-content\/uploads\/2024\/11\/camino-gorski-logo.png\" class=\"attachment-large size-large wp-image-23741\" alt=\"\" srcset=\"https:\/\/gorskikotar.hr\/wp-content\/uploads\/2024\/11\/camino-gorski-logo.png 833w, https:\/\/gorskikotar.hr\/wp-content\/uploads\/2024\/11\/camino-gorski-logo-300x298.png 300w, https:\/\/gorskikotar.hr\/wp-content\/uploads\/2024\/11\/camino-gorski-logo-150x150.png 150w, https:\/\/gorskikotar.hr\/wp-content\/uploads\/2024\/11\/camino-gorski-logo-768x762.png 768w, https:\/\/gorskikotar.hr\/wp-content\/uploads\/2024\/11\/camino-gorski-logo-12x12.png 12w, https:\/\/gorskikotar.hr\/wp-content\/uploads\/2024\/11\/camino-gorski-logo-24x24.png 24w, https:\/\/gorskikotar.hr\/wp-content\/uploads\/2024\/11\/camino-gorski-logo-36x36.png 36w, https:\/\/gorskikotar.hr\/wp-content\/uploads\/2024\/11\/camino-gorski-logo-48x48.png 48w\" sizes=\"(max-width: 800px) 100vw, 800px\" \/>\t\t\t\t\t\t\t\t\t\t\t\t\t\t\t<\/div>\n\t\t\t\t<\/div>\n\t\t\t\t<div class=\"elementor-element elementor-element-b529f8d elementor-widget elementor-widget-heading\" data-id=\"b529f8d\" data-element_type=\"widget\" data-widget_type=\"heading.default\">\n\t\t\t\t<div class=\"elementor-widget-container\">\n\t\t\t\t\t<h1 class=\"elementor-heading-title elementor-size-default\">Camino Gorski kotar<\/h1>\t\t\t\t<\/div>\n\t\t\t\t<\/div>\n\t\t\t\t<div class=\"elementor-element elementor-element-444ac6b elementor-widget elementor-widget-text-editor\" data-id=\"444ac6b\" data-element_type=\"widget\" data-widget_type=\"text-editor.default\">\n\t\t\t\t<div class=\"elementor-widget-container\">\n\t\t\t\t\t\t\t\t\t<p>Etapa <em>Camino Gorski kotar<\/em> De etappe Camino Gorski kotar loopt door de groenste streek van Kroati\u00eb en is door de eigenschappen van het heuvelachtige landschap \u00e9\u00e9n van de veeleisendere routes. De hoofdkenmerken van deze etappe zijn prachtige bossen en natuurlijke paden met talrijke culturele bezienswaardigheden. Het vertrekpunt is bij Vrbovsko gevolgd door Benkovac Fu\u017einski, en bevat alle belangrijkere culturele- en religieuze monumenten van dit gebied zoals de vele sacrale objecten in Brod Moravica, de Skradski vrh en de kapel van de Hemelvaart van Maria in Skrad, de kerk van Maria Moeder Gods van de zeven smarten in Mrkopolje, in \u010cabar het heiligdom van Onze-lieve-vrouwe van Svetogorska, het heiligdom van de Onze-lieve-vrouwe van Snje\u017ena in Li\u010dko polje\u2026.<\/p>\t\t\t\t\t\t\t\t<\/div>\n\t\t\t\t<\/div>\n\t\t\t\t\t<\/div>\n\t\t<\/div>\n\t\t\t\t<div class=\"has_eae_slider elementor-column elementor-col-33 elementor-top-column elementor-element elementor-element-3b1be27\" data-eae-slider=\"28489\" data-id=\"3b1be27\" data-element_type=\"column\" data-settings=\"{&quot;background_background&quot;:&quot;classic&quot;}\">\n\t\t\t<div class=\"elementor-widget-wrap elementor-element-populated\">\n\t\t\t\t\t\t<div class=\"elementor-element elementor-element-7476587 elementor-widget elementor-widget-image\" data-id=\"7476587\" data-element_type=\"widget\" data-widget_type=\"image.default\">\n\t\t\t\t<div class=\"elementor-widget-container\">\n\t\t\t\t\t\t\t\t\t\t\t\t\t\t\t<img loading=\"lazy\" decoding=\"async\" width=\"470\" height=\"1024\" src=\"https:\/\/gorskikotar.hr\/wp-content\/uploads\/2024\/11\/camino_gorski-470x1024.jpg\" class=\"attachment-large size-large wp-image-23740\" alt=\"\" srcset=\"https:\/\/gorskikotar.hr\/wp-content\/uploads\/2024\/11\/camino_gorski-470x1024.jpg 470w, https:\/\/gorskikotar.hr\/wp-content\/uploads\/2024\/11\/camino_gorski-138x300.jpg 138w, https:\/\/gorskikotar.hr\/wp-content\/uploads\/2024\/11\/camino_gorski-706x1536.jpg 706w, https:\/\/gorskikotar.hr\/wp-content\/uploads\/2024\/11\/camino_gorski-6x12.jpg 6w, https:\/\/gorskikotar.hr\/wp-content\/uploads\/2024\/11\/camino_gorski-11x24.jpg 11w, https:\/\/gorskikotar.hr\/wp-content\/uploads\/2024\/11\/camino_gorski-17x36.jpg 17w, https:\/\/gorskikotar.hr\/wp-content\/uploads\/2024\/11\/camino_gorski-22x48.jpg 22w, https:\/\/gorskikotar.hr\/wp-content\/uploads\/2024\/11\/camino_gorski.jpg 735w\" sizes=\"(max-width: 470px) 100vw, 470px\" \/>\t\t\t\t\t\t\t\t\t\t\t\t\t\t\t<\/div>\n\t\t\t\t<\/div>\n\t\t\t\t\t<\/div>\n\t\t<\/div>\n\t\t\t\t\t<\/div>\n\t\t<\/section>\n\t\t\t\t<section class=\"has_eae_slider elementor-section elementor-top-section elementor-element elementor-element-54f186c elementor-section-full_width elementor-section-height-default elementor-section-height-default\" data-eae-slider=\"42029\" data-id=\"54f186c\" data-element_type=\"section\" data-settings=\"{&quot;background_background&quot;:&quot;classic&quot;,&quot;shape_divider_top&quot;:&quot;tilt&quot;,&quot;shape_divider_bottom&quot;:&quot;tilt&quot;}\">\n\t\t\t\t\t<div class=\"elementor-shape elementor-shape-top\" aria-hidden=\"true\" data-negative=\"false\">\n\t\t\t<svg xmlns=\"http:\/\/www.w3.org\/2000\/svg\" viewbox=\"0 0 1000 100\" preserveaspectratio=\"none\">\n\t<path class=\"elementor-shape-fill\" d=\"M0,6V0h1000v100L0,6z\"\/>\n<\/svg>\t\t<\/div>\n\t\t\t\t<div class=\"elementor-shape elementor-shape-bottom\" aria-hidden=\"true\" data-negative=\"false\">\n\t\t\t<svg xmlns=\"http:\/\/www.w3.org\/2000\/svg\" viewbox=\"0 0 1000 100\" preserveaspectratio=\"none\">\n\t<path class=\"elementor-shape-fill\" d=\"M0,6V0h1000v100L0,6z\"\/>\n<\/svg>\t\t<\/div>\n\t\t\t\t\t<div class=\"elementor-container elementor-column-gap-default\">\n\t\t\t\t\t<div class=\"has_eae_slider elementor-column elementor-col-100 elementor-top-column elementor-element elementor-element-04f1130\" data-eae-slider=\"49192\" data-id=\"04f1130\" data-element_type=\"column\">\n\t\t\t<div class=\"elementor-widget-wrap elementor-element-populated\">\n\t\t\t\t\t\t<div class=\"elementor-element elementor-element-d4c7973 elementor-widget elementor-widget-image\" data-id=\"d4c7973\" data-element_type=\"widget\" data-widget_type=\"image.default\">\n\t\t\t\t<div class=\"elementor-widget-container\">\n\t\t\t\t\t\t\t\t\t\t\t\t\t\t\t<img loading=\"lazy\" decoding=\"async\" width=\"800\" height=\"463\" src=\"https:\/\/gorskikotar.hr\/wp-content\/uploads\/2024\/11\/camino-strelica.png\" class=\"attachment-large size-large wp-image-23799\" alt=\"\" srcset=\"https:\/\/gorskikotar.hr\/wp-content\/uploads\/2024\/11\/camino-strelica.png 800w, https:\/\/gorskikotar.hr\/wp-content\/uploads\/2024\/11\/camino-strelica-300x174.png 300w, https:\/\/gorskikotar.hr\/wp-content\/uploads\/2024\/11\/camino-strelica-768x444.png 768w, https:\/\/gorskikotar.hr\/wp-content\/uploads\/2024\/11\/camino-strelica-18x10.png 18w, https:\/\/gorskikotar.hr\/wp-content\/uploads\/2024\/11\/camino-strelica-24x14.png 24w, https:\/\/gorskikotar.hr\/wp-content\/uploads\/2024\/11\/camino-strelica-36x21.png 36w, https:\/\/gorskikotar.hr\/wp-content\/uploads\/2024\/11\/camino-strelica-48x28.png 48w\" sizes=\"(max-width: 800px) 100vw, 800px\" \/>\t\t\t\t\t\t\t\t\t\t\t\t\t\t\t<\/div>\n\t\t\t\t<\/div>\n\t\t\t\t\t<\/div>\n\t\t<\/div>\n\t\t\t\t\t<\/div>\n\t\t<\/section>\n\t\t\t\t<section class=\"has_eae_slider elementor-section elementor-top-section elementor-element elementor-element-9f5ecd3 elementor-section-boxed elementor-section-height-default elementor-section-height-default\" data-eae-slider=\"53409\" data-id=\"9f5ecd3\" data-element_type=\"section\" data-settings=\"{&quot;background_background&quot;:&quot;classic&quot;}\">\n\t\t\t\t\t\t\t<div class=\"elementor-background-overlay\"><\/div>\n\t\t\t\t\t\t\t<div class=\"elementor-container elementor-column-gap-wide\">\n\t\t\t\t\t<div class=\"has_eae_slider elementor-column elementor-col-33 elementor-top-column elementor-element elementor-element-c8fdf38\" data-eae-slider=\"66316\" data-id=\"c8fdf38\" data-element_type=\"column\" data-settings=\"{&quot;background_background&quot;:&quot;classic&quot;}\">\n\t\t\t<div class=\"elementor-widget-wrap elementor-element-populated\">\n\t\t\t\t\t<div class=\"elementor-background-overlay\"><\/div>\n\t\t\t\t\t\t<div class=\"elementor-element elementor-element-11cbd88 elementor-widget__width-inherit elementor-widget elementor-widget-image\" data-id=\"11cbd88\" data-element_type=\"widget\" data-widget_type=\"image.default\">\n\t\t\t\t<div class=\"elementor-widget-container\">\n\t\t\t\t\t\t\t\t\t\t\t\t\t\t\t<img loading=\"lazy\" decoding=\"async\" width=\"800\" height=\"794\" src=\"https:\/\/gorskikotar.hr\/wp-content\/uploads\/2024\/11\/camino-gorski-logo.png\" class=\"attachment-large size-large wp-image-23741\" alt=\"\" srcset=\"https:\/\/gorskikotar.hr\/wp-content\/uploads\/2024\/11\/camino-gorski-logo.png 833w, https:\/\/gorskikotar.hr\/wp-content\/uploads\/2024\/11\/camino-gorski-logo-300x298.png 300w, https:\/\/gorskikotar.hr\/wp-content\/uploads\/2024\/11\/camino-gorski-logo-150x150.png 150w, https:\/\/gorskikotar.hr\/wp-content\/uploads\/2024\/11\/camino-gorski-logo-768x762.png 768w, https:\/\/gorskikotar.hr\/wp-content\/uploads\/2024\/11\/camino-gorski-logo-12x12.png 12w, https:\/\/gorskikotar.hr\/wp-content\/uploads\/2024\/11\/camino-gorski-logo-24x24.png 24w, https:\/\/gorskikotar.hr\/wp-content\/uploads\/2024\/11\/camino-gorski-logo-36x36.png 36w, https:\/\/gorskikotar.hr\/wp-content\/uploads\/2024\/11\/camino-gorski-logo-48x48.png 48w\" sizes=\"(max-width: 800px) 100vw, 800px\" \/>\t\t\t\t\t\t\t\t\t\t\t\t\t\t\t<\/div>\n\t\t\t\t<\/div>\n\t\t\t\t<div class=\"elementor-element elementor-element-4c946d2 elementor-widget__width-inherit elementor-widget elementor-widget-heading\" data-id=\"4c946d2\" data-element_type=\"widget\" data-widget_type=\"heading.default\">\n\t\t\t\t<div class=\"elementor-widget-container\">\n\t\t\t\t\t<h2 class=\"elementor-heading-title elementor-size-default\">Brod Moravice<\/h2>\t\t\t\t<\/div>\n\t\t\t\t<\/div>\n\t\t\t\t\t<\/div>\n\t\t<\/div>\n\t\t\t\t<div class=\"has_eae_slider elementor-column elementor-col-66 elementor-top-column elementor-element elementor-element-dd17f70\" data-eae-slider=\"20138\" data-id=\"dd17f70\" data-element_type=\"column\">\n\t\t\t<div class=\"elementor-widget-wrap elementor-element-populated\">\n\t\t\t\t\t\t<div class=\"elementor-element elementor-element-7131ddc elementor-widget elementor-widget-text-editor\" data-id=\"7131ddc\" data-element_type=\"widget\" data-widget_type=\"text-editor.default\">\n\t\t\t\t<div class=\"elementor-widget-container\">\n\t\t\t\t\t\t\t\t\t<p>De gemeente Brod Moravice ligt in het westelijke deel van Gorski kotar, op 560 m boven de zeespiegel. Als u een echte huiselijke sfeer wenst en de dorpse idylle of een kijkje wenst te nemen in de historie van het leven in Gorski kotar \u2013 dan is Brod Moravice een echte ontdekking. Dit kleine bergdorpje in de buurt van treinrails en de weg naar Zagreb wordt gekenmerkt door een prachtig uitzicht op de vallei van de Kupa.<\/p><p>Het gebied van Brodmorave is een echt etnocentrum met talrijje historische en sacrale monumenten. De toren Turanj Zrinski is het bekendste historische monument en is gebouwd aan het einde van de 16 eeuw door de vorst Zrinski ter verdediging tegen de Turken. Brod Moravice heeft ook het oudst, bewaarde huis in Gorski kotar \u2013 het huis Dela\u010d, gebouwd in het jaar 1644,  alsook het huis O\u017eani\u0107 (1826.) en het huis Ferderber (1766.). Het gebied staat vol met oude sacrale objecten meti n totaal 13 kapelletjes die een belangrijk en rijk cultuurhistorisch erfgoed vertegenwoordigen. Lang geleden in het jaar 1434 is de kerk van Sint Nicolaas gebouwd, die vier eeuwen late ris gerestaureerd. Een belangrijk monument is ook de Kerk van de Heilige Maria van \u0160kapular (Karmel) in Moravi\u010dka Sela, die voor het eerst wordt genoemd in het jaar 1633. De kerk van de Heilige Petrus en Paulus in Podstena heeft haar huidige staat verkregen na de restauratie in 1837. Het is belangrijk om te vermelden dat naast de Gerovska, de parochie van Brod Moravice de oudste is in Gorski kotar. <\/p>\t\t\t\t\t\t\t\t<\/div>\n\t\t\t\t<\/div>\n\t\t\t\t\t<\/div>\n\t\t<\/div>\n\t\t\t\t\t<\/div>\n\t\t<\/section>\n\t\t\t\t<section class=\"has_eae_slider elementor-section elementor-top-section elementor-element elementor-element-de8cd4b elementor-section-full_width elementor-section-height-default elementor-section-height-default\" data-eae-slider=\"53989\" data-id=\"de8cd4b\" data-element_type=\"section\" data-settings=\"{&quot;shape_divider_top&quot;:&quot;tilt&quot;,&quot;shape_divider_bottom&quot;:&quot;tilt&quot;}\">\n\t\t\t\t\t<div class=\"elementor-shape elementor-shape-top\" aria-hidden=\"true\" data-negative=\"false\">\n\t\t\t<svg xmlns=\"http:\/\/www.w3.org\/2000\/svg\" viewbox=\"0 0 1000 100\" preserveaspectratio=\"none\">\n\t<path class=\"elementor-shape-fill\" d=\"M0,6V0h1000v100L0,6z\"\/>\n<\/svg>\t\t<\/div>\n\t\t\t\t<div class=\"elementor-shape elementor-shape-bottom\" aria-hidden=\"true\" data-negative=\"false\">\n\t\t\t<svg xmlns=\"http:\/\/www.w3.org\/2000\/svg\" viewbox=\"0 0 1000 100\" preserveaspectratio=\"none\">\n\t<path class=\"elementor-shape-fill\" d=\"M0,6V0h1000v100L0,6z\"\/>\n<\/svg>\t\t<\/div>\n\t\t\t\t\t<div class=\"elementor-container elementor-column-gap-default\">\n\t\t\t\t\t<div class=\"has_eae_slider elementor-column elementor-col-100 elementor-top-column elementor-element elementor-element-3428df0\" data-eae-slider=\"30569\" data-id=\"3428df0\" data-element_type=\"column\">\n\t\t\t<div class=\"elementor-widget-wrap elementor-element-populated\">\n\t\t\t\t\t\t<div class=\"elementor-element elementor-element-da5ba26 elementor-widget elementor-widget-gallery\" data-id=\"da5ba26\" data-element_type=\"widget\" data-settings=\"{&quot;columns_tablet&quot;:4,&quot;columns_mobile&quot;:2,&quot;overlay_title&quot;:&quot;caption&quot;,&quot;gap&quot;:{&quot;unit&quot;:&quot;px&quot;,&quot;size&quot;:2,&quot;sizes&quot;:[]},&quot;lazyload&quot;:&quot;yes&quot;,&quot;gallery_layout&quot;:&quot;grid&quot;,&quot;columns&quot;:4,&quot;gap_tablet&quot;:{&quot;unit&quot;:&quot;px&quot;,&quot;size&quot;:10,&quot;sizes&quot;:[]},&quot;gap_mobile&quot;:{&quot;unit&quot;:&quot;px&quot;,&quot;size&quot;:10,&quot;sizes&quot;:[]},&quot;link_to&quot;:&quot;file&quot;,&quot;aspect_ratio&quot;:&quot;3:2&quot;,&quot;overlay_background&quot;:&quot;yes&quot;,&quot;content_hover_animation&quot;:&quot;fade-in&quot;}\" data-widget_type=\"gallery.default\">\n\t\t\t\t<div class=\"elementor-widget-container\">\n\t\t\t\t\t\t\t<div class=\"elementor-gallery__container\">\n\t\t\t\t\t\t\t<a class=\"e-gallery-item elementor-gallery-item elementor-animated-content\" href=\"https:\/\/gorskikotar.hr\/wp-content\/uploads\/2024\/11\/foto-1-Crkva-sv.-Duha-Male-Drage-1.jpg\" data-elementor-open-lightbox=\"yes\" data-elementor-lightbox-slideshow=\"da5ba26\" data-elementor-lightbox-title=\"foto 1 - Crkva sv. Duha, Male Drage\" data-e-action-hash=\"#elementor-action%3Aaction%3Dlightbox%26settings%3DeyJpZCI6MjM3NjMsInVybCI6Imh0dHBzOlwvXC9nb3Jza2lrb3Rhci5oclwvd3AtY29udGVudFwvdXBsb2Fkc1wvMjAyNFwvMTFcL2ZvdG8tMS1Dcmt2YS1zdi4tRHVoYS1NYWxlLURyYWdlLTEuanBnIiwic2xpZGVzaG93IjoiZGE1YmEyNiJ9\">\n\t\t\t\t\t<div class=\"e-gallery-image elementor-gallery-item__image\" data-thumbnail=\"https:\/\/gorskikotar.hr\/wp-content\/uploads\/2024\/11\/foto-1-Crkva-sv.-Duha-Male-Drage-1-768x946.jpg\" data-width=\"768\" data-height=\"946\" aria-label=\"\" role=\"img\" ><\/div>\n\t\t\t\t\t\t\t\t\t\t\t<div class=\"elementor-gallery-item__overlay\"><\/div>\n\t\t\t\t\t\t\t\t\t\t\t\t\t\t\t<div class=\"elementor-gallery-item__content\">\n\t\t\t\t\t\t\t\t\t\t\t<\/div>\n\t\t\t\t\t\t\t\t\t<\/a>\n\t\t\t\t\t\t\t<a class=\"e-gallery-item elementor-gallery-item elementor-animated-content\" href=\"https:\/\/gorskikotar.hr\/wp-content\/uploads\/2024\/11\/foto-2-raspelo-Male-Drage-1.jpg\" data-elementor-open-lightbox=\"yes\" data-elementor-lightbox-slideshow=\"da5ba26\" data-elementor-lightbox-title=\"foto 2 - raspelo Male Drage\" data-e-action-hash=\"#elementor-action%3Aaction%3Dlightbox%26settings%3DeyJpZCI6MjM3NjQsInVybCI6Imh0dHBzOlwvXC9nb3Jza2lrb3Rhci5oclwvd3AtY29udGVudFwvdXBsb2Fkc1wvMjAyNFwvMTFcL2ZvdG8tMi1yYXNwZWxvLU1hbGUtRHJhZ2UtMS5qcGciLCJzbGlkZXNob3ciOiJkYTViYTI2In0%3D\">\n\t\t\t\t\t<div class=\"e-gallery-image elementor-gallery-item__image\" data-thumbnail=\"https:\/\/gorskikotar.hr\/wp-content\/uploads\/2024\/11\/foto-2-raspelo-Male-Drage-1-768x941.jpg\" data-width=\"768\" data-height=\"941\" aria-label=\"\" role=\"img\" ><\/div>\n\t\t\t\t\t\t\t\t\t\t\t<div class=\"elementor-gallery-item__overlay\"><\/div>\n\t\t\t\t\t\t\t\t\t\t\t\t\t\t\t<div class=\"elementor-gallery-item__content\">\n\t\t\t\t\t\t\t\t\t\t\t<\/div>\n\t\t\t\t\t\t\t\t\t<\/a>\n\t\t\t\t\t\t\t<a class=\"e-gallery-item elementor-gallery-item elementor-animated-content\" href=\"https:\/\/gorskikotar.hr\/wp-content\/uploads\/2024\/11\/foto-3-raspelo-Kuti-1.jpg\" data-elementor-open-lightbox=\"yes\" data-elementor-lightbox-slideshow=\"da5ba26\" data-elementor-lightbox-title=\"foto 3 - raspelo Kuti\" data-e-action-hash=\"#elementor-action%3Aaction%3Dlightbox%26settings%3DeyJpZCI6MjM3NjUsInVybCI6Imh0dHBzOlwvXC9nb3Jza2lrb3Rhci5oclwvd3AtY29udGVudFwvdXBsb2Fkc1wvMjAyNFwvMTFcL2ZvdG8tMy1yYXNwZWxvLUt1dGktMS5qcGciLCJzbGlkZXNob3ciOiJkYTViYTI2In0%3D\">\n\t\t\t\t\t<div class=\"e-gallery-image elementor-gallery-item__image\" data-thumbnail=\"https:\/\/gorskikotar.hr\/wp-content\/uploads\/2024\/11\/foto-3-raspelo-Kuti-1-768x932.jpg\" data-width=\"768\" data-height=\"932\" aria-label=\"\" role=\"img\" ><\/div>\n\t\t\t\t\t\t\t\t\t\t\t<div class=\"elementor-gallery-item__overlay\"><\/div>\n\t\t\t\t\t\t\t\t\t\t\t\t\t\t\t<div class=\"elementor-gallery-item__content\">\n\t\t\t\t\t\t\t\t\t\t\t<\/div>\n\t\t\t\t\t\t\t\t\t<\/a>\n\t\t\t\t\t\t\t<a class=\"e-gallery-item elementor-gallery-item elementor-animated-content\" href=\"https:\/\/gorskikotar.hr\/wp-content\/uploads\/2024\/11\/foto-5-Kapela-sv.-Andrije-Kuti-1.jpg\" data-elementor-open-lightbox=\"yes\" data-elementor-lightbox-slideshow=\"da5ba26\" data-elementor-lightbox-title=\"foto 5 - Kapela sv. Andrije, Kuti\" data-e-action-hash=\"#elementor-action%3Aaction%3Dlightbox%26settings%3DeyJpZCI6MjM3NjYsInVybCI6Imh0dHBzOlwvXC9nb3Jza2lrb3Rhci5oclwvd3AtY29udGVudFwvdXBsb2Fkc1wvMjAyNFwvMTFcL2ZvdG8tNS1LYXBlbGEtc3YuLUFuZHJpamUtS3V0aS0xLmpwZyIsInNsaWRlc2hvdyI6ImRhNWJhMjYifQ%3D%3D\">\n\t\t\t\t\t<div class=\"e-gallery-image elementor-gallery-item__image\" data-thumbnail=\"https:\/\/gorskikotar.hr\/wp-content\/uploads\/2024\/11\/foto-5-Kapela-sv.-Andrije-Kuti-1-768x951.jpg\" data-width=\"768\" data-height=\"951\" aria-label=\"\" role=\"img\" ><\/div>\n\t\t\t\t\t\t\t\t\t\t\t<div class=\"elementor-gallery-item__overlay\"><\/div>\n\t\t\t\t\t\t\t\t\t\t\t\t\t\t\t<div class=\"elementor-gallery-item__content\">\n\t\t\t\t\t\t\t\t\t\t\t<\/div>\n\t\t\t\t\t\t\t\t\t<\/a>\n\t\t\t\t\t<\/div>\n\t\t\t\t\t<\/div>\n\t\t\t\t<\/div>\n\t\t\t\t\t<\/div>\n\t\t<\/div>\n\t\t\t\t\t<\/div>\n\t\t<\/section>\n\t\t\t\t<section class=\"has_eae_slider elementor-section elementor-top-section elementor-element elementor-element-6eef54f elementor-section-boxed elementor-section-height-default elementor-section-height-default\" data-eae-slider=\"84331\" data-id=\"6eef54f\" data-element_type=\"section\" data-settings=\"{&quot;background_background&quot;:&quot;classic&quot;}\">\n\t\t\t\t\t\t\t<div class=\"elementor-background-overlay\"><\/div>\n\t\t\t\t\t\t\t<div class=\"elementor-container elementor-column-gap-wide\">\n\t\t\t\t\t<div class=\"has_eae_slider elementor-column elementor-col-33 elementor-top-column elementor-element elementor-element-6f47bbc\" data-eae-slider=\"35051\" data-id=\"6f47bbc\" data-element_type=\"column\" data-settings=\"{&quot;background_background&quot;:&quot;classic&quot;}\">\n\t\t\t<div class=\"elementor-widget-wrap elementor-element-populated\">\n\t\t\t\t\t<div class=\"elementor-background-overlay\"><\/div>\n\t\t\t\t\t\t<div class=\"elementor-element elementor-element-ed2a51d elementor-widget__width-inherit elementor-widget elementor-widget-image\" data-id=\"ed2a51d\" data-element_type=\"widget\" data-widget_type=\"image.default\">\n\t\t\t\t<div class=\"elementor-widget-container\">\n\t\t\t\t\t\t\t\t\t\t\t\t\t\t\t<img loading=\"lazy\" decoding=\"async\" width=\"800\" height=\"794\" src=\"https:\/\/gorskikotar.hr\/wp-content\/uploads\/2024\/11\/camino-gorski-logo.png\" class=\"attachment-large size-large wp-image-23741\" alt=\"\" srcset=\"https:\/\/gorskikotar.hr\/wp-content\/uploads\/2024\/11\/camino-gorski-logo.png 833w, https:\/\/gorskikotar.hr\/wp-content\/uploads\/2024\/11\/camino-gorski-logo-300x298.png 300w, https:\/\/gorskikotar.hr\/wp-content\/uploads\/2024\/11\/camino-gorski-logo-150x150.png 150w, https:\/\/gorskikotar.hr\/wp-content\/uploads\/2024\/11\/camino-gorski-logo-768x762.png 768w, https:\/\/gorskikotar.hr\/wp-content\/uploads\/2024\/11\/camino-gorski-logo-12x12.png 12w, https:\/\/gorskikotar.hr\/wp-content\/uploads\/2024\/11\/camino-gorski-logo-24x24.png 24w, https:\/\/gorskikotar.hr\/wp-content\/uploads\/2024\/11\/camino-gorski-logo-36x36.png 36w, https:\/\/gorskikotar.hr\/wp-content\/uploads\/2024\/11\/camino-gorski-logo-48x48.png 48w\" sizes=\"(max-width: 800px) 100vw, 800px\" \/>\t\t\t\t\t\t\t\t\t\t\t\t\t\t\t<\/div>\n\t\t\t\t<\/div>\n\t\t\t\t<div class=\"elementor-element elementor-element-afff845 elementor-widget__width-inherit elementor-widget elementor-widget-heading\" data-id=\"afff845\" data-element_type=\"widget\" data-widget_type=\"heading.default\">\n\t\t\t\t<div class=\"elementor-widget-container\">\n\t\t\t\t\t<h2 class=\"elementor-heading-title elementor-size-default\">\u010cabar<\/h2>\t\t\t\t<\/div>\n\t\t\t\t<\/div>\n\t\t\t\t\t<\/div>\n\t\t<\/div>\n\t\t\t\t<div class=\"has_eae_slider elementor-column elementor-col-66 elementor-top-column elementor-element elementor-element-b5b2a5e\" data-eae-slider=\"85954\" data-id=\"b5b2a5e\" data-element_type=\"column\">\n\t\t\t<div class=\"elementor-widget-wrap elementor-element-populated\">\n\t\t\t\t\t\t<div class=\"elementor-element elementor-element-ebe7a9e elementor-widget elementor-widget-text-editor\" data-id=\"ebe7a9e\" data-element_type=\"widget\" data-widget_type=\"text-editor.default\">\n\t\t\t\t<div class=\"elementor-widget-container\">\n\t\t\t\t\t\t\t\t\t<p>Het gebied rond de stad \u010cabar is een van de allermooiste groene tuinen van Kroati\u00eb. Bijn 80 procent van de oppervlakte is bedekt met bos, zodat de plaatsen \u010cabar, Gerovo, Tr\u0161\u0107e, Prezid en Ple\u0161ce en andere echt ten volle kunt ademen netals iedereen die hier langskomt. De streek \u010cabar staat bekend om de heel mooie bron van de rivier \u010cabranka, prachtig vergezichten, bergweiden. \u010cabar heeft een indrukwekkende culturele schatten, van het kasteel Zrinski  tot waardevolle oude boeken over deze streek in Prezid en \u010cabar en een tentoonstelling van schilderijen van Vilim Sve\u010dnjak. De bedevaart naar de Sveta Gora (Heilige Berg) in het gebied van \u010cabar is onmisbaar en het is zeker ook de moeite waard om de kerk van de Heilige Antonius van Padua te bezoeken.<\/p><p>Het is ook nog waardevol om te noemen dat de eerste tekenen van leven in deze streek nog uit de tijd van het Illyrische-keltische volk de Japoden stammen uit de periode van de 9de tot de 4de eeuw voor Christus.<\/p>\t\t\t\t\t\t\t\t<\/div>\n\t\t\t\t<\/div>\n\t\t\t\t\t<\/div>\n\t\t<\/div>\n\t\t\t\t\t<\/div>\n\t\t<\/section>\n\t\t\t\t<section class=\"has_eae_slider elementor-section elementor-top-section elementor-element elementor-element-15a4015 elementor-section-full_width elementor-section-height-default elementor-section-height-default\" data-eae-slider=\"71987\" data-id=\"15a4015\" data-element_type=\"section\" data-settings=\"{&quot;shape_divider_top&quot;:&quot;tilt&quot;,&quot;shape_divider_bottom&quot;:&quot;tilt&quot;}\">\n\t\t\t\t\t<div class=\"elementor-shape elementor-shape-top\" aria-hidden=\"true\" data-negative=\"false\">\n\t\t\t<svg xmlns=\"http:\/\/www.w3.org\/2000\/svg\" viewbox=\"0 0 1000 100\" preserveaspectratio=\"none\">\n\t<path class=\"elementor-shape-fill\" d=\"M0,6V0h1000v100L0,6z\"\/>\n<\/svg>\t\t<\/div>\n\t\t\t\t<div class=\"elementor-shape elementor-shape-bottom\" aria-hidden=\"true\" data-negative=\"false\">\n\t\t\t<svg xmlns=\"http:\/\/www.w3.org\/2000\/svg\" viewbox=\"0 0 1000 100\" preserveaspectratio=\"none\">\n\t<path class=\"elementor-shape-fill\" d=\"M0,6V0h1000v100L0,6z\"\/>\n<\/svg>\t\t<\/div>\n\t\t\t\t\t<div class=\"elementor-container elementor-column-gap-default\">\n\t\t\t\t\t<div class=\"has_eae_slider elementor-column elementor-col-100 elementor-top-column elementor-element elementor-element-2e59d7e\" data-eae-slider=\"1434\" data-id=\"2e59d7e\" data-element_type=\"column\">\n\t\t\t<div class=\"elementor-widget-wrap elementor-element-populated\">\n\t\t\t\t\t\t<div class=\"elementor-element elementor-element-ee99eda elementor-widget elementor-widget-gallery\" data-id=\"ee99eda\" data-element_type=\"widget\" data-settings=\"{&quot;columns_tablet&quot;:4,&quot;columns_mobile&quot;:2,&quot;overlay_title&quot;:&quot;caption&quot;,&quot;gap&quot;:{&quot;unit&quot;:&quot;px&quot;,&quot;size&quot;:2,&quot;sizes&quot;:[]},&quot;lazyload&quot;:&quot;yes&quot;,&quot;gallery_layout&quot;:&quot;grid&quot;,&quot;columns&quot;:4,&quot;gap_tablet&quot;:{&quot;unit&quot;:&quot;px&quot;,&quot;size&quot;:10,&quot;sizes&quot;:[]},&quot;gap_mobile&quot;:{&quot;unit&quot;:&quot;px&quot;,&quot;size&quot;:10,&quot;sizes&quot;:[]},&quot;link_to&quot;:&quot;file&quot;,&quot;aspect_ratio&quot;:&quot;3:2&quot;,&quot;overlay_background&quot;:&quot;yes&quot;,&quot;content_hover_animation&quot;:&quot;fade-in&quot;}\" data-widget_type=\"gallery.default\">\n\t\t\t\t<div class=\"elementor-widget-container\">\n\t\t\t\t\t\t\t<div class=\"elementor-gallery__container\">\n\t\t\t\t\t\t\t<a class=\"e-gallery-item elementor-gallery-item elementor-animated-content\" href=\"https:\/\/gorskikotar.hr\/wp-content\/uploads\/2024\/11\/foto-7-Crkva-sv.-Nikole-Brod-Moravice-1.jpg\" data-elementor-open-lightbox=\"yes\" data-elementor-lightbox-slideshow=\"ee99eda\" data-elementor-lightbox-title=\"foto 7 - Crkva sv. Nikole, Brod Moravice\" data-e-action-hash=\"#elementor-action%3Aaction%3Dlightbox%26settings%3DeyJpZCI6MjM3NjcsInVybCI6Imh0dHBzOlwvXC9nb3Jza2lrb3Rhci5oclwvd3AtY29udGVudFwvdXBsb2Fkc1wvMjAyNFwvMTFcL2ZvdG8tNy1Dcmt2YS1zdi4tTmlrb2xlLUJyb2QtTW9yYXZpY2UtMS5qcGciLCJzbGlkZXNob3ciOiJlZTk5ZWRhIn0%3D\">\n\t\t\t\t\t<div class=\"e-gallery-image elementor-gallery-item__image\" data-thumbnail=\"https:\/\/gorskikotar.hr\/wp-content\/uploads\/2024\/11\/foto-7-Crkva-sv.-Nikole-Brod-Moravice-1-768x937.jpg\" data-width=\"768\" data-height=\"937\" aria-label=\"\" role=\"img\" ><\/div>\n\t\t\t\t\t\t\t\t\t\t\t<div class=\"elementor-gallery-item__overlay\"><\/div>\n\t\t\t\t\t\t\t\t\t\t\t\t\t\t\t<div class=\"elementor-gallery-item__content\">\n\t\t\t\t\t\t\t\t\t\t\t<\/div>\n\t\t\t\t\t\t\t\t\t<\/a>\n\t\t\t\t\t\t\t<a class=\"e-gallery-item elementor-gallery-item elementor-animated-content\" href=\"https:\/\/gorskikotar.hr\/wp-content\/uploads\/2024\/11\/foto-8-raspelo-Moravicka-Sela-1.jpg\" data-elementor-open-lightbox=\"yes\" data-elementor-lightbox-slideshow=\"ee99eda\" data-elementor-lightbox-title=\"foto 8 - raspelo Moravic\u030cka Sela\" data-e-action-hash=\"#elementor-action%3Aaction%3Dlightbox%26settings%3DeyJpZCI6MjM3NjgsInVybCI6Imh0dHBzOlwvXC9nb3Jza2lrb3Rhci5oclwvd3AtY29udGVudFwvdXBsb2Fkc1wvMjAyNFwvMTFcL2ZvdG8tOC1yYXNwZWxvLU1vcmF2aWNrYS1TZWxhLTEuanBnIiwic2xpZGVzaG93IjoiZWU5OWVkYSJ9\">\n\t\t\t\t\t<div class=\"e-gallery-image elementor-gallery-item__image\" data-thumbnail=\"https:\/\/gorskikotar.hr\/wp-content\/uploads\/2024\/11\/foto-8-raspelo-Moravicka-Sela-1-768x952.jpg\" data-width=\"768\" data-height=\"952\" aria-label=\"\" role=\"img\" ><\/div>\n\t\t\t\t\t\t\t\t\t\t\t<div class=\"elementor-gallery-item__overlay\"><\/div>\n\t\t\t\t\t\t\t\t\t\t\t\t\t\t\t<div class=\"elementor-gallery-item__content\">\n\t\t\t\t\t\t\t\t\t\t\t<\/div>\n\t\t\t\t\t\t\t\t\t<\/a>\n\t\t\t\t\t\t\t<a class=\"e-gallery-item elementor-gallery-item elementor-animated-content\" href=\"https:\/\/gorskikotar.hr\/wp-content\/uploads\/2024\/11\/foto-9-Crkva-Majke-Bozje-Skapularske-Moravicka-Sela-1.jpg\" data-elementor-open-lightbox=\"yes\" data-elementor-lightbox-slideshow=\"ee99eda\" data-elementor-lightbox-title=\"foto 9 - Crkva Majke Boz\u030cje S\u030ckapularske, Moravic\u030cka Sela\" data-e-action-hash=\"#elementor-action%3Aaction%3Dlightbox%26settings%3DeyJpZCI6MjM3NjksInVybCI6Imh0dHBzOlwvXC9nb3Jza2lrb3Rhci5oclwvd3AtY29udGVudFwvdXBsb2Fkc1wvMjAyNFwvMTFcL2ZvdG8tOS1Dcmt2YS1NYWprZS1Cb3pqZS1Ta2FwdWxhcnNrZS1Nb3Jhdmlja2EtU2VsYS0xLmpwZyIsInNsaWRlc2hvdyI6ImVlOTllZGEifQ%3D%3D\">\n\t\t\t\t\t<div class=\"e-gallery-image elementor-gallery-item__image\" data-thumbnail=\"https:\/\/gorskikotar.hr\/wp-content\/uploads\/2024\/11\/foto-9-Crkva-Majke-Bozje-Skapularske-Moravicka-Sela-1-768x938.jpg\" data-width=\"768\" data-height=\"938\" aria-label=\"\" role=\"img\" ><\/div>\n\t\t\t\t\t\t\t\t\t\t\t<div class=\"elementor-gallery-item__overlay\"><\/div>\n\t\t\t\t\t\t\t\t\t\t\t\t\t\t\t<div class=\"elementor-gallery-item__content\">\n\t\t\t\t\t\t\t\t\t\t\t<\/div>\n\t\t\t\t\t\t\t\t\t<\/a>\n\t\t\t\t\t\t\t<a class=\"e-gallery-item elementor-gallery-item elementor-animated-content\" href=\"https:\/\/gorskikotar.hr\/wp-content\/uploads\/2024\/11\/foto-18-Crkva-sv.-Petra-i-Pavla-Kocijani-1.jpg\" data-elementor-open-lightbox=\"yes\" data-elementor-lightbox-slideshow=\"ee99eda\" data-elementor-lightbox-title=\"foto 18 - Crkva sv. Petra i Pavla, Kocijani\" data-e-action-hash=\"#elementor-action%3Aaction%3Dlightbox%26settings%3DeyJpZCI6MjM3NzAsInVybCI6Imh0dHBzOlwvXC9nb3Jza2lrb3Rhci5oclwvd3AtY29udGVudFwvdXBsb2Fkc1wvMjAyNFwvMTFcL2ZvdG8tMTgtQ3JrdmEtc3YuLVBldHJhLWktUGF2bGEtS29jaWphbmktMS5qcGciLCJzbGlkZXNob3ciOiJlZTk5ZWRhIn0%3D\">\n\t\t\t\t\t<div class=\"e-gallery-image elementor-gallery-item__image\" data-thumbnail=\"https:\/\/gorskikotar.hr\/wp-content\/uploads\/2024\/11\/foto-18-Crkva-sv.-Petra-i-Pavla-Kocijani-1-768x938.jpg\" data-width=\"768\" data-height=\"938\" aria-label=\"\" role=\"img\" ><\/div>\n\t\t\t\t\t\t\t\t\t\t\t<div class=\"elementor-gallery-item__overlay\"><\/div>\n\t\t\t\t\t\t\t\t\t\t\t\t\t\t\t<div class=\"elementor-gallery-item__content\">\n\t\t\t\t\t\t\t\t\t\t\t<\/div>\n\t\t\t\t\t\t\t\t\t<\/a>\n\t\t\t\t\t<\/div>\n\t\t\t\t\t<\/div>\n\t\t\t\t<\/div>\n\t\t\t\t\t<\/div>\n\t\t<\/div>\n\t\t\t\t\t<\/div>\n\t\t<\/section>\n\t\t\t\t<section class=\"has_eae_slider elementor-section elementor-top-section elementor-element elementor-element-04963a4 elementor-section-boxed elementor-section-height-default elementor-section-height-default\" data-eae-slider=\"63137\" data-id=\"04963a4\" data-element_type=\"section\" data-settings=\"{&quot;background_background&quot;:&quot;classic&quot;}\">\n\t\t\t\t\t\t\t<div class=\"elementor-background-overlay\"><\/div>\n\t\t\t\t\t\t\t<div class=\"elementor-container elementor-column-gap-wide\">\n\t\t\t\t\t<div class=\"has_eae_slider elementor-column elementor-col-33 elementor-top-column elementor-element elementor-element-31e4812\" data-eae-slider=\"24981\" data-id=\"31e4812\" data-element_type=\"column\" data-settings=\"{&quot;background_background&quot;:&quot;classic&quot;}\">\n\t\t\t<div class=\"elementor-widget-wrap elementor-element-populated\">\n\t\t\t\t\t<div class=\"elementor-background-overlay\"><\/div>\n\t\t\t\t\t\t<div class=\"elementor-element elementor-element-e9be43b elementor-widget__width-inherit elementor-widget elementor-widget-image\" data-id=\"e9be43b\" data-element_type=\"widget\" data-widget_type=\"image.default\">\n\t\t\t\t<div class=\"elementor-widget-container\">\n\t\t\t\t\t\t\t\t\t\t\t\t\t\t\t<img loading=\"lazy\" decoding=\"async\" width=\"800\" height=\"794\" src=\"https:\/\/gorskikotar.hr\/wp-content\/uploads\/2024\/11\/camino-gorski-logo.png\" class=\"attachment-large size-large wp-image-23741\" alt=\"\" srcset=\"https:\/\/gorskikotar.hr\/wp-content\/uploads\/2024\/11\/camino-gorski-logo.png 833w, https:\/\/gorskikotar.hr\/wp-content\/uploads\/2024\/11\/camino-gorski-logo-300x298.png 300w, https:\/\/gorskikotar.hr\/wp-content\/uploads\/2024\/11\/camino-gorski-logo-150x150.png 150w, https:\/\/gorskikotar.hr\/wp-content\/uploads\/2024\/11\/camino-gorski-logo-768x762.png 768w, https:\/\/gorskikotar.hr\/wp-content\/uploads\/2024\/11\/camino-gorski-logo-12x12.png 12w, https:\/\/gorskikotar.hr\/wp-content\/uploads\/2024\/11\/camino-gorski-logo-24x24.png 24w, https:\/\/gorskikotar.hr\/wp-content\/uploads\/2024\/11\/camino-gorski-logo-36x36.png 36w, https:\/\/gorskikotar.hr\/wp-content\/uploads\/2024\/11\/camino-gorski-logo-48x48.png 48w\" sizes=\"(max-width: 800px) 100vw, 800px\" \/>\t\t\t\t\t\t\t\t\t\t\t\t\t\t\t<\/div>\n\t\t\t\t<\/div>\n\t\t\t\t<div class=\"elementor-element elementor-element-a635f2f elementor-widget__width-inherit elementor-widget elementor-widget-heading\" data-id=\"a635f2f\" data-element_type=\"widget\" data-widget_type=\"heading.default\">\n\t\t\t\t<div class=\"elementor-widget-container\">\n\t\t\t\t\t<h2 class=\"elementor-heading-title elementor-size-default\">Delnice<\/h2>\t\t\t\t<\/div>\n\t\t\t\t<\/div>\n\t\t\t\t\t<\/div>\n\t\t<\/div>\n\t\t\t\t<div class=\"has_eae_slider elementor-column elementor-col-66 elementor-top-column elementor-element elementor-element-1c1c3ca\" data-eae-slider=\"57062\" data-id=\"1c1c3ca\" data-element_type=\"column\">\n\t\t\t<div class=\"elementor-widget-wrap elementor-element-populated\">\n\t\t\t\t\t\t<div class=\"elementor-element elementor-element-edd6b0a elementor-widget elementor-widget-text-editor\" data-id=\"edd6b0a\" data-element_type=\"widget\" data-widget_type=\"text-editor.default\">\n\t\t\t\t<div class=\"elementor-widget-container\">\n\t\t\t\t\t\t\t\t\t<p>Het gebied om de stad Delnice wordt gevormd door Het klavertje drie van Delnice: Delnice, de Crni-Lug &amp; Risnjak streek en de vallei van de Kupa. Delnice bevindt zich in het midden van Gorski Kotar en is de grootste stad in dit gebied, gelegen op een hoogte van 700 meter en omgeven door de bergtoppen Drgomlje, Petehovac en Japlen\u0161ki. Delnice is de hoogstgelegen stad in Kroati\u00eb en is bijzonder geschikt voor hoogte- trainingen van sporters. Crni Lug is een idyllisch bergplaatsje, dat in de winter wit is en in de zomer een bloemenpracht vormt bij de ingang van het nationale park Risnjak. De Kupa en Brodska vallei met de prachtige rivier de Kupa biedt activiteiten op het water: kano\u00ebn, kajakken of raften, sportvissen, vliegvissen, zwemmen en de onvergetelijke belevenis van het schone bergwater. De grootste plaats langs de bovenste tak van de Kupa is Brod na Kupi, die in het centrum wordt gedomineerd door het pittoreske kasteel van de familie Zrinski uit de 17de eeuw, waarin de blijvende tentoonstelling staat: \u201eDivljina s pogledom na more\u201c (\u201eEen wildernis met uitzicht op zee\u201c) en het interpretatiecentrum Putovima Frankopana (Langs de wegen van Frankopan). Achter de vesting bevindt zich de kerk van de Heilige Maria Magdalena die gebouwd is in het jaar 1670.<\/p>\t\t\t\t\t\t\t\t<\/div>\n\t\t\t\t<\/div>\n\t\t\t\t\t<\/div>\n\t\t<\/div>\n\t\t\t\t\t<\/div>\n\t\t<\/section>\n\t\t\t\t<section class=\"has_eae_slider elementor-section elementor-top-section elementor-element elementor-element-e9aace1 elementor-section-full_width elementor-section-height-default elementor-section-height-default\" data-eae-slider=\"16557\" data-id=\"e9aace1\" data-element_type=\"section\" data-settings=\"{&quot;shape_divider_top&quot;:&quot;tilt&quot;,&quot;shape_divider_bottom&quot;:&quot;tilt&quot;}\">\n\t\t\t\t\t<div class=\"elementor-shape elementor-shape-top\" aria-hidden=\"true\" data-negative=\"false\">\n\t\t\t<svg xmlns=\"http:\/\/www.w3.org\/2000\/svg\" viewbox=\"0 0 1000 100\" preserveaspectratio=\"none\">\n\t<path class=\"elementor-shape-fill\" d=\"M0,6V0h1000v100L0,6z\"\/>\n<\/svg>\t\t<\/div>\n\t\t\t\t<div class=\"elementor-shape elementor-shape-bottom\" aria-hidden=\"true\" data-negative=\"false\">\n\t\t\t<svg xmlns=\"http:\/\/www.w3.org\/2000\/svg\" viewbox=\"0 0 1000 100\" preserveaspectratio=\"none\">\n\t<path class=\"elementor-shape-fill\" d=\"M0,6V0h1000v100L0,6z\"\/>\n<\/svg>\t\t<\/div>\n\t\t\t\t\t<div class=\"elementor-container elementor-column-gap-default\">\n\t\t\t\t\t<div class=\"has_eae_slider elementor-column elementor-col-100 elementor-top-column elementor-element elementor-element-14b35bb\" data-eae-slider=\"46660\" data-id=\"14b35bb\" data-element_type=\"column\">\n\t\t\t<div class=\"elementor-widget-wrap elementor-element-populated\">\n\t\t\t\t\t\t<div class=\"elementor-element elementor-element-5e24b34 elementor-widget elementor-widget-gallery\" data-id=\"5e24b34\" data-element_type=\"widget\" data-settings=\"{&quot;columns_tablet&quot;:4,&quot;columns_mobile&quot;:2,&quot;overlay_title&quot;:&quot;caption&quot;,&quot;gap&quot;:{&quot;unit&quot;:&quot;px&quot;,&quot;size&quot;:2,&quot;sizes&quot;:[]},&quot;lazyload&quot;:&quot;yes&quot;,&quot;gallery_layout&quot;:&quot;grid&quot;,&quot;columns&quot;:4,&quot;gap_tablet&quot;:{&quot;unit&quot;:&quot;px&quot;,&quot;size&quot;:10,&quot;sizes&quot;:[]},&quot;gap_mobile&quot;:{&quot;unit&quot;:&quot;px&quot;,&quot;size&quot;:10,&quot;sizes&quot;:[]},&quot;link_to&quot;:&quot;file&quot;,&quot;aspect_ratio&quot;:&quot;3:2&quot;,&quot;overlay_background&quot;:&quot;yes&quot;,&quot;content_hover_animation&quot;:&quot;fade-in&quot;}\" data-widget_type=\"gallery.default\">\n\t\t\t\t<div class=\"elementor-widget-container\">\n\t\t\t\t\t\t\t<div class=\"elementor-gallery__container\">\n\t\t\t\t\t\t\t<a class=\"e-gallery-item elementor-gallery-item elementor-animated-content\" href=\"https:\/\/gorskikotar.hr\/wp-content\/uploads\/2024\/11\/foto-19-raspelo-Planica-1.jpg\" data-elementor-open-lightbox=\"yes\" data-elementor-lightbox-slideshow=\"5e24b34\" data-elementor-lightbox-title=\"foto 19 - raspelo Planica\" data-e-action-hash=\"#elementor-action%3Aaction%3Dlightbox%26settings%3DeyJpZCI6MjM3NzEsInVybCI6Imh0dHBzOlwvXC9nb3Jza2lrb3Rhci5oclwvd3AtY29udGVudFwvdXBsb2Fkc1wvMjAyNFwvMTFcL2ZvdG8tMTktcmFzcGVsby1QbGFuaWNhLTEuanBnIiwic2xpZGVzaG93IjoiNWUyNGIzNCJ9\">\n\t\t\t\t\t<div class=\"e-gallery-image elementor-gallery-item__image\" data-thumbnail=\"https:\/\/gorskikotar.hr\/wp-content\/uploads\/2024\/11\/foto-19-raspelo-Planica-1-768x945.jpg\" data-width=\"768\" data-height=\"945\" aria-label=\"\" role=\"img\" ><\/div>\n\t\t\t\t\t\t\t\t\t\t\t<div class=\"elementor-gallery-item__overlay\"><\/div>\n\t\t\t\t\t\t\t\t\t\t\t\t\t\t\t<div class=\"elementor-gallery-item__content\">\n\t\t\t\t\t\t\t\t\t\t\t<\/div>\n\t\t\t\t\t\t\t\t\t<\/a>\n\t\t\t\t\t\t\t<a class=\"e-gallery-item elementor-gallery-item elementor-animated-content\" href=\"https:\/\/gorskikotar.hr\/wp-content\/uploads\/2024\/11\/foto-20-raspelo-selo-Kupa-1.jpg\" data-elementor-open-lightbox=\"yes\" data-elementor-lightbox-slideshow=\"5e24b34\" data-elementor-lightbox-title=\"foto 20 - raspelo selo Kupa\" data-e-action-hash=\"#elementor-action%3Aaction%3Dlightbox%26settings%3DeyJpZCI6MjM3NzIsInVybCI6Imh0dHBzOlwvXC9nb3Jza2lrb3Rhci5oclwvd3AtY29udGVudFwvdXBsb2Fkc1wvMjAyNFwvMTFcL2ZvdG8tMjAtcmFzcGVsby1zZWxvLUt1cGEtMS5qcGciLCJzbGlkZXNob3ciOiI1ZTI0YjM0In0%3D\">\n\t\t\t\t\t<div class=\"e-gallery-image elementor-gallery-item__image\" data-thumbnail=\"https:\/\/gorskikotar.hr\/wp-content\/uploads\/2024\/11\/foto-20-raspelo-selo-Kupa-1-768x951.jpg\" data-width=\"768\" data-height=\"951\" aria-label=\"\" role=\"img\" ><\/div>\n\t\t\t\t\t\t\t\t\t\t\t<div class=\"elementor-gallery-item__overlay\"><\/div>\n\t\t\t\t\t\t\t\t\t\t\t\t\t\t\t<div class=\"elementor-gallery-item__content\">\n\t\t\t\t\t\t\t\t\t\t\t<\/div>\n\t\t\t\t\t\t\t\t\t<\/a>\n\t\t\t\t\t\t\t<a class=\"e-gallery-item elementor-gallery-item elementor-animated-content\" href=\"https:\/\/gorskikotar.hr\/wp-content\/uploads\/2024\/11\/foto-1-put-Sunger-Lucice-raspelo.jpg\" data-elementor-open-lightbox=\"yes\" data-elementor-lightbox-slideshow=\"5e24b34\" data-elementor-lightbox-title=\"foto 1 - put Sunger - Luc\u030cice raspelo\" data-e-action-hash=\"#elementor-action%3Aaction%3Dlightbox%26settings%3DeyJpZCI6MjM3NzMsInVybCI6Imh0dHBzOlwvXC9nb3Jza2lrb3Rhci5oclwvd3AtY29udGVudFwvdXBsb2Fkc1wvMjAyNFwvMTFcL2ZvdG8tMS1wdXQtU3VuZ2VyLUx1Y2ljZS1yYXNwZWxvLmpwZyIsInNsaWRlc2hvdyI6IjVlMjRiMzQifQ%3D%3D\">\n\t\t\t\t\t<div class=\"e-gallery-image elementor-gallery-item__image\" data-thumbnail=\"https:\/\/gorskikotar.hr\/wp-content\/uploads\/2024\/11\/foto-1-put-Sunger-Lucice-raspelo-768x943.jpg\" data-width=\"768\" data-height=\"943\" aria-label=\"\" role=\"img\" ><\/div>\n\t\t\t\t\t\t\t\t\t\t\t<div class=\"elementor-gallery-item__overlay\"><\/div>\n\t\t\t\t\t\t\t\t\t\t\t\t\t\t\t<div class=\"elementor-gallery-item__content\">\n\t\t\t\t\t\t\t\t\t\t\t<\/div>\n\t\t\t\t\t\t\t\t\t<\/a>\n\t\t\t\t\t\t\t<a class=\"e-gallery-item elementor-gallery-item elementor-animated-content\" href=\"https:\/\/gorskikotar.hr\/wp-content\/uploads\/2024\/11\/foto-2-crkva-Sv.-Ivana-Krstitelja-Delnice.jpg\" data-elementor-open-lightbox=\"yes\" data-elementor-lightbox-slideshow=\"5e24b34\" data-elementor-lightbox-title=\"foto 2 - crkva Sv. Ivana Krstitelja, Delnice\" data-e-action-hash=\"#elementor-action%3Aaction%3Dlightbox%26settings%3DeyJpZCI6MjM3NzQsInVybCI6Imh0dHBzOlwvXC9nb3Jza2lrb3Rhci5oclwvd3AtY29udGVudFwvdXBsb2Fkc1wvMjAyNFwvMTFcL2ZvdG8tMi1jcmt2YS1Tdi4tSXZhbmEtS3JzdGl0ZWxqYS1EZWxuaWNlLmpwZyIsInNsaWRlc2hvdyI6IjVlMjRiMzQifQ%3D%3D\">\n\t\t\t\t\t<div class=\"e-gallery-image elementor-gallery-item__image\" data-thumbnail=\"https:\/\/gorskikotar.hr\/wp-content\/uploads\/2024\/11\/foto-2-crkva-Sv.-Ivana-Krstitelja-Delnice-768x953.jpg\" data-width=\"768\" data-height=\"953\" aria-label=\"\" role=\"img\" ><\/div>\n\t\t\t\t\t\t\t\t\t\t\t<div class=\"elementor-gallery-item__overlay\"><\/div>\n\t\t\t\t\t\t\t\t\t\t\t\t\t\t\t<div class=\"elementor-gallery-item__content\">\n\t\t\t\t\t\t\t\t\t\t\t<\/div>\n\t\t\t\t\t\t\t\t\t<\/a>\n\t\t\t\t\t<\/div>\n\t\t\t\t\t<\/div>\n\t\t\t\t<\/div>\n\t\t\t\t\t<\/div>\n\t\t<\/div>\n\t\t\t\t\t<\/div>\n\t\t<\/section>\n\t\t\t\t<section class=\"has_eae_slider elementor-section elementor-top-section elementor-element elementor-element-6f48128 elementor-section-boxed elementor-section-height-default elementor-section-height-default\" data-eae-slider=\"8806\" data-id=\"6f48128\" data-element_type=\"section\" data-settings=\"{&quot;background_background&quot;:&quot;classic&quot;}\">\n\t\t\t\t\t\t\t<div class=\"elementor-background-overlay\"><\/div>\n\t\t\t\t\t\t\t<div class=\"elementor-container elementor-column-gap-wide\">\n\t\t\t\t\t<div class=\"has_eae_slider elementor-column elementor-col-33 elementor-top-column elementor-element elementor-element-4642e4a\" data-eae-slider=\"45390\" data-id=\"4642e4a\" data-element_type=\"column\" data-settings=\"{&quot;background_background&quot;:&quot;classic&quot;}\">\n\t\t\t<div class=\"elementor-widget-wrap elementor-element-populated\">\n\t\t\t\t\t<div class=\"elementor-background-overlay\"><\/div>\n\t\t\t\t\t\t<div class=\"elementor-element elementor-element-04efe85 elementor-widget__width-inherit elementor-widget elementor-widget-image\" data-id=\"04efe85\" data-element_type=\"widget\" data-widget_type=\"image.default\">\n\t\t\t\t<div class=\"elementor-widget-container\">\n\t\t\t\t\t\t\t\t\t\t\t\t\t\t\t<img loading=\"lazy\" decoding=\"async\" width=\"800\" height=\"794\" src=\"https:\/\/gorskikotar.hr\/wp-content\/uploads\/2024\/11\/camino-gorski-logo.png\" class=\"attachment-large size-large wp-image-23741\" alt=\"\" srcset=\"https:\/\/gorskikotar.hr\/wp-content\/uploads\/2024\/11\/camino-gorski-logo.png 833w, https:\/\/gorskikotar.hr\/wp-content\/uploads\/2024\/11\/camino-gorski-logo-300x298.png 300w, https:\/\/gorskikotar.hr\/wp-content\/uploads\/2024\/11\/camino-gorski-logo-150x150.png 150w, https:\/\/gorskikotar.hr\/wp-content\/uploads\/2024\/11\/camino-gorski-logo-768x762.png 768w, https:\/\/gorskikotar.hr\/wp-content\/uploads\/2024\/11\/camino-gorski-logo-12x12.png 12w, https:\/\/gorskikotar.hr\/wp-content\/uploads\/2024\/11\/camino-gorski-logo-24x24.png 24w, https:\/\/gorskikotar.hr\/wp-content\/uploads\/2024\/11\/camino-gorski-logo-36x36.png 36w, https:\/\/gorskikotar.hr\/wp-content\/uploads\/2024\/11\/camino-gorski-logo-48x48.png 48w\" sizes=\"(max-width: 800px) 100vw, 800px\" \/>\t\t\t\t\t\t\t\t\t\t\t\t\t\t\t<\/div>\n\t\t\t\t<\/div>\n\t\t\t\t<div class=\"elementor-element elementor-element-04c8528 elementor-widget__width-inherit elementor-widget elementor-widget-heading\" data-id=\"04c8528\" data-element_type=\"widget\" data-widget_type=\"heading.default\">\n\t\t\t\t<div class=\"elementor-widget-container\">\n\t\t\t\t\t<h2 class=\"elementor-heading-title elementor-size-default\">Fu\u017eine<\/h2>\t\t\t\t<\/div>\n\t\t\t\t<\/div>\n\t\t\t\t\t<\/div>\n\t\t<\/div>\n\t\t\t\t<div class=\"has_eae_slider elementor-column elementor-col-66 elementor-top-column elementor-element elementor-element-1445f42\" data-eae-slider=\"81870\" data-id=\"1445f42\" data-element_type=\"column\">\n\t\t\t<div class=\"elementor-widget-wrap elementor-element-populated\">\n\t\t\t\t\t\t<div class=\"elementor-element elementor-element-3cc0d85 elementor-widget elementor-widget-text-editor\" data-id=\"3cc0d85\" data-element_type=\"widget\" data-widget_type=\"text-editor.default\">\n\t\t\t\t<div class=\"elementor-widget-container\">\n\t\t\t\t\t\t\t\t\t<p>De gemeente Fu\u017eine is een bekende toeristische bestemming in het bergachtige deel van Kroati\u00eb met een lange toeristische traditie en is slechts 30 kilometer van de zee verwijderd. De drie prachtige meren \u2013 Bajer, Lepenice en Potko\u0161 sieren dit prachtige deel van Gorski kotar waar de gemeente Fu\u017eine de naam 'Bergriviera' aan dankt. In de zomer kunt u verkoeling zoeken in de meren, in een sloep varen, kano\u00ebn, met een toeristenboot varen of genieten van de vissport. De fiets- en wandelpaden, de promenades, het uitkijkpunt Preradovi\u0107, de grot Vrelo, de etnografische tentoonstelling en het overige toeristische aanbod bieden talrijke mogelijkheden voor een actieve vakantie. De gemeente Fu\u017eine wordt gesierd door de grootste kerk in Gorski kotar \u2013 de kerk van de Heilige Antonius. De oudste kerk is de kerk van de Heilige Joris in Li\u010d uit het jaar 1662. In Vrata bevindt zich de Onze-Lieve-Vrouwe-van Lourdeskerk, en Benkovac Fu\u017einski wordt gesierd door de kapel van het Heilige kruis. Het heiligdom van de Onze-lieve-vrouwe van Snje\u017ena in Li\u010dko polje is een plek voor vele gelovigen en bedevaartgangers, vooral op 5 augustus wanneer het grootste feest wordt gevierd. Deze traditie draagt bij aan het spirituele en culturele leven en maakt dit heiligdom tot een belangrijke plaats voor geloofsbijeenkomsten.<\/p>\t\t\t\t\t\t\t\t<\/div>\n\t\t\t\t<\/div>\n\t\t\t\t\t<\/div>\n\t\t<\/div>\n\t\t\t\t\t<\/div>\n\t\t<\/section>\n\t\t\t\t<section class=\"has_eae_slider elementor-section elementor-top-section elementor-element elementor-element-0d6fe54 elementor-section-full_width elementor-section-height-default elementor-section-height-default\" data-eae-slider=\"28910\" data-id=\"0d6fe54\" data-element_type=\"section\" data-settings=\"{&quot;shape_divider_top&quot;:&quot;tilt&quot;,&quot;shape_divider_bottom&quot;:&quot;tilt&quot;}\">\n\t\t\t\t\t<div class=\"elementor-shape elementor-shape-top\" aria-hidden=\"true\" data-negative=\"false\">\n\t\t\t<svg xmlns=\"http:\/\/www.w3.org\/2000\/svg\" viewbox=\"0 0 1000 100\" preserveaspectratio=\"none\">\n\t<path class=\"elementor-shape-fill\" d=\"M0,6V0h1000v100L0,6z\"\/>\n<\/svg>\t\t<\/div>\n\t\t\t\t<div class=\"elementor-shape elementor-shape-bottom\" aria-hidden=\"true\" data-negative=\"false\">\n\t\t\t<svg xmlns=\"http:\/\/www.w3.org\/2000\/svg\" viewbox=\"0 0 1000 100\" preserveaspectratio=\"none\">\n\t<path class=\"elementor-shape-fill\" d=\"M0,6V0h1000v100L0,6z\"\/>\n<\/svg>\t\t<\/div>\n\t\t\t\t\t<div class=\"elementor-container elementor-column-gap-default\">\n\t\t\t\t\t<div class=\"has_eae_slider elementor-column elementor-col-100 elementor-top-column elementor-element elementor-element-5a8958d\" data-eae-slider=\"39069\" data-id=\"5a8958d\" data-element_type=\"column\">\n\t\t\t<div class=\"elementor-widget-wrap elementor-element-populated\">\n\t\t\t\t\t\t<div class=\"elementor-element elementor-element-8b3613b elementor-widget elementor-widget-gallery\" data-id=\"8b3613b\" data-element_type=\"widget\" data-settings=\"{&quot;columns_tablet&quot;:4,&quot;columns_mobile&quot;:2,&quot;overlay_title&quot;:&quot;caption&quot;,&quot;gap&quot;:{&quot;unit&quot;:&quot;px&quot;,&quot;size&quot;:2,&quot;sizes&quot;:[]},&quot;lazyload&quot;:&quot;yes&quot;,&quot;gallery_layout&quot;:&quot;grid&quot;,&quot;columns&quot;:4,&quot;gap_tablet&quot;:{&quot;unit&quot;:&quot;px&quot;,&quot;size&quot;:10,&quot;sizes&quot;:[]},&quot;gap_mobile&quot;:{&quot;unit&quot;:&quot;px&quot;,&quot;size&quot;:10,&quot;sizes&quot;:[]},&quot;link_to&quot;:&quot;file&quot;,&quot;aspect_ratio&quot;:&quot;3:2&quot;,&quot;overlay_background&quot;:&quot;yes&quot;,&quot;content_hover_animation&quot;:&quot;fade-in&quot;}\" data-widget_type=\"gallery.default\">\n\t\t\t\t<div class=\"elementor-widget-container\">\n\t\t\t\t\t\t\t<div class=\"elementor-gallery__container\">\n\t\t\t\t\t\t\t<a class=\"e-gallery-item elementor-gallery-item elementor-animated-content\" href=\"https:\/\/gorskikotar.hr\/wp-content\/uploads\/2024\/11\/foto-4-kapelica-Majke-Bozje-Bistricke-Gornje-Tihovo.jpg\" data-elementor-open-lightbox=\"yes\" data-elementor-lightbox-slideshow=\"8b3613b\" data-elementor-lightbox-title=\"foto 4 - kapelica Majke Boz\u030cje Bistric\u030cke, Gornje Tihovo\" data-e-action-hash=\"#elementor-action%3Aaction%3Dlightbox%26settings%3DeyJpZCI6MjM3NzUsInVybCI6Imh0dHBzOlwvXC9nb3Jza2lrb3Rhci5oclwvd3AtY29udGVudFwvdXBsb2Fkc1wvMjAyNFwvMTFcL2ZvdG8tNC1rYXBlbGljYS1NYWprZS1Cb3pqZS1CaXN0cmlja2UtR29ybmplLVRpaG92by5qcGciLCJzbGlkZXNob3ciOiI4YjM2MTNiIn0%3D\">\n\t\t\t\t\t<div class=\"e-gallery-image elementor-gallery-item__image\" data-thumbnail=\"https:\/\/gorskikotar.hr\/wp-content\/uploads\/2024\/11\/foto-4-kapelica-Majke-Bozje-Bistricke-Gornje-Tihovo-768x947.jpg\" data-width=\"768\" data-height=\"947\" aria-label=\"\" role=\"img\" ><\/div>\n\t\t\t\t\t\t\t\t\t\t\t<div class=\"elementor-gallery-item__overlay\"><\/div>\n\t\t\t\t\t\t\t\t\t\t\t\t\t\t\t<div class=\"elementor-gallery-item__content\">\n\t\t\t\t\t\t\t\t\t\t\t<\/div>\n\t\t\t\t\t\t\t\t\t<\/a>\n\t\t\t\t\t\t\t<a class=\"e-gallery-item elementor-gallery-item elementor-animated-content\" href=\"https:\/\/gorskikotar.hr\/wp-content\/uploads\/2024\/11\/foto-5-crkva-Sv.-Marije-Magdalene-Brod-na-Kupi.jpg\" data-elementor-open-lightbox=\"yes\" data-elementor-lightbox-slideshow=\"8b3613b\" data-elementor-lightbox-title=\"foto 5 - crkva Sv. Marije Magdalene, Brod na Kupi\" data-e-action-hash=\"#elementor-action%3Aaction%3Dlightbox%26settings%3DeyJpZCI6MjM3NzYsInVybCI6Imh0dHBzOlwvXC9nb3Jza2lrb3Rhci5oclwvd3AtY29udGVudFwvdXBsb2Fkc1wvMjAyNFwvMTFcL2ZvdG8tNS1jcmt2YS1Tdi4tTWFyaWplLU1hZ2RhbGVuZS1Ccm9kLW5hLUt1cGkuanBnIiwic2xpZGVzaG93IjoiOGIzNjEzYiJ9\">\n\t\t\t\t\t<div class=\"e-gallery-image elementor-gallery-item__image\" data-thumbnail=\"https:\/\/gorskikotar.hr\/wp-content\/uploads\/2024\/11\/foto-5-crkva-Sv.-Marije-Magdalene-Brod-na-Kupi-768x946.jpg\" data-width=\"768\" data-height=\"946\" aria-label=\"\" role=\"img\" ><\/div>\n\t\t\t\t\t\t\t\t\t\t\t<div class=\"elementor-gallery-item__overlay\"><\/div>\n\t\t\t\t\t\t\t\t\t\t\t\t\t\t\t<div class=\"elementor-gallery-item__content\">\n\t\t\t\t\t\t\t\t\t\t\t<\/div>\n\t\t\t\t\t\t\t\t\t<\/a>\n\t\t\t\t\t\t\t<a class=\"e-gallery-item elementor-gallery-item elementor-animated-content\" href=\"https:\/\/gorskikotar.hr\/wp-content\/uploads\/2024\/11\/foto-7-crkva-Glavosjeka-sv.-Ivana-Krstitelja-Kuzelj.jpg\" data-elementor-open-lightbox=\"yes\" data-elementor-lightbox-slideshow=\"8b3613b\" data-elementor-lightbox-title=\"foto 7 - crkva Glavosjeka sv. Ivana Krstitelja, Kuz\u030celj\" data-e-action-hash=\"#elementor-action%3Aaction%3Dlightbox%26settings%3DeyJpZCI6MjM3NzcsInVybCI6Imh0dHBzOlwvXC9nb3Jza2lrb3Rhci5oclwvd3AtY29udGVudFwvdXBsb2Fkc1wvMjAyNFwvMTFcL2ZvdG8tNy1jcmt2YS1HbGF2b3NqZWthLXN2Li1JdmFuYS1LcnN0aXRlbGphLUt1emVsai5qcGciLCJzbGlkZXNob3ciOiI4YjM2MTNiIn0%3D\">\n\t\t\t\t\t<div class=\"e-gallery-image elementor-gallery-item__image\" data-thumbnail=\"https:\/\/gorskikotar.hr\/wp-content\/uploads\/2024\/11\/foto-7-crkva-Glavosjeka-sv.-Ivana-Krstitelja-Kuzelj-768x940.jpg\" data-width=\"768\" data-height=\"940\" aria-label=\"\" role=\"img\" ><\/div>\n\t\t\t\t\t\t\t\t\t\t\t<div class=\"elementor-gallery-item__overlay\"><\/div>\n\t\t\t\t\t\t\t\t\t\t\t\t\t\t\t<div class=\"elementor-gallery-item__content\">\n\t\t\t\t\t\t\t\t\t\t\t<\/div>\n\t\t\t\t\t\t\t\t\t<\/a>\n\t\t\t\t\t\t\t<a class=\"e-gallery-item elementor-gallery-item elementor-animated-content\" href=\"https:\/\/gorskikotar.hr\/wp-content\/uploads\/2024\/11\/foto-8-crkva-Sv.-Kriza-Turke.jpg\" data-elementor-open-lightbox=\"yes\" data-elementor-lightbox-slideshow=\"8b3613b\" data-elementor-lightbox-title=\"foto 8 - crkva Sv. Kriz\u030ca, Turke\" data-e-action-hash=\"#elementor-action%3Aaction%3Dlightbox%26settings%3DeyJpZCI6MjM3NzgsInVybCI6Imh0dHBzOlwvXC9nb3Jza2lrb3Rhci5oclwvd3AtY29udGVudFwvdXBsb2Fkc1wvMjAyNFwvMTFcL2ZvdG8tOC1jcmt2YS1Tdi4tS3JpemEtVHVya2UuanBnIiwic2xpZGVzaG93IjoiOGIzNjEzYiJ9\">\n\t\t\t\t\t<div class=\"e-gallery-image elementor-gallery-item__image\" data-thumbnail=\"https:\/\/gorskikotar.hr\/wp-content\/uploads\/2024\/11\/foto-8-crkva-Sv.-Kriza-Turke-768x520.jpg\" data-width=\"768\" data-height=\"520\" aria-label=\"\" role=\"img\" ><\/div>\n\t\t\t\t\t\t\t\t\t\t\t<div class=\"elementor-gallery-item__overlay\"><\/div>\n\t\t\t\t\t\t\t\t\t\t\t\t\t\t\t<div class=\"elementor-gallery-item__content\">\n\t\t\t\t\t\t\t\t\t\t\t<\/div>\n\t\t\t\t\t\t\t\t\t<\/a>\n\t\t\t\t\t<\/div>\n\t\t\t\t\t<\/div>\n\t\t\t\t<\/div>\n\t\t\t\t\t<\/div>\n\t\t<\/div>\n\t\t\t\t\t<\/div>\n\t\t<\/section>\n\t\t\t\t<section class=\"has_eae_slider elementor-section elementor-top-section elementor-element elementor-element-5a60efe elementor-section-boxed elementor-section-height-default elementor-section-height-default\" data-eae-slider=\"74052\" data-id=\"5a60efe\" data-element_type=\"section\" data-settings=\"{&quot;background_background&quot;:&quot;classic&quot;}\">\n\t\t\t\t\t\t\t<div class=\"elementor-background-overlay\"><\/div>\n\t\t\t\t\t\t\t<div class=\"elementor-container elementor-column-gap-wide\">\n\t\t\t\t\t<div class=\"has_eae_slider elementor-column elementor-col-33 elementor-top-column elementor-element elementor-element-22f55d2\" data-eae-slider=\"2734\" data-id=\"22f55d2\" data-element_type=\"column\" data-settings=\"{&quot;background_background&quot;:&quot;classic&quot;}\">\n\t\t\t<div class=\"elementor-widget-wrap elementor-element-populated\">\n\t\t\t\t\t<div class=\"elementor-background-overlay\"><\/div>\n\t\t\t\t\t\t<div class=\"elementor-element elementor-element-3c45c88 elementor-widget__width-inherit elementor-widget elementor-widget-image\" data-id=\"3c45c88\" data-element_type=\"widget\" data-widget_type=\"image.default\">\n\t\t\t\t<div class=\"elementor-widget-container\">\n\t\t\t\t\t\t\t\t\t\t\t\t\t\t\t<img loading=\"lazy\" decoding=\"async\" width=\"800\" height=\"794\" src=\"https:\/\/gorskikotar.hr\/wp-content\/uploads\/2024\/11\/camino-gorski-logo.png\" class=\"attachment-large size-large wp-image-23741\" alt=\"\" srcset=\"https:\/\/gorskikotar.hr\/wp-content\/uploads\/2024\/11\/camino-gorski-logo.png 833w, https:\/\/gorskikotar.hr\/wp-content\/uploads\/2024\/11\/camino-gorski-logo-300x298.png 300w, https:\/\/gorskikotar.hr\/wp-content\/uploads\/2024\/11\/camino-gorski-logo-150x150.png 150w, https:\/\/gorskikotar.hr\/wp-content\/uploads\/2024\/11\/camino-gorski-logo-768x762.png 768w, https:\/\/gorskikotar.hr\/wp-content\/uploads\/2024\/11\/camino-gorski-logo-12x12.png 12w, https:\/\/gorskikotar.hr\/wp-content\/uploads\/2024\/11\/camino-gorski-logo-24x24.png 24w, https:\/\/gorskikotar.hr\/wp-content\/uploads\/2024\/11\/camino-gorski-logo-36x36.png 36w, https:\/\/gorskikotar.hr\/wp-content\/uploads\/2024\/11\/camino-gorski-logo-48x48.png 48w\" sizes=\"(max-width: 800px) 100vw, 800px\" \/>\t\t\t\t\t\t\t\t\t\t\t\t\t\t\t<\/div>\n\t\t\t\t<\/div>\n\t\t\t\t<div class=\"elementor-element elementor-element-4b1438a elementor-widget__width-inherit elementor-widget elementor-widget-heading\" data-id=\"4b1438a\" data-element_type=\"widget\" data-widget_type=\"heading.default\">\n\t\t\t\t<div class=\"elementor-widget-container\">\n\t\t\t\t\t<h2 class=\"elementor-heading-title elementor-size-default\">Lokve<\/h2>\t\t\t\t<\/div>\n\t\t\t\t<\/div>\n\t\t\t\t\t<\/div>\n\t\t<\/div>\n\t\t\t\t<div class=\"has_eae_slider elementor-column elementor-col-66 elementor-top-column elementor-element elementor-element-04ca4ee\" data-eae-slider=\"26252\" data-id=\"04ca4ee\" data-element_type=\"column\">\n\t\t\t<div class=\"elementor-widget-wrap elementor-element-populated\">\n\t\t\t\t\t\t<div class=\"elementor-element elementor-element-ad85d7c elementor-widget elementor-widget-text-editor\" data-id=\"ad85d7c\" data-element_type=\"widget\" data-widget_type=\"text-editor.default\">\n\t\t\t\t<div class=\"elementor-widget-container\">\n\t\t\t\t\t\t\t\t\t<p>Lokve (723 m) is bekend om het prachtige, heldere en blauwe Lokvarsko meer, en iedereen die tot nu toe nog niet de kans heeft gehad om in het echt de schoonheden van de ondergrondse Dinariden te beleven, dient absoluut de toeristische, ingerichte grot Lokvarka te bezoeken, die u indruk op u zal maken met de grootse rijkdom van de ondergrondse wereld.<\/p><p>Lokve staat bekend om zijn kikkers en de alom bekende \u017dabarska no\u0107 (Kikkernacht), een unieke voorstelling van een wedstrijd in kikkerspringen.<\/p><p>In Lokve is het waard om de kerk van de Heilige Katharina te bezoeken die gebouwd is in 1820 . Hier staat ook de kapel van Onze-Lieve-Vrouwe van Kuk die gebouwd is in 1836. De kapel is dichtbij de ingang van de Lokvarka grot en is zeer de moeite waard om te bezoeken.<\/p>\t\t\t\t\t\t\t\t<\/div>\n\t\t\t\t<\/div>\n\t\t\t\t\t<\/div>\n\t\t<\/div>\n\t\t\t\t\t<\/div>\n\t\t<\/section>\n\t\t\t\t<section class=\"has_eae_slider elementor-section elementor-top-section elementor-element elementor-element-4efda58 elementor-section-full_width elementor-section-height-default elementor-section-height-default\" data-eae-slider=\"68422\" data-id=\"4efda58\" data-element_type=\"section\" data-settings=\"{&quot;shape_divider_top&quot;:&quot;tilt&quot;,&quot;shape_divider_bottom&quot;:&quot;tilt&quot;}\">\n\t\t\t\t\t<div class=\"elementor-shape elementor-shape-top\" aria-hidden=\"true\" data-negative=\"false\">\n\t\t\t<svg xmlns=\"http:\/\/www.w3.org\/2000\/svg\" viewbox=\"0 0 1000 100\" preserveaspectratio=\"none\">\n\t<path class=\"elementor-shape-fill\" d=\"M0,6V0h1000v100L0,6z\"\/>\n<\/svg>\t\t<\/div>\n\t\t\t\t<div class=\"elementor-shape elementor-shape-bottom\" aria-hidden=\"true\" data-negative=\"false\">\n\t\t\t<svg xmlns=\"http:\/\/www.w3.org\/2000\/svg\" viewbox=\"0 0 1000 100\" preserveaspectratio=\"none\">\n\t<path class=\"elementor-shape-fill\" d=\"M0,6V0h1000v100L0,6z\"\/>\n<\/svg>\t\t<\/div>\n\t\t\t\t\t<div class=\"elementor-container elementor-column-gap-default\">\n\t\t\t\t\t<div class=\"has_eae_slider elementor-column elementor-col-100 elementor-top-column elementor-element elementor-element-7fdc1bf\" data-eae-slider=\"27576\" data-id=\"7fdc1bf\" data-element_type=\"column\">\n\t\t\t<div class=\"elementor-widget-wrap elementor-element-populated\">\n\t\t\t\t\t\t<div class=\"elementor-element elementor-element-94138d4 elementor-widget elementor-widget-gallery\" data-id=\"94138d4\" data-element_type=\"widget\" data-settings=\"{&quot;columns_tablet&quot;:4,&quot;columns_mobile&quot;:2,&quot;overlay_title&quot;:&quot;caption&quot;,&quot;gap&quot;:{&quot;unit&quot;:&quot;px&quot;,&quot;size&quot;:2,&quot;sizes&quot;:[]},&quot;lazyload&quot;:&quot;yes&quot;,&quot;gallery_layout&quot;:&quot;grid&quot;,&quot;columns&quot;:4,&quot;gap_tablet&quot;:{&quot;unit&quot;:&quot;px&quot;,&quot;size&quot;:10,&quot;sizes&quot;:[]},&quot;gap_mobile&quot;:{&quot;unit&quot;:&quot;px&quot;,&quot;size&quot;:10,&quot;sizes&quot;:[]},&quot;link_to&quot;:&quot;file&quot;,&quot;aspect_ratio&quot;:&quot;3:2&quot;,&quot;overlay_background&quot;:&quot;yes&quot;,&quot;content_hover_animation&quot;:&quot;fade-in&quot;}\" data-widget_type=\"gallery.default\">\n\t\t\t\t<div class=\"elementor-widget-container\">\n\t\t\t\t\t\t\t<div class=\"elementor-gallery__container\">\n\t\t\t\t\t\t\t<a class=\"e-gallery-item elementor-gallery-item elementor-animated-content\" href=\"https:\/\/gorskikotar.hr\/wp-content\/uploads\/2024\/11\/foto-9-kapelica-Majka-Bozja-Lurdska-Gasparci.jpg\" data-elementor-open-lightbox=\"yes\" data-elementor-lightbox-slideshow=\"94138d4\" data-elementor-lightbox-title=\"foto 9 - kapelica Majka Boz\u030cja Lurdska, Gas\u030cparci\" data-e-action-hash=\"#elementor-action%3Aaction%3Dlightbox%26settings%3DeyJpZCI6MjM3NzksInVybCI6Imh0dHBzOlwvXC9nb3Jza2lrb3Rhci5oclwvd3AtY29udGVudFwvdXBsb2Fkc1wvMjAyNFwvMTFcL2ZvdG8tOS1rYXBlbGljYS1NYWprYS1Cb3pqYS1MdXJkc2thLUdhc3BhcmNpLmpwZyIsInNsaWRlc2hvdyI6Ijk0MTM4ZDQifQ%3D%3D\">\n\t\t\t\t\t<div class=\"e-gallery-image elementor-gallery-item__image\" data-thumbnail=\"https:\/\/gorskikotar.hr\/wp-content\/uploads\/2024\/11\/foto-9-kapelica-Majka-Bozja-Lurdska-Gasparci-768x943.jpg\" data-width=\"768\" data-height=\"943\" aria-label=\"\" role=\"img\" ><\/div>\n\t\t\t\t\t\t\t\t\t\t\t<div class=\"elementor-gallery-item__overlay\"><\/div>\n\t\t\t\t\t\t\t\t\t\t\t\t\t\t\t<div class=\"elementor-gallery-item__content\">\n\t\t\t\t\t\t\t\t\t\t\t<\/div>\n\t\t\t\t\t\t\t\t\t<\/a>\n\t\t\t\t\t\t\t<a class=\"e-gallery-item elementor-gallery-item elementor-animated-content\" href=\"https:\/\/gorskikotar.hr\/wp-content\/uploads\/2024\/11\/foto-10-Filijalna-crkva-sv.-Florijana-Hrvatsko.jpg\" data-elementor-open-lightbox=\"yes\" data-elementor-lightbox-slideshow=\"94138d4\" data-elementor-lightbox-title=\"foto 10 - Filijalna crkva sv. Florijana, Hrvatsko\" data-e-action-hash=\"#elementor-action%3Aaction%3Dlightbox%26settings%3DeyJpZCI6MjM3ODAsInVybCI6Imh0dHBzOlwvXC9nb3Jza2lrb3Rhci5oclwvd3AtY29udGVudFwvdXBsb2Fkc1wvMjAyNFwvMTFcL2ZvdG8tMTAtRmlsaWphbG5hLWNya3ZhLXN2Li1GbG9yaWphbmEtSHJ2YXRza28uanBnIiwic2xpZGVzaG93IjoiOTQxMzhkNCJ9\">\n\t\t\t\t\t<div class=\"e-gallery-image elementor-gallery-item__image\" data-thumbnail=\"https:\/\/gorskikotar.hr\/wp-content\/uploads\/2024\/11\/foto-10-Filijalna-crkva-sv.-Florijana-Hrvatsko-768x945.jpg\" data-width=\"768\" data-height=\"945\" aria-label=\"\" role=\"img\" ><\/div>\n\t\t\t\t\t\t\t\t\t\t\t<div class=\"elementor-gallery-item__overlay\"><\/div>\n\t\t\t\t\t\t\t\t\t\t\t\t\t\t\t<div class=\"elementor-gallery-item__content\">\n\t\t\t\t\t\t\t\t\t\t\t<\/div>\n\t\t\t\t\t\t\t\t\t<\/a>\n\t\t\t\t\t\t\t<a class=\"e-gallery-item elementor-gallery-item elementor-animated-content\" href=\"https:\/\/gorskikotar.hr\/wp-content\/uploads\/2024\/11\/foto-11-crkva-Bezgrijesno-Zacece-Blazene-Djevice-Marije-Razloge.jpg\" data-elementor-open-lightbox=\"yes\" data-elementor-lightbox-slideshow=\"94138d4\" data-elementor-lightbox-title=\"foto 11 - crkva Bezgrijes\u030cno Zac\u030cec\u0301e Blaz\u030cene Djevice Marije, Razloge\" data-e-action-hash=\"#elementor-action%3Aaction%3Dlightbox%26settings%3DeyJpZCI6MjM3ODEsInVybCI6Imh0dHBzOlwvXC9nb3Jza2lrb3Rhci5oclwvd3AtY29udGVudFwvdXBsb2Fkc1wvMjAyNFwvMTFcL2ZvdG8tMTEtY3JrdmEtQmV6Z3JpamVzbm8tWmFjZWNlLUJsYXplbmUtRGpldmljZS1NYXJpamUtUmF6bG9nZS5qcGciLCJzbGlkZXNob3ciOiI5NDEzOGQ0In0%3D\">\n\t\t\t\t\t<div class=\"e-gallery-image elementor-gallery-item__image\" data-thumbnail=\"https:\/\/gorskikotar.hr\/wp-content\/uploads\/2024\/11\/foto-11-crkva-Bezgrijesno-Zacece-Blazene-Djevice-Marije-Razloge-768x927.jpg\" data-width=\"768\" data-height=\"927\" aria-label=\"\" role=\"img\" ><\/div>\n\t\t\t\t\t\t\t\t\t\t\t<div class=\"elementor-gallery-item__overlay\"><\/div>\n\t\t\t\t\t\t\t\t\t\t\t\t\t\t\t<div class=\"elementor-gallery-item__content\">\n\t\t\t\t\t\t\t\t\t\t\t<\/div>\n\t\t\t\t\t\t\t\t\t<\/a>\n\t\t\t\t\t\t\t<a class=\"e-gallery-item elementor-gallery-item elementor-animated-content\" href=\"https:\/\/gorskikotar.hr\/wp-content\/uploads\/2024\/11\/foto-12-crkva-Sv.-Petar-i-Pavao-apostoli-Crni-Lug.jpg\" data-elementor-open-lightbox=\"yes\" data-elementor-lightbox-slideshow=\"94138d4\" data-elementor-lightbox-title=\"foto 12 - crkva Sv. Petar i Pavao apostoli, Crni Lug\" data-e-action-hash=\"#elementor-action%3Aaction%3Dlightbox%26settings%3DeyJpZCI6MjM3ODIsInVybCI6Imh0dHBzOlwvXC9nb3Jza2lrb3Rhci5oclwvd3AtY29udGVudFwvdXBsb2Fkc1wvMjAyNFwvMTFcL2ZvdG8tMTItY3JrdmEtU3YuLVBldGFyLWktUGF2YW8tYXBvc3RvbGktQ3JuaS1MdWcuanBnIiwic2xpZGVzaG93IjoiOTQxMzhkNCJ9\">\n\t\t\t\t\t<div class=\"e-gallery-image elementor-gallery-item__image\" data-thumbnail=\"https:\/\/gorskikotar.hr\/wp-content\/uploads\/2024\/11\/foto-12-crkva-Sv.-Petar-i-Pavao-apostoli-Crni-Lug-768x944.jpg\" data-width=\"768\" data-height=\"944\" aria-label=\"\" role=\"img\" ><\/div>\n\t\t\t\t\t\t\t\t\t\t\t<div class=\"elementor-gallery-item__overlay\"><\/div>\n\t\t\t\t\t\t\t\t\t\t\t\t\t\t\t<div class=\"elementor-gallery-item__content\">\n\t\t\t\t\t\t\t\t\t\t\t<\/div>\n\t\t\t\t\t\t\t\t\t<\/a>\n\t\t\t\t\t<\/div>\n\t\t\t\t\t<\/div>\n\t\t\t\t<\/div>\n\t\t\t\t\t<\/div>\n\t\t<\/div>\n\t\t\t\t\t<\/div>\n\t\t<\/section>\n\t\t\t\t<section class=\"has_eae_slider elementor-section elementor-top-section elementor-element elementor-element-6c5cbfe elementor-section-boxed elementor-section-height-default elementor-section-height-default\" data-eae-slider=\"83287\" data-id=\"6c5cbfe\" data-element_type=\"section\" data-settings=\"{&quot;background_background&quot;:&quot;classic&quot;}\">\n\t\t\t\t\t\t\t<div class=\"elementor-background-overlay\"><\/div>\n\t\t\t\t\t\t\t<div class=\"elementor-container elementor-column-gap-wide\">\n\t\t\t\t\t<div class=\"has_eae_slider elementor-column elementor-col-33 elementor-top-column elementor-element elementor-element-f144ddb\" data-eae-slider=\"59973\" data-id=\"f144ddb\" data-element_type=\"column\" data-settings=\"{&quot;background_background&quot;:&quot;classic&quot;}\">\n\t\t\t<div class=\"elementor-widget-wrap elementor-element-populated\">\n\t\t\t\t\t<div class=\"elementor-background-overlay\"><\/div>\n\t\t\t\t\t\t<div class=\"elementor-element elementor-element-fa9500c elementor-widget__width-inherit elementor-widget elementor-widget-image\" data-id=\"fa9500c\" data-element_type=\"widget\" data-widget_type=\"image.default\">\n\t\t\t\t<div class=\"elementor-widget-container\">\n\t\t\t\t\t\t\t\t\t\t\t\t\t\t\t<img loading=\"lazy\" decoding=\"async\" width=\"800\" height=\"794\" src=\"https:\/\/gorskikotar.hr\/wp-content\/uploads\/2024\/11\/camino-gorski-logo.png\" class=\"attachment-large size-large wp-image-23741\" alt=\"\" srcset=\"https:\/\/gorskikotar.hr\/wp-content\/uploads\/2024\/11\/camino-gorski-logo.png 833w, https:\/\/gorskikotar.hr\/wp-content\/uploads\/2024\/11\/camino-gorski-logo-300x298.png 300w, https:\/\/gorskikotar.hr\/wp-content\/uploads\/2024\/11\/camino-gorski-logo-150x150.png 150w, https:\/\/gorskikotar.hr\/wp-content\/uploads\/2024\/11\/camino-gorski-logo-768x762.png 768w, https:\/\/gorskikotar.hr\/wp-content\/uploads\/2024\/11\/camino-gorski-logo-12x12.png 12w, https:\/\/gorskikotar.hr\/wp-content\/uploads\/2024\/11\/camino-gorski-logo-24x24.png 24w, https:\/\/gorskikotar.hr\/wp-content\/uploads\/2024\/11\/camino-gorski-logo-36x36.png 36w, https:\/\/gorskikotar.hr\/wp-content\/uploads\/2024\/11\/camino-gorski-logo-48x48.png 48w\" sizes=\"(max-width: 800px) 100vw, 800px\" \/>\t\t\t\t\t\t\t\t\t\t\t\t\t\t\t<\/div>\n\t\t\t\t<\/div>\n\t\t\t\t<div class=\"elementor-element elementor-element-6bb5fec elementor-widget__width-inherit elementor-widget elementor-widget-heading\" data-id=\"6bb5fec\" data-element_type=\"widget\" data-widget_type=\"heading.default\">\n\t\t\t\t<div class=\"elementor-widget-container\">\n\t\t\t\t\t<h2 class=\"elementor-heading-title elementor-size-default\">Mrkopalj<\/h2>\t\t\t\t<\/div>\n\t\t\t\t<\/div>\n\t\t\t\t\t<\/div>\n\t\t<\/div>\n\t\t\t\t<div class=\"has_eae_slider elementor-column elementor-col-66 elementor-top-column elementor-element elementor-element-b5b4624\" data-eae-slider=\"19755\" data-id=\"b5b4624\" data-element_type=\"column\">\n\t\t\t<div class=\"elementor-widget-wrap elementor-element-populated\">\n\t\t\t\t\t\t<div class=\"elementor-element elementor-element-f103e45 elementor-widget elementor-widget-text-editor\" data-id=\"f103e45\" data-element_type=\"widget\" data-widget_type=\"text-editor.default\">\n\t\t\t\t<div class=\"elementor-widget-container\">\n\t\t\t\t\t\t\t\t\t<p>In het hart van Gorski kotar bevindt zich de gemeente Mrkopalj \u2013 de wieg van het Kroatische ski\u00ebn, die bestaat uit de plaatsen Mrkopalj (824 mnm), Tuk, Sunger, Brestova Draga en het hoogstgelegen bevolkte plaatsje in Kroati\u00eb \u2013 Begovo Razdolje (1078 m). Omgeven door bergen, wordt het met recht de Oase van rust genoemd, die haar gasten het hele jaar door laat genieten \u2013 in de zomer met wandelen, bergbeklimmen, fietsen, skaten, en in de winter met alpineski\u00ebn of noords ski\u00ebn op de bekendste berg \u010celimba\u0161a in Begovo Razdolje of op de Zagmajna of Vrbovska weide. Bergbeklimmers en recreanten kunnen gebruik maken van afgezette paden in een historische en behouden natuur, waar de mogelijkheid bestaat van een klim naar het hoogste punt van Gorski kotar \u2013 Bjelolasica (1534 m) en het strenge natuurreservaat Bijele stijene (1335 m) en Samarske stijene (1314 m) met een rijke flora en fauna en een prachtig uitzicht op de zee en de Alpen. Van de culturele bezienswaardigheden is het waard om de Fajere te bezoeken \u2013 de overblijfselen van de Karolinska weg uit 1732, het gedachtengoed van Mati\u0107 poljana, de overblijfselen van het Oudkroatische kerkje uit de 12de\/13de eeuw \u2013 Fortica, de sacrale opstelling op de Heilige Filippus of de kerk van Maria Moeder Gods van de zeven smarten, waar gelovigen ieder jaar op de derde zondag in september een bedevaart naar houden voor een complete vergeving van alle zonden.<\/p>\t\t\t\t\t\t\t\t<\/div>\n\t\t\t\t<\/div>\n\t\t\t\t\t<\/div>\n\t\t<\/div>\n\t\t\t\t\t<\/div>\n\t\t<\/section>\n\t\t\t\t<section class=\"has_eae_slider elementor-section elementor-top-section elementor-element elementor-element-4380f5f elementor-section-full_width elementor-section-height-default elementor-section-height-default\" data-eae-slider=\"32674\" data-id=\"4380f5f\" data-element_type=\"section\" data-settings=\"{&quot;shape_divider_top&quot;:&quot;tilt&quot;,&quot;shape_divider_bottom&quot;:&quot;tilt&quot;}\">\n\t\t\t\t\t<div class=\"elementor-shape elementor-shape-top\" aria-hidden=\"true\" data-negative=\"false\">\n\t\t\t<svg xmlns=\"http:\/\/www.w3.org\/2000\/svg\" viewbox=\"0 0 1000 100\" preserveaspectratio=\"none\">\n\t<path class=\"elementor-shape-fill\" d=\"M0,6V0h1000v100L0,6z\"\/>\n<\/svg>\t\t<\/div>\n\t\t\t\t<div class=\"elementor-shape elementor-shape-bottom\" aria-hidden=\"true\" data-negative=\"false\">\n\t\t\t<svg xmlns=\"http:\/\/www.w3.org\/2000\/svg\" viewbox=\"0 0 1000 100\" preserveaspectratio=\"none\">\n\t<path class=\"elementor-shape-fill\" d=\"M0,6V0h1000v100L0,6z\"\/>\n<\/svg>\t\t<\/div>\n\t\t\t\t\t<div class=\"elementor-container elementor-column-gap-default\">\n\t\t\t\t\t<div class=\"has_eae_slider elementor-column elementor-col-100 elementor-top-column elementor-element elementor-element-cf390d9\" data-eae-slider=\"18448\" data-id=\"cf390d9\" data-element_type=\"column\">\n\t\t\t<div class=\"elementor-widget-wrap elementor-element-populated\">\n\t\t\t\t\t\t<div class=\"elementor-element elementor-element-7e73b3e elementor-widget elementor-widget-gallery\" data-id=\"7e73b3e\" data-element_type=\"widget\" data-settings=\"{&quot;columns_tablet&quot;:4,&quot;columns_mobile&quot;:2,&quot;overlay_title&quot;:&quot;caption&quot;,&quot;gap&quot;:{&quot;unit&quot;:&quot;px&quot;,&quot;size&quot;:2,&quot;sizes&quot;:[]},&quot;lazyload&quot;:&quot;yes&quot;,&quot;gallery_layout&quot;:&quot;grid&quot;,&quot;columns&quot;:4,&quot;gap_tablet&quot;:{&quot;unit&quot;:&quot;px&quot;,&quot;size&quot;:10,&quot;sizes&quot;:[]},&quot;gap_mobile&quot;:{&quot;unit&quot;:&quot;px&quot;,&quot;size&quot;:10,&quot;sizes&quot;:[]},&quot;link_to&quot;:&quot;file&quot;,&quot;aspect_ratio&quot;:&quot;3:2&quot;,&quot;overlay_background&quot;:&quot;yes&quot;,&quot;content_hover_animation&quot;:&quot;fade-in&quot;}\" data-widget_type=\"gallery.default\">\n\t\t\t\t<div class=\"elementor-widget-container\">\n\t\t\t\t\t\t\t<div class=\"elementor-gallery__container\">\n\t\t\t\t\t\t\t<a class=\"e-gallery-item elementor-gallery-item elementor-animated-content\" href=\"https:\/\/gorskikotar.hr\/wp-content\/uploads\/2024\/11\/foto-2-iz-Cednja-prema-Skradu-u-sumi-kraj-puta.jpg\" data-elementor-open-lightbox=\"yes\" data-elementor-lightbox-slideshow=\"7e73b3e\" data-elementor-lightbox-title=\"foto 2 - iz C\u030cednja prema Skradu (u s\u030cumi kraj puta)\" data-e-action-hash=\"#elementor-action%3Aaction%3Dlightbox%26settings%3DeyJpZCI6MjM3ODMsInVybCI6Imh0dHBzOlwvXC9nb3Jza2lrb3Rhci5oclwvd3AtY29udGVudFwvdXBsb2Fkc1wvMjAyNFwvMTFcL2ZvdG8tMi1pei1DZWRuamEtcHJlbWEtU2tyYWR1LXUtc3VtaS1rcmFqLXB1dGEuanBnIiwic2xpZGVzaG93IjoiN2U3M2IzZSJ9\">\n\t\t\t\t\t<div class=\"e-gallery-image elementor-gallery-item__image\" data-thumbnail=\"https:\/\/gorskikotar.hr\/wp-content\/uploads\/2024\/11\/foto-2-iz-Cednja-prema-Skradu-u-sumi-kraj-puta.jpg\" data-width=\"651\" data-height=\"801\" aria-label=\"\" role=\"img\" ><\/div>\n\t\t\t\t\t\t\t\t\t\t\t<div class=\"elementor-gallery-item__overlay\"><\/div>\n\t\t\t\t\t\t\t\t\t\t\t\t\t\t\t<div class=\"elementor-gallery-item__content\">\n\t\t\t\t\t\t\t\t\t\t\t<\/div>\n\t\t\t\t\t\t\t\t\t<\/a>\n\t\t\t\t\t\t\t<a class=\"e-gallery-item elementor-gallery-item elementor-animated-content\" href=\"https:\/\/gorskikotar.hr\/wp-content\/uploads\/2024\/11\/foto-4-raspelo-Gorica-Skradska.jpg\" data-elementor-open-lightbox=\"yes\" data-elementor-lightbox-slideshow=\"7e73b3e\" data-elementor-lightbox-title=\"foto 4 - raspelo Gorica Skradska\" data-e-action-hash=\"#elementor-action%3Aaction%3Dlightbox%26settings%3DeyJpZCI6MjM3ODQsInVybCI6Imh0dHBzOlwvXC9nb3Jza2lrb3Rhci5oclwvd3AtY29udGVudFwvdXBsb2Fkc1wvMjAyNFwvMTFcL2ZvdG8tNC1yYXNwZWxvLUdvcmljYS1Ta3JhZHNrYS5qcGciLCJzbGlkZXNob3ciOiI3ZTczYjNlIn0%3D\">\n\t\t\t\t\t<div class=\"e-gallery-image elementor-gallery-item__image\" data-thumbnail=\"https:\/\/gorskikotar.hr\/wp-content\/uploads\/2024\/11\/foto-4-raspelo-Gorica-Skradska-768x514.jpg\" data-width=\"768\" data-height=\"514\" aria-label=\"\" role=\"img\" ><\/div>\n\t\t\t\t\t\t\t\t\t\t\t<div class=\"elementor-gallery-item__overlay\"><\/div>\n\t\t\t\t\t\t\t\t\t\t\t\t\t\t\t<div class=\"elementor-gallery-item__content\">\n\t\t\t\t\t\t\t\t\t\t\t<\/div>\n\t\t\t\t\t\t\t\t\t<\/a>\n\t\t\t\t\t\t\t<a class=\"e-gallery-item elementor-gallery-item elementor-animated-content\" href=\"https:\/\/gorskikotar.hr\/wp-content\/uploads\/2024\/11\/foto-5-Crkva-sv.-Antuna-Padovanskog-Skrad.jpg\" data-elementor-open-lightbox=\"yes\" data-elementor-lightbox-slideshow=\"7e73b3e\" data-elementor-lightbox-title=\"foto 5 - Crkva sv. Antuna Padovanskog, Skrad\" data-e-action-hash=\"#elementor-action%3Aaction%3Dlightbox%26settings%3DeyJpZCI6MjM3ODUsInVybCI6Imh0dHBzOlwvXC9nb3Jza2lrb3Rhci5oclwvd3AtY29udGVudFwvdXBsb2Fkc1wvMjAyNFwvMTFcL2ZvdG8tNS1Dcmt2YS1zdi4tQW50dW5hLVBhZG92YW5za29nLVNrcmFkLmpwZyIsInNsaWRlc2hvdyI6IjdlNzNiM2UifQ%3D%3D\">\n\t\t\t\t\t<div class=\"e-gallery-image elementor-gallery-item__image\" data-thumbnail=\"https:\/\/gorskikotar.hr\/wp-content\/uploads\/2024\/11\/foto-5-Crkva-sv.-Antuna-Padovanskog-Skrad.jpg\" data-width=\"651\" data-height=\"802\" aria-label=\"\" role=\"img\" ><\/div>\n\t\t\t\t\t\t\t\t\t\t\t<div class=\"elementor-gallery-item__overlay\"><\/div>\n\t\t\t\t\t\t\t\t\t\t\t\t\t\t\t<div class=\"elementor-gallery-item__content\">\n\t\t\t\t\t\t\t\t\t\t\t<\/div>\n\t\t\t\t\t\t\t\t\t<\/a>\n\t\t\t\t\t\t\t<a class=\"e-gallery-item elementor-gallery-item elementor-animated-content\" href=\"https:\/\/gorskikotar.hr\/wp-content\/uploads\/2024\/11\/foto-13-kapelica-Marijina-uznesenja-na-nebo-Skradski-vrh.jpg\" data-elementor-open-lightbox=\"yes\" data-elementor-lightbox-slideshow=\"7e73b3e\" data-elementor-lightbox-title=\"foto 13 - kapelica Marijina uznesenja na nebo, Skradski vrh\" data-e-action-hash=\"#elementor-action%3Aaction%3Dlightbox%26settings%3DeyJpZCI6MjM3ODYsInVybCI6Imh0dHBzOlwvXC9nb3Jza2lrb3Rhci5oclwvd3AtY29udGVudFwvdXBsb2Fkc1wvMjAyNFwvMTFcL2ZvdG8tMTMta2FwZWxpY2EtTWFyaWppbmEtdXpuZXNlbmphLW5hLW5lYm8tU2tyYWRza2ktdnJoLmpwZyIsInNsaWRlc2hvdyI6IjdlNzNiM2UifQ%3D%3D\">\n\t\t\t\t\t<div class=\"e-gallery-image elementor-gallery-item__image\" data-thumbnail=\"https:\/\/gorskikotar.hr\/wp-content\/uploads\/2024\/11\/foto-13-kapelica-Marijina-uznesenja-na-nebo-Skradski-vrh-768x516.jpg\" data-width=\"768\" data-height=\"516\" aria-label=\"\" role=\"img\" ><\/div>\n\t\t\t\t\t\t\t\t\t\t\t<div class=\"elementor-gallery-item__overlay\"><\/div>\n\t\t\t\t\t\t\t\t\t\t\t\t\t\t\t<div class=\"elementor-gallery-item__content\">\n\t\t\t\t\t\t\t\t\t\t\t<\/div>\n\t\t\t\t\t\t\t\t\t<\/a>\n\t\t\t\t\t<\/div>\n\t\t\t\t\t<\/div>\n\t\t\t\t<\/div>\n\t\t\t\t\t<\/div>\n\t\t<\/div>\n\t\t\t\t\t<\/div>\n\t\t<\/section>\n\t\t\t\t<section class=\"has_eae_slider elementor-section elementor-top-section elementor-element elementor-element-f851f0e elementor-section-boxed elementor-section-height-default elementor-section-height-default\" data-eae-slider=\"96623\" data-id=\"f851f0e\" data-element_type=\"section\" data-settings=\"{&quot;background_background&quot;:&quot;classic&quot;}\">\n\t\t\t\t\t\t\t<div class=\"elementor-background-overlay\"><\/div>\n\t\t\t\t\t\t\t<div class=\"elementor-container elementor-column-gap-wide\">\n\t\t\t\t\t<div class=\"has_eae_slider elementor-column elementor-col-33 elementor-top-column elementor-element elementor-element-c70994b\" data-eae-slider=\"1189\" data-id=\"c70994b\" data-element_type=\"column\" data-settings=\"{&quot;background_background&quot;:&quot;classic&quot;}\">\n\t\t\t<div class=\"elementor-widget-wrap elementor-element-populated\">\n\t\t\t\t\t<div class=\"elementor-background-overlay\"><\/div>\n\t\t\t\t\t\t<div class=\"elementor-element elementor-element-fc1f9b8 elementor-widget__width-inherit elementor-widget elementor-widget-image\" data-id=\"fc1f9b8\" data-element_type=\"widget\" data-widget_type=\"image.default\">\n\t\t\t\t<div class=\"elementor-widget-container\">\n\t\t\t\t\t\t\t\t\t\t\t\t\t\t\t<img loading=\"lazy\" decoding=\"async\" width=\"800\" height=\"794\" src=\"https:\/\/gorskikotar.hr\/wp-content\/uploads\/2024\/11\/camino-gorski-logo.png\" class=\"attachment-large size-large wp-image-23741\" alt=\"\" srcset=\"https:\/\/gorskikotar.hr\/wp-content\/uploads\/2024\/11\/camino-gorski-logo.png 833w, https:\/\/gorskikotar.hr\/wp-content\/uploads\/2024\/11\/camino-gorski-logo-300x298.png 300w, https:\/\/gorskikotar.hr\/wp-content\/uploads\/2024\/11\/camino-gorski-logo-150x150.png 150w, https:\/\/gorskikotar.hr\/wp-content\/uploads\/2024\/11\/camino-gorski-logo-768x762.png 768w, https:\/\/gorskikotar.hr\/wp-content\/uploads\/2024\/11\/camino-gorski-logo-12x12.png 12w, https:\/\/gorskikotar.hr\/wp-content\/uploads\/2024\/11\/camino-gorski-logo-24x24.png 24w, https:\/\/gorskikotar.hr\/wp-content\/uploads\/2024\/11\/camino-gorski-logo-36x36.png 36w, https:\/\/gorskikotar.hr\/wp-content\/uploads\/2024\/11\/camino-gorski-logo-48x48.png 48w\" sizes=\"(max-width: 800px) 100vw, 800px\" \/>\t\t\t\t\t\t\t\t\t\t\t\t\t\t\t<\/div>\n\t\t\t\t<\/div>\n\t\t\t\t<div class=\"elementor-element elementor-element-da685fc elementor-widget__width-inherit elementor-widget elementor-widget-heading\" data-id=\"da685fc\" data-element_type=\"widget\" data-widget_type=\"heading.default\">\n\t\t\t\t<div class=\"elementor-widget-container\">\n\t\t\t\t\t<h2 class=\"elementor-heading-title elementor-size-default\">Ravna Gora<\/h2>\t\t\t\t<\/div>\n\t\t\t\t<\/div>\n\t\t\t\t\t<\/div>\n\t\t<\/div>\n\t\t\t\t<div class=\"has_eae_slider elementor-column elementor-col-66 elementor-top-column elementor-element elementor-element-ddb923f\" data-eae-slider=\"91888\" data-id=\"ddb923f\" data-element_type=\"column\">\n\t\t\t<div class=\"elementor-widget-wrap elementor-element-populated\">\n\t\t\t\t\t\t<div class=\"elementor-element elementor-element-66a4d8c elementor-widget elementor-widget-text-editor\" data-id=\"66a4d8c\" data-element_type=\"widget\" data-widget_type=\"text-editor.default\">\n\t\t\t\t<div class=\"elementor-widget-container\">\n\t\t\t\t\t\t\t\t\t<p>De naam Ravna Gora zegt alles over het prachtige samenspel van vlaktes en bergen. Ravna Gora is gelegen op een gemiddelde hoogte van 800 meter boven de zeespiegel en bevindt zich slechts 45 kilometer van Rijeka en Karlovac vandaan, en omgeven door bergen en heuvels is het de ideale plaats om te schuilen voor de zomerse hittes. De gemeente Ravna Gora is grotendeels gevestigd langs de historische Karolinska weg en bevat de plaatsen: Stari Laz, Stara Su\u0161ica, Kupjak, Leskova Draga en \u0160ije.<\/p><p>Tijdens het verblijf in het gebied van Ravna Gora is het leuk om de ontmoetingsplek Javorova kosa te bezoeken met een bergchalet waar zich, naar de legende, de helende bron Bo\u017eji studenac bevindt. Voor diegene die wensen rond te kijken zijn er afgezette wandelpaden en berg- en fietsweggetjes. De culturele bezienswaardigheden hier zijn de kerk van de Heilige Theresia van Avila, gebouwd in het jaar 1777 en gerenoveerd in 1907 volgens de tekeningen van de architect Herman Bolle.<\/p><p>Een waardevolle bezichtinging is het kasteel Stara Su\u0161ica met de bijbehorende kerk van de Heilige Antonius van Padua, een park en wandelpad in Stara Su\u0161ica. Het kasteel is gebouwd door de Frankopan familie in de middeleeuwen en werd gebruikt als zomerverblijf.<\/p><p>Naast het kasteel in Stara Su\u0161ica bevindt zich het bezoekerscentrum \u201eVelike zvijeri\u201c met een verhaal over de bewoners van de bossen in deze bergen, drie grote wilde dieren: de beer, de wolf en de lynx.<\/p><p>W wiosce Kupjak znajduje si\u0119 ko\u015bci\u00f3\u0142 \u015bw. Wita, a w \u0160ija kaplica \u015bw. Rocha.<\/p><p>Op de weg Camina Gorski kotar in het gebied van Ravna Gora komt u langs de kapel van de Heilige Florian uit 1874 en in Stari Laz langs de kerk van de Heilige Stefanus Koning uit het jaar 1912.<\/p>\t\t\t\t\t\t\t\t<\/div>\n\t\t\t\t<\/div>\n\t\t\t\t\t<\/div>\n\t\t<\/div>\n\t\t\t\t\t<\/div>\n\t\t<\/section>\n\t\t\t\t<section class=\"has_eae_slider elementor-section elementor-top-section elementor-element elementor-element-c0cfcf9 elementor-section-full_width elementor-section-height-default elementor-section-height-default\" data-eae-slider=\"53759\" data-id=\"c0cfcf9\" data-element_type=\"section\" data-settings=\"{&quot;shape_divider_top&quot;:&quot;tilt&quot;,&quot;shape_divider_bottom&quot;:&quot;tilt&quot;}\">\n\t\t\t\t\t<div class=\"elementor-shape elementor-shape-top\" aria-hidden=\"true\" data-negative=\"false\">\n\t\t\t<svg xmlns=\"http:\/\/www.w3.org\/2000\/svg\" viewbox=\"0 0 1000 100\" preserveaspectratio=\"none\">\n\t<path class=\"elementor-shape-fill\" d=\"M0,6V0h1000v100L0,6z\"\/>\n<\/svg>\t\t<\/div>\n\t\t\t\t<div class=\"elementor-shape elementor-shape-bottom\" aria-hidden=\"true\" data-negative=\"false\">\n\t\t\t<svg xmlns=\"http:\/\/www.w3.org\/2000\/svg\" viewbox=\"0 0 1000 100\" preserveaspectratio=\"none\">\n\t<path class=\"elementor-shape-fill\" d=\"M0,6V0h1000v100L0,6z\"\/>\n<\/svg>\t\t<\/div>\n\t\t\t\t\t<div class=\"elementor-container elementor-column-gap-default\">\n\t\t\t\t\t<div class=\"has_eae_slider elementor-column elementor-col-100 elementor-top-column elementor-element elementor-element-8a34b6a\" data-eae-slider=\"85493\" data-id=\"8a34b6a\" data-element_type=\"column\">\n\t\t\t<div class=\"elementor-widget-wrap elementor-element-populated\">\n\t\t\t\t\t\t<div class=\"elementor-element elementor-element-1a913ea elementor-widget elementor-widget-gallery\" data-id=\"1a913ea\" data-element_type=\"widget\" data-settings=\"{&quot;columns_tablet&quot;:4,&quot;columns_mobile&quot;:2,&quot;overlay_title&quot;:&quot;caption&quot;,&quot;gap&quot;:{&quot;unit&quot;:&quot;px&quot;,&quot;size&quot;:2,&quot;sizes&quot;:[]},&quot;lazyload&quot;:&quot;yes&quot;,&quot;gallery_layout&quot;:&quot;grid&quot;,&quot;columns&quot;:4,&quot;gap_tablet&quot;:{&quot;unit&quot;:&quot;px&quot;,&quot;size&quot;:10,&quot;sizes&quot;:[]},&quot;gap_mobile&quot;:{&quot;unit&quot;:&quot;px&quot;,&quot;size&quot;:10,&quot;sizes&quot;:[]},&quot;link_to&quot;:&quot;file&quot;,&quot;aspect_ratio&quot;:&quot;3:2&quot;,&quot;overlay_background&quot;:&quot;yes&quot;,&quot;content_hover_animation&quot;:&quot;fade-in&quot;}\" data-widget_type=\"gallery.default\">\n\t\t\t\t<div class=\"elementor-widget-container\">\n\t\t\t\t\t\t\t<div class=\"elementor-gallery__container\">\n\t\t\t\t\t\t\t<a class=\"e-gallery-item elementor-gallery-item elementor-animated-content\" href=\"https:\/\/gorskikotar.hr\/wp-content\/uploads\/2024\/11\/foto-2-Zavjetna-kapelica-Zaumol.jpg\" data-elementor-open-lightbox=\"yes\" data-elementor-lightbox-slideshow=\"1a913ea\" data-elementor-lightbox-title=\"foto 2 -Zavjetna kapelica, Zaumol\" data-e-action-hash=\"#elementor-action%3Aaction%3Dlightbox%26settings%3DeyJpZCI6MjM3ODcsInVybCI6Imh0dHBzOlwvXC9nb3Jza2lrb3Rhci5oclwvd3AtY29udGVudFwvdXBsb2Fkc1wvMjAyNFwvMTFcL2ZvdG8tMi1aYXZqZXRuYS1rYXBlbGljYS1aYXVtb2wuanBnIiwic2xpZGVzaG93IjoiMWE5MTNlYSJ9\">\n\t\t\t\t\t<div class=\"e-gallery-image elementor-gallery-item__image\" data-thumbnail=\"https:\/\/gorskikotar.hr\/wp-content\/uploads\/2024\/11\/foto-2-Zavjetna-kapelica-Zaumol.jpg\" data-width=\"651\" data-height=\"801\" aria-label=\"\" role=\"img\" ><\/div>\n\t\t\t\t\t\t\t\t\t\t\t<div class=\"elementor-gallery-item__overlay\"><\/div>\n\t\t\t\t\t\t\t\t\t\t\t\t\t\t\t<div class=\"elementor-gallery-item__content\">\n\t\t\t\t\t\t\t\t\t\t\t<\/div>\n\t\t\t\t\t\t\t\t\t<\/a>\n\t\t\t\t\t\t\t<a class=\"e-gallery-item elementor-gallery-item elementor-animated-content\" href=\"https:\/\/gorskikotar.hr\/wp-content\/uploads\/2024\/11\/foto-3-Crkva-sv.-Antuna-Pustinjaka-Plemenitas.jpg\" data-elementor-open-lightbox=\"yes\" data-elementor-lightbox-slideshow=\"1a913ea\" data-elementor-lightbox-title=\"foto 3 - Crkva sv. Antuna Pustinjaka, Plemenitas\u030c\" data-e-action-hash=\"#elementor-action%3Aaction%3Dlightbox%26settings%3DeyJpZCI6MjM3ODgsInVybCI6Imh0dHBzOlwvXC9nb3Jza2lrb3Rhci5oclwvd3AtY29udGVudFwvdXBsb2Fkc1wvMjAyNFwvMTFcL2ZvdG8tMy1Dcmt2YS1zdi4tQW50dW5hLVB1c3Rpbmpha2EtUGxlbWVuaXRhcy5qcGciLCJzbGlkZXNob3ciOiIxYTkxM2VhIn0%3D\">\n\t\t\t\t\t<div class=\"e-gallery-image elementor-gallery-item__image\" data-thumbnail=\"https:\/\/gorskikotar.hr\/wp-content\/uploads\/2024\/11\/foto-3-Crkva-sv.-Antuna-Pustinjaka-Plemenitas.jpg\" data-width=\"651\" data-height=\"805\" aria-label=\"\" role=\"img\" ><\/div>\n\t\t\t\t\t\t\t\t\t\t\t<div class=\"elementor-gallery-item__overlay\"><\/div>\n\t\t\t\t\t\t\t\t\t\t\t\t\t\t\t<div class=\"elementor-gallery-item__content\">\n\t\t\t\t\t\t\t\t\t\t\t<\/div>\n\t\t\t\t\t\t\t\t\t<\/a>\n\t\t\t\t\t\t\t<a class=\"e-gallery-item elementor-gallery-item elementor-animated-content\" href=\"https:\/\/gorskikotar.hr\/wp-content\/uploads\/2024\/11\/foto-4-kapelica-Sv.-Ivana-Krstitelja-Blazevci.jpg\" data-elementor-open-lightbox=\"yes\" data-elementor-lightbox-slideshow=\"1a913ea\" data-elementor-lightbox-title=\"foto 4 - kapelica Sv. Ivana Krstitelja, Blaz\u030cevci\" data-e-action-hash=\"#elementor-action%3Aaction%3Dlightbox%26settings%3DeyJpZCI6MjM3ODksInVybCI6Imh0dHBzOlwvXC9nb3Jza2lrb3Rhci5oclwvd3AtY29udGVudFwvdXBsb2Fkc1wvMjAyNFwvMTFcL2ZvdG8tNC1rYXBlbGljYS1Tdi4tSXZhbmEtS3JzdGl0ZWxqYS1CbGF6ZXZjaS5qcGciLCJzbGlkZXNob3ciOiIxYTkxM2VhIn0%3D\">\n\t\t\t\t\t<div class=\"e-gallery-image elementor-gallery-item__image\" data-thumbnail=\"https:\/\/gorskikotar.hr\/wp-content\/uploads\/2024\/11\/foto-4-kapelica-Sv.-Ivana-Krstitelja-Blazevci.jpg\" data-width=\"651\" data-height=\"801\" aria-label=\"\" role=\"img\" ><\/div>\n\t\t\t\t\t\t\t\t\t\t\t<div class=\"elementor-gallery-item__overlay\"><\/div>\n\t\t\t\t\t\t\t\t\t\t\t\t\t\t\t<div class=\"elementor-gallery-item__content\">\n\t\t\t\t\t\t\t\t\t\t\t<\/div>\n\t\t\t\t\t\t\t\t\t<\/a>\n\t\t\t\t\t\t\t<a class=\"e-gallery-item elementor-gallery-item elementor-animated-content\" href=\"https:\/\/gorskikotar.hr\/wp-content\/uploads\/2024\/11\/foto-10-Raspelo-Razdrto.jpg\" data-elementor-open-lightbox=\"yes\" data-elementor-lightbox-slideshow=\"1a913ea\" data-elementor-lightbox-title=\"foto 10 - Raspelo Razdrto\" data-e-action-hash=\"#elementor-action%3Aaction%3Dlightbox%26settings%3DeyJpZCI6MjM3OTAsInVybCI6Imh0dHBzOlwvXC9nb3Jza2lrb3Rhci5oclwvd3AtY29udGVudFwvdXBsb2Fkc1wvMjAyNFwvMTFcL2ZvdG8tMTAtUmFzcGVsby1SYXpkcnRvLmpwZyIsInNsaWRlc2hvdyI6IjFhOTEzZWEifQ%3D%3D\">\n\t\t\t\t\t<div class=\"e-gallery-image elementor-gallery-item__image\" data-thumbnail=\"https:\/\/gorskikotar.hr\/wp-content\/uploads\/2024\/11\/foto-10-Raspelo-Razdrto.jpg\" data-width=\"651\" data-height=\"795\" aria-label=\"\" role=\"img\" ><\/div>\n\t\t\t\t\t\t\t\t\t\t\t<div class=\"elementor-gallery-item__overlay\"><\/div>\n\t\t\t\t\t\t\t\t\t\t\t\t\t\t\t<div class=\"elementor-gallery-item__content\">\n\t\t\t\t\t\t\t\t\t\t\t<\/div>\n\t\t\t\t\t\t\t\t\t<\/a>\n\t\t\t\t\t<\/div>\n\t\t\t\t\t<\/div>\n\t\t\t\t<\/div>\n\t\t\t\t\t<\/div>\n\t\t<\/div>\n\t\t\t\t\t<\/div>\n\t\t<\/section>\n\t\t\t\t<section class=\"has_eae_slider elementor-section elementor-top-section elementor-element elementor-element-fc12d67 elementor-section-boxed elementor-section-height-default elementor-section-height-default\" data-eae-slider=\"98092\" data-id=\"fc12d67\" data-element_type=\"section\" data-settings=\"{&quot;background_background&quot;:&quot;classic&quot;}\">\n\t\t\t\t\t\t\t<div class=\"elementor-background-overlay\"><\/div>\n\t\t\t\t\t\t\t<div class=\"elementor-container elementor-column-gap-wide\">\n\t\t\t\t\t<div class=\"has_eae_slider elementor-column elementor-col-33 elementor-top-column elementor-element elementor-element-0f40709\" data-eae-slider=\"45931\" data-id=\"0f40709\" data-element_type=\"column\" data-settings=\"{&quot;background_background&quot;:&quot;classic&quot;}\">\n\t\t\t<div class=\"elementor-widget-wrap elementor-element-populated\">\n\t\t\t\t\t<div class=\"elementor-background-overlay\"><\/div>\n\t\t\t\t\t\t<div class=\"elementor-element elementor-element-63a4c32 elementor-widget__width-inherit elementor-widget elementor-widget-image\" data-id=\"63a4c32\" data-element_type=\"widget\" data-widget_type=\"image.default\">\n\t\t\t\t<div class=\"elementor-widget-container\">\n\t\t\t\t\t\t\t\t\t\t\t\t\t\t\t<img loading=\"lazy\" decoding=\"async\" width=\"800\" height=\"794\" src=\"https:\/\/gorskikotar.hr\/wp-content\/uploads\/2024\/11\/camino-gorski-logo.png\" class=\"attachment-large size-large wp-image-23741\" alt=\"\" srcset=\"https:\/\/gorskikotar.hr\/wp-content\/uploads\/2024\/11\/camino-gorski-logo.png 833w, https:\/\/gorskikotar.hr\/wp-content\/uploads\/2024\/11\/camino-gorski-logo-300x298.png 300w, https:\/\/gorskikotar.hr\/wp-content\/uploads\/2024\/11\/camino-gorski-logo-150x150.png 150w, https:\/\/gorskikotar.hr\/wp-content\/uploads\/2024\/11\/camino-gorski-logo-768x762.png 768w, https:\/\/gorskikotar.hr\/wp-content\/uploads\/2024\/11\/camino-gorski-logo-12x12.png 12w, https:\/\/gorskikotar.hr\/wp-content\/uploads\/2024\/11\/camino-gorski-logo-24x24.png 24w, https:\/\/gorskikotar.hr\/wp-content\/uploads\/2024\/11\/camino-gorski-logo-36x36.png 36w, https:\/\/gorskikotar.hr\/wp-content\/uploads\/2024\/11\/camino-gorski-logo-48x48.png 48w\" sizes=\"(max-width: 800px) 100vw, 800px\" \/>\t\t\t\t\t\t\t\t\t\t\t\t\t\t\t<\/div>\n\t\t\t\t<\/div>\n\t\t\t\t<div class=\"elementor-element elementor-element-88ff9dc elementor-widget__width-inherit elementor-widget elementor-widget-heading\" data-id=\"88ff9dc\" data-element_type=\"widget\" data-widget_type=\"heading.default\">\n\t\t\t\t<div class=\"elementor-widget-container\">\n\t\t\t\t\t<h2 class=\"elementor-heading-title elementor-size-default\">Skrad<\/h2>\t\t\t\t<\/div>\n\t\t\t\t<\/div>\n\t\t\t\t\t<\/div>\n\t\t<\/div>\n\t\t\t\t<div class=\"has_eae_slider elementor-column elementor-col-66 elementor-top-column elementor-element elementor-element-73ee853\" data-eae-slider=\"55446\" data-id=\"73ee853\" data-element_type=\"column\">\n\t\t\t<div class=\"elementor-widget-wrap elementor-element-populated\">\n\t\t\t\t\t\t<div class=\"elementor-element elementor-element-99bb58c elementor-widget elementor-widget-text-editor\" data-id=\"99bb58c\" data-element_type=\"widget\" data-widget_type=\"text-editor.default\">\n\t\t\t\t<div class=\"elementor-widget-container\">\n\t\t\t\t\t\t\t\t\t<p>Skrad (700 m) is een bekend toeristisch bergplaatsje in het hart van Gorski kotar. Verdeeld over de hellingen van de Skradski vrh, omgeven door dennenbossen en loofbossen, heeft Skrad een uiterst aangename natuurlijke ligging. Het ligt hoog boven het ravijn Vra\u017eji prolaz, waarin zich de aantrekkelijke waterval bevindt Zeleni vir. De beschermde natuurlijke omgeving van het ravijn Vra\u017eji prolaz is op sommige plaatsen smaller dan 2 meter en onder de geplaatste bruggetjes snelt een bergachtig beekje.<\/p><p>Op de Skradski vrh is de kapel van Maria Hemelvaart gebouwd en hier wordt ieder jaar op de dag van Maria Hemelvaart op 15 augustus een heilige mis gehouden. Bij het bezoek aan de Skradski vrh moet u niet vergeten om de prachtige uitzichtspunten Peri\u0107 en Kavranova stijena te bekijken. Het is waardevol om ook de kerk van de Heilige Antonius van Padua in Skrad en de kapel van de Heilige Isidor in Divjakama te bezoeken, alsook de Heilige Drie-eenheid in Bukovi Vrh en het Heilige Kruis in Planina.<\/p>\t\t\t\t\t\t\t\t<\/div>\n\t\t\t\t<\/div>\n\t\t\t\t\t<\/div>\n\t\t<\/div>\n\t\t\t\t\t<\/div>\n\t\t<\/section>\n\t\t\t\t<section class=\"has_eae_slider elementor-section elementor-top-section elementor-element elementor-element-80a0324 elementor-section-full_width elementor-section-height-default elementor-section-height-default\" data-eae-slider=\"18417\" data-id=\"80a0324\" data-element_type=\"section\" data-settings=\"{&quot;shape_divider_top&quot;:&quot;tilt&quot;,&quot;shape_divider_bottom&quot;:&quot;tilt&quot;}\">\n\t\t\t\t\t<div class=\"elementor-shape elementor-shape-top\" aria-hidden=\"true\" data-negative=\"false\">\n\t\t\t<svg xmlns=\"http:\/\/www.w3.org\/2000\/svg\" viewbox=\"0 0 1000 100\" preserveaspectratio=\"none\">\n\t<path class=\"elementor-shape-fill\" d=\"M0,6V0h1000v100L0,6z\"\/>\n<\/svg>\t\t<\/div>\n\t\t\t\t<div class=\"elementor-shape elementor-shape-bottom\" aria-hidden=\"true\" data-negative=\"false\">\n\t\t\t<svg xmlns=\"http:\/\/www.w3.org\/2000\/svg\" viewbox=\"0 0 1000 100\" preserveaspectratio=\"none\">\n\t<path class=\"elementor-shape-fill\" d=\"M0,6V0h1000v100L0,6z\"\/>\n<\/svg>\t\t<\/div>\n\t\t\t\t\t<div class=\"elementor-container elementor-column-gap-default\">\n\t\t\t\t\t<div class=\"has_eae_slider elementor-column elementor-col-100 elementor-top-column elementor-element elementor-element-895f29f\" data-eae-slider=\"77962\" data-id=\"895f29f\" data-element_type=\"column\">\n\t\t\t<div class=\"elementor-widget-wrap elementor-element-populated\">\n\t\t\t\t\t\t<div class=\"elementor-element elementor-element-2d10984 elementor-widget elementor-widget-gallery\" data-id=\"2d10984\" data-element_type=\"widget\" data-settings=\"{&quot;columns_tablet&quot;:4,&quot;columns_mobile&quot;:2,&quot;overlay_title&quot;:&quot;caption&quot;,&quot;gap&quot;:{&quot;unit&quot;:&quot;px&quot;,&quot;size&quot;:2,&quot;sizes&quot;:[]},&quot;lazyload&quot;:&quot;yes&quot;,&quot;gallery_layout&quot;:&quot;grid&quot;,&quot;columns&quot;:4,&quot;gap_tablet&quot;:{&quot;unit&quot;:&quot;px&quot;,&quot;size&quot;:10,&quot;sizes&quot;:[]},&quot;gap_mobile&quot;:{&quot;unit&quot;:&quot;px&quot;,&quot;size&quot;:10,&quot;sizes&quot;:[]},&quot;link_to&quot;:&quot;file&quot;,&quot;aspect_ratio&quot;:&quot;3:2&quot;,&quot;overlay_background&quot;:&quot;yes&quot;,&quot;content_hover_animation&quot;:&quot;fade-in&quot;}\" data-widget_type=\"gallery.default\">\n\t\t\t\t<div class=\"elementor-widget-container\">\n\t\t\t\t\t\t\t<div class=\"elementor-gallery__container\">\n\t\t\t\t\t\t\t<a class=\"e-gallery-item elementor-gallery-item elementor-animated-content\" href=\"https:\/\/gorskikotar.hr\/wp-content\/uploads\/2024\/11\/foto-1-Crkva-sv.-Terezije-Avilske-Ravna-Gora.jpg\" data-elementor-open-lightbox=\"yes\" data-elementor-lightbox-slideshow=\"2d10984\" data-elementor-lightbox-title=\"foto 1 - Crkva sv. Terezije Avilske Ravna Gora\" data-e-action-hash=\"#elementor-action%3Aaction%3Dlightbox%26settings%3DeyJpZCI6MjM3OTEsInVybCI6Imh0dHBzOlwvXC9nb3Jza2lrb3Rhci5oclwvd3AtY29udGVudFwvdXBsb2Fkc1wvMjAyNFwvMTFcL2ZvdG8tMS1Dcmt2YS1zdi4tVGVyZXppamUtQXZpbHNrZS1SYXZuYS1Hb3JhLmpwZyIsInNsaWRlc2hvdyI6IjJkMTA5ODQifQ%3D%3D\">\n\t\t\t\t\t<div class=\"e-gallery-image elementor-gallery-item__image\" data-thumbnail=\"https:\/\/gorskikotar.hr\/wp-content\/uploads\/2024\/11\/foto-1-Crkva-sv.-Terezije-Avilske-Ravna-Gora.jpg\" data-width=\"651\" data-height=\"798\" aria-label=\"\" role=\"img\" ><\/div>\n\t\t\t\t\t\t\t\t\t\t\t<div class=\"elementor-gallery-item__overlay\"><\/div>\n\t\t\t\t\t\t\t\t\t\t\t\t\t\t\t<div class=\"elementor-gallery-item__content\">\n\t\t\t\t\t\t\t\t\t\t\t<\/div>\n\t\t\t\t\t\t\t\t\t<\/a>\n\t\t\t\t\t\t\t<a class=\"e-gallery-item elementor-gallery-item elementor-animated-content\" href=\"https:\/\/gorskikotar.hr\/wp-content\/uploads\/2024\/11\/foto-3-kapelica-Sv.-Florijana-Ravna-Gora.jpg\" data-elementor-open-lightbox=\"yes\" data-elementor-lightbox-slideshow=\"2d10984\" data-elementor-lightbox-title=\"foto 3 - kapelica Sv. Florijana Ravna Gora\" data-e-action-hash=\"#elementor-action%3Aaction%3Dlightbox%26settings%3DeyJpZCI6MjM3OTIsInVybCI6Imh0dHBzOlwvXC9nb3Jza2lrb3Rhci5oclwvd3AtY29udGVudFwvdXBsb2Fkc1wvMjAyNFwvMTFcL2ZvdG8tMy1rYXBlbGljYS1Tdi4tRmxvcmlqYW5hLVJhdm5hLUdvcmEuanBnIiwic2xpZGVzaG93IjoiMmQxMDk4NCJ9\">\n\t\t\t\t\t<div class=\"e-gallery-image elementor-gallery-item__image\" data-thumbnail=\"https:\/\/gorskikotar.hr\/wp-content\/uploads\/2024\/11\/foto-3-kapelica-Sv.-Florijana-Ravna-Gora.jpg\" data-width=\"651\" data-height=\"800\" aria-label=\"\" role=\"img\" ><\/div>\n\t\t\t\t\t\t\t\t\t\t\t<div class=\"elementor-gallery-item__overlay\"><\/div>\n\t\t\t\t\t\t\t\t\t\t\t\t\t\t\t<div class=\"elementor-gallery-item__content\">\n\t\t\t\t\t\t\t\t\t\t\t<\/div>\n\t\t\t\t\t\t\t\t\t<\/a>\n\t\t\t\t\t\t\t<a class=\"e-gallery-item elementor-gallery-item elementor-animated-content\" href=\"https:\/\/gorskikotar.hr\/wp-content\/uploads\/2024\/11\/foto-4-kapelica-Sv.-Kriza-Stari-Laz.jpg\" data-elementor-open-lightbox=\"yes\" data-elementor-lightbox-slideshow=\"2d10984\" data-elementor-lightbox-title=\"foto 4 - kapelica Sv. Kriz\u030ca Stari Laz\" data-e-action-hash=\"#elementor-action%3Aaction%3Dlightbox%26settings%3DeyJpZCI6MjM3OTMsInVybCI6Imh0dHBzOlwvXC9nb3Jza2lrb3Rhci5oclwvd3AtY29udGVudFwvdXBsb2Fkc1wvMjAyNFwvMTFcL2ZvdG8tNC1rYXBlbGljYS1Tdi4tS3JpemEtU3RhcmktTGF6LmpwZyIsInNsaWRlc2hvdyI6IjJkMTA5ODQifQ%3D%3D\">\n\t\t\t\t\t<div class=\"e-gallery-image elementor-gallery-item__image\" data-thumbnail=\"https:\/\/gorskikotar.hr\/wp-content\/uploads\/2024\/11\/foto-4-kapelica-Sv.-Kriza-Stari-Laz.jpg\" data-width=\"651\" data-height=\"799\" aria-label=\"\" role=\"img\" ><\/div>\n\t\t\t\t\t\t\t\t\t\t\t<div class=\"elementor-gallery-item__overlay\"><\/div>\n\t\t\t\t\t\t\t\t\t\t\t\t\t\t\t<div class=\"elementor-gallery-item__content\">\n\t\t\t\t\t\t\t\t\t\t\t<\/div>\n\t\t\t\t\t\t\t\t\t<\/a>\n\t\t\t\t\t\t\t<a class=\"e-gallery-item elementor-gallery-item elementor-animated-content\" href=\"https:\/\/gorskikotar.hr\/wp-content\/uploads\/2024\/11\/foto-5-kapelica-Svete-obitelji-Stari-Laz.jpg\" data-elementor-open-lightbox=\"yes\" data-elementor-lightbox-slideshow=\"2d10984\" data-elementor-lightbox-title=\"foto 5 - kapelica Svete obitelji Stari Laz\" data-e-action-hash=\"#elementor-action%3Aaction%3Dlightbox%26settings%3DeyJpZCI6MjM3OTQsInVybCI6Imh0dHBzOlwvXC9nb3Jza2lrb3Rhci5oclwvd3AtY29udGVudFwvdXBsb2Fkc1wvMjAyNFwvMTFcL2ZvdG8tNS1rYXBlbGljYS1TdmV0ZS1vYml0ZWxqaS1TdGFyaS1MYXouanBnIiwic2xpZGVzaG93IjoiMmQxMDk4NCJ9\">\n\t\t\t\t\t<div class=\"e-gallery-image elementor-gallery-item__image\" data-thumbnail=\"https:\/\/gorskikotar.hr\/wp-content\/uploads\/2024\/11\/foto-5-kapelica-Svete-obitelji-Stari-Laz.jpg\" data-width=\"651\" data-height=\"801\" aria-label=\"\" role=\"img\" ><\/div>\n\t\t\t\t\t\t\t\t\t\t\t<div class=\"elementor-gallery-item__overlay\"><\/div>\n\t\t\t\t\t\t\t\t\t\t\t\t\t\t\t<div class=\"elementor-gallery-item__content\">\n\t\t\t\t\t\t\t\t\t\t\t<\/div>\n\t\t\t\t\t\t\t\t\t<\/a>\n\t\t\t\t\t<\/div>\n\t\t\t\t\t<\/div>\n\t\t\t\t<\/div>\n\t\t\t\t\t<\/div>\n\t\t<\/div>\n\t\t\t\t\t<\/div>\n\t\t<\/section>\n\t\t\t\t<section class=\"has_eae_slider elementor-section elementor-top-section elementor-element elementor-element-8dfc77e elementor-section-boxed elementor-section-height-default elementor-section-height-default\" data-eae-slider=\"53154\" data-id=\"8dfc77e\" data-element_type=\"section\" data-settings=\"{&quot;background_background&quot;:&quot;classic&quot;}\">\n\t\t\t\t\t\t\t<div class=\"elementor-background-overlay\"><\/div>\n\t\t\t\t\t\t\t<div class=\"elementor-container elementor-column-gap-wide\">\n\t\t\t\t\t<div class=\"has_eae_slider elementor-column elementor-col-33 elementor-top-column elementor-element elementor-element-6bb0863\" data-eae-slider=\"31508\" data-id=\"6bb0863\" data-element_type=\"column\" data-settings=\"{&quot;background_background&quot;:&quot;classic&quot;}\">\n\t\t\t<div class=\"elementor-widget-wrap elementor-element-populated\">\n\t\t\t\t\t<div class=\"elementor-background-overlay\"><\/div>\n\t\t\t\t\t\t<div class=\"elementor-element elementor-element-6bd3a71 elementor-widget__width-inherit elementor-widget elementor-widget-image\" data-id=\"6bd3a71\" data-element_type=\"widget\" data-widget_type=\"image.default\">\n\t\t\t\t<div class=\"elementor-widget-container\">\n\t\t\t\t\t\t\t\t\t\t\t\t\t\t\t<img loading=\"lazy\" decoding=\"async\" width=\"800\" height=\"794\" src=\"https:\/\/gorskikotar.hr\/wp-content\/uploads\/2024\/11\/camino-gorski-logo.png\" class=\"attachment-large size-large wp-image-23741\" alt=\"\" srcset=\"https:\/\/gorskikotar.hr\/wp-content\/uploads\/2024\/11\/camino-gorski-logo.png 833w, https:\/\/gorskikotar.hr\/wp-content\/uploads\/2024\/11\/camino-gorski-logo-300x298.png 300w, https:\/\/gorskikotar.hr\/wp-content\/uploads\/2024\/11\/camino-gorski-logo-150x150.png 150w, https:\/\/gorskikotar.hr\/wp-content\/uploads\/2024\/11\/camino-gorski-logo-768x762.png 768w, https:\/\/gorskikotar.hr\/wp-content\/uploads\/2024\/11\/camino-gorski-logo-12x12.png 12w, https:\/\/gorskikotar.hr\/wp-content\/uploads\/2024\/11\/camino-gorski-logo-24x24.png 24w, https:\/\/gorskikotar.hr\/wp-content\/uploads\/2024\/11\/camino-gorski-logo-36x36.png 36w, https:\/\/gorskikotar.hr\/wp-content\/uploads\/2024\/11\/camino-gorski-logo-48x48.png 48w\" sizes=\"(max-width: 800px) 100vw, 800px\" \/>\t\t\t\t\t\t\t\t\t\t\t\t\t\t\t<\/div>\n\t\t\t\t<\/div>\n\t\t\t\t<div class=\"elementor-element elementor-element-25588c4 elementor-widget__width-inherit elementor-widget elementor-widget-heading\" data-id=\"25588c4\" data-element_type=\"widget\" data-widget_type=\"heading.default\">\n\t\t\t\t<div class=\"elementor-widget-container\">\n\t\t\t\t\t<h2 class=\"elementor-heading-title elementor-size-default\">Vrbovsko<\/h2>\t\t\t\t<\/div>\n\t\t\t\t<\/div>\n\t\t\t\t\t<\/div>\n\t\t<\/div>\n\t\t\t\t<div class=\"has_eae_slider elementor-column elementor-col-66 elementor-top-column elementor-element elementor-element-6a61d24\" data-eae-slider=\"67685\" data-id=\"6a61d24\" data-element_type=\"column\">\n\t\t\t<div class=\"elementor-widget-wrap elementor-element-populated\">\n\t\t\t\t\t\t<div class=\"elementor-element elementor-element-940cd1b elementor-widget elementor-widget-text-editor\" data-id=\"940cd1b\" data-element_type=\"widget\" data-widget_type=\"text-editor.default\">\n\t\t\t\t<div class=\"elementor-widget-container\">\n\t\t\t\t\t\t\t\t\t<p>Het gebied van de stad Vrbovsko bevindt zich in het oostelijke deel van Gorski kotar, op een hoogte van 250 tot 1300 meter en omvat ongeveer 60 plaatsen, waaronder de grotere en bekendere plaatsen: Vrbovsko, Moravice, Lukovdol, Severin na Kupi en Gomirje. Het gebied wordt gekenmerkt door talrijke culturele rijkdommen en natuurschatten, waarvan een van de mooiste de Kama\u010dnik is \u2013 een beschermd natuurlandschap. Het Frankopanski ka\u0161tel in Severinu, Lukovdol \u2013 de geboorteplaats van de Kroatische dichter Ivan Goran Kova\u010di\u0107, maar ook de kunstwerkplaats Plemenita\u0161 en het Grieks-orthodoxe klooster Gomirje zijn slechts een deel van de rijke schat van culturele bezienswaardigheden. Alle plaatsen in het gebied van de stad Vrbovsko uit de 17de eeuw hebben hun eigen sacrale object gebouwd, waarvan de eenbeukige kerk van de Heilige Fransiscus Xaverius in Rti\u0107 naast Lukovdol en de kerk van de Heilige Johannes Nepomucenus in Vrbovsko zeker het bekijken waard zijn.<\/p>\t\t\t\t\t\t\t\t<\/div>\n\t\t\t\t<\/div>\n\t\t\t\t\t<\/div>\n\t\t<\/div>\n\t\t\t\t\t<\/div>\n\t\t<\/section>\n\t\t\t\t<section class=\"has_eae_slider elementor-section elementor-top-section elementor-element elementor-element-f247f8b elementor-section-boxed elementor-section-height-default elementor-section-height-default\" data-eae-slider=\"84784\" data-id=\"f247f8b\" data-element_type=\"section\">\n\t\t\t\t\t\t<div class=\"elementor-container elementor-column-gap-default\">\n\t\t\t\t\t<div class=\"has_eae_slider elementor-column elementor-col-100 elementor-top-column elementor-element elementor-element-1d11aa8\" data-eae-slider=\"28859\" data-id=\"1d11aa8\" data-element_type=\"column\">\n\t\t\t<div class=\"elementor-widget-wrap elementor-element-populated\">\n\t\t\t\t\t\t<div class=\"elementor-element elementor-element-6fb56d0 elementor-widget__width-auto elementor-align-left elementor-widget elementor-widget-button\" data-id=\"6fb56d0\" data-element_type=\"widget\" data-widget_type=\"button.default\">\n\t\t\t\t<div class=\"elementor-widget-container\">\n\t\t\t\t\t\t\t\t\t<div class=\"elementor-button-wrapper\">\n\t\t\t\t\t<a class=\"elementor-button elementor-button-link elementor-size-lg\" href=\"https:\/\/caminocroatia.com\/hr\/camino-gorski-kotar\/\" target=\"_blank\">\n\t\t\t\t\t\t<span class=\"elementor-button-content-wrapper\">\n\t\t\t\t\t\t<span class=\"elementor-button-icon\">\n\t\t\t\t<i aria-hidden=\"true\" class=\"fas fa-chevron-right\"><\/i>\t\t\t<\/span>\n\t\t\t\t\t\t\t\t\t<span class=\"elementor-button-text\">caminocroatia.com<\/span>\n\t\t\t\t\t<\/span>\n\t\t\t\t\t<\/a>\n\t\t\t\t<\/div>\n\t\t\t\t\t\t\t\t<\/div>\n\t\t\t\t<\/div>\n\t\t\t\t\t<\/div>\n\t\t<\/div>\n\t\t\t\t\t<\/div>\n\t\t<\/section>\n\t\t\t\t<section class=\"has_eae_slider elementor-section elementor-top-section elementor-element elementor-element-e5ba065 elementor-section-full_width elementor-section-height-min-height elementor-section-height-default elementor-section-items-middle\" data-eae-slider=\"89661\" data-id=\"e5ba065\" data-element_type=\"section\" data-settings=\"{&quot;background_background&quot;:&quot;classic&quot;,&quot;shape_divider_top&quot;:&quot;tilt&quot;}\">\n\t\t\t\t\t\t\t<div class=\"elementor-background-overlay\"><\/div>\n\t\t\t\t\t\t<div class=\"elementor-shape elementor-shape-top\" aria-hidden=\"true\" data-negative=\"false\">\n\t\t\t<svg xmlns=\"http:\/\/www.w3.org\/2000\/svg\" viewbox=\"0 0 1000 100\" preserveaspectratio=\"none\">\n\t<path class=\"elementor-shape-fill\" d=\"M0,6V0h1000v100L0,6z\"\/>\n<\/svg>\t\t<\/div>\n\t\t\t\t\t<div class=\"elementor-container elementor-column-gap-default\">\n\t\t\t\t\t<div class=\"has_eae_slider elementor-column elementor-col-100 elementor-top-column elementor-element elementor-element-5778c2a\" data-eae-slider=\"23750\" data-id=\"5778c2a\" data-element_type=\"column\">\n\t\t\t<div class=\"elementor-widget-wrap elementor-element-populated\">\n\t\t\t\t\t\t<div class=\"elementor-element elementor-element-572edfc elementor-widget__width-inherit elementor-widget elementor-widget-image\" data-id=\"572edfc\" data-element_type=\"widget\" data-widget_type=\"image.default\">\n\t\t\t\t<div class=\"elementor-widget-container\">\n\t\t\t\t\t\t\t\t\t\t\t\t\t\t\t<img loading=\"lazy\" decoding=\"async\" width=\"477\" height=\"554\" src=\"https:\/\/gorskikotar.hr\/wp-content\/uploads\/2022\/05\/gorski-kotar-logo-zima.png\" class=\"attachment-large size-large wp-image-7499\" alt=\"Gorski kotar logo zima\" srcset=\"https:\/\/gorskikotar.hr\/wp-content\/uploads\/2022\/05\/gorski-kotar-logo-zima.png 477w, https:\/\/gorskikotar.hr\/wp-content\/uploads\/2022\/05\/gorski-kotar-logo-zima-258x300.png 258w, https:\/\/gorskikotar.hr\/wp-content\/uploads\/2022\/05\/gorski-kotar-logo-zima-21x24.png 21w, https:\/\/gorskikotar.hr\/wp-content\/uploads\/2022\/05\/gorski-kotar-logo-zima-31x36.png 31w, https:\/\/gorskikotar.hr\/wp-content\/uploads\/2022\/05\/gorski-kotar-logo-zima-41x48.png 41w\" sizes=\"(max-width: 477px) 100vw, 477px\" \/>\t\t\t\t\t\t\t\t\t\t\t\t\t\t\t<\/div>\n\t\t\t\t<\/div>\n\t\t\t\t<div class=\"elementor-element elementor-element-e5e6c3c elementor-widget elementor-widget-heading\" data-id=\"e5e6c3c\" data-element_type=\"widget\" data-widget_type=\"heading.default\">\n\t\t\t\t<div class=\"elementor-widget-container\">\n\t\t\t\t\t<h1 class=\"elementor-heading-title elementor-size-large\">Gorski kotar<\/h1>\t\t\t\t<\/div>\n\t\t\t\t<\/div>\n\t\t\t\t<div class=\"elementor-element elementor-element-f758d68 elementor-widget elementor-widget-heading\" data-id=\"f758d68\" data-element_type=\"widget\" data-widget_type=\"heading.default\">\n\t\t\t\t<div class=\"elementor-widget-container\">\n\t\t\t\t\t<h3 class=\"elementor-heading-title elementor-size-xl\">Onweerstaanbaar<\/h3>\t\t\t\t<\/div>\n\t\t\t\t<\/div>\n\t\t\t\t\t<\/div>\n\t\t<\/div>\n\t\t\t\t\t<\/div>\n\t\t<\/section>\n\t\t\t\t<\/div>","protected":false},"excerpt":{"rendered":"<p>Camino Gorski kotar Camino de Santiago predstavlja jedinstveno iskustvo hodanja, koje je obogatilo milijune \u017eivota kroz stolje\u0107a i koje je sve popularnije u dana\u0161nje doba.\u00a0 U srednjem vijeku ljudi su hodali od ku\u0107nog praga do Santiago de Compostele i nazad. Tijekom stolje\u0107a brojne rute nastale su u raznim zemljama.\u00a0 Camino Gorski kotar Etapa Camino Gorski [&hellip;]<\/p>","protected":false},"author":1,"featured_media":0,"parent":0,"menu_order":0,"comment_status":"closed","ping_status":"closed","template":"","meta":{"_acf_changed":false,"footnotes":""},"class_list":["post-23725","page","type-page","status-publish","hentry"],"acf":[],"_links":{"self":[{"href":"https:\/\/gorskikotar.hr\/nl\/wp-json\/wp\/v2\/pages\/23725","targetHints":{"allow":["GET"]}}],"collection":[{"href":"https:\/\/gorskikotar.hr\/nl\/wp-json\/wp\/v2\/pages"}],"about":[{"href":"https:\/\/gorskikotar.hr\/nl\/wp-json\/wp\/v2\/types\/page"}],"author":[{"embeddable":true,"href":"https:\/\/gorskikotar.hr\/nl\/wp-json\/wp\/v2\/users\/1"}],"replies":[{"embeddable":true,"href":"https:\/\/gorskikotar.hr\/nl\/wp-json\/wp\/v2\/comments?post=23725"}],"version-history":[{"count":49,"href":"https:\/\/gorskikotar.hr\/nl\/wp-json\/wp\/v2\/pages\/23725\/revisions"}],"predecessor-version":[{"id":25375,"href":"https:\/\/gorskikotar.hr\/nl\/wp-json\/wp\/v2\/pages\/23725\/revisions\/25375"}],"wp:attachment":[{"href":"https:\/\/gorskikotar.hr\/nl\/wp-json\/wp\/v2\/media?parent=23725"}],"curies":[{"name":"wp","href":"https:\/\/api.w.org\/{rel}","templated":true}]}}